{"id":2,"date":"2010-01-23T20:08:40","date_gmt":"2010-01-23T20:08:40","guid":{"rendered":"http:\/\/www.transmar-logistik.de\/web\/?page_id=2"},"modified":"2023-01-12T09:47:19","modified_gmt":"2023-01-12T09:47:19","slug":"eine-seite","status":"publish","type":"page","link":"http:\/\/www.transmar-logistik.de\/web\/?page_id=2","title":{"rendered":"Modelle 1\/87"},"content":{"rendered":"<style id=\"bwg-style-0\">    #bwg_container1_0 #bwg_container2_0 .bwg_album_extended_thumbnails_0 {      -moz-box-sizing: border-box;      box-sizing: border-box;      background-color: rgba(255, 255, 255, 1.00);      text-align: left;    }    #bwg_container1_0 #bwg_container2_0 .bwg-container-0.bwg-album-extended .bwg-extended-item {      display: flex;      flex-direction: row;      flex-wrap: wrap;      min-height: 160px;      border-bottom: 1px none #CCCCCC;      background-color: rgba(255, 255, 255, 0.00);      border-radius: ;      margin: 0 0 5px 0;      overflow: hidden;    }    #bwg_container1_0 #bwg_container2_0 .bwg-container-0.bwg-album-extended .bwg-extended-item0 {      margin: 10px 5px;      background-color: #FFFFFF;      border-radius: ;      border: 0px none #CCCCCC;      display: flex;      flex-direction: column;      padding: 0;      justify-content: center;      max-width: 175px;    }    #bwg_container1_0 #bwg_container2_0 .bwg-container-0.bwg-album-extended .bwg-extended-item1 {      margin: 10px 5px;      background-color: #FFFFFF;      border-radius: 0;      border: 1px none #CCCCCC;      display: flex;      flex-direction: column;      border-collapse: collapse;      padding: 5px;      justify-content: start;    }    #bwg_container1_0 #bwg_container2_0 .bwg-container-0.bwg-album-extended .bwg_title_spun_0 {      border: 1px none #CCCCCC;      color: #000000;      display: block;      font-family: Ubuntu;      font-size: 16px;      font-weight: bold;      height: inherit;      margin-bottom: 2px;      padding: 2px;      text-align: left;      vertical-align: middle;      width: 100%;    }    #bwg_container1_0 #bwg_container2_0 .bwg-container-0.bwg-album-extended .bwg_description_spun1_0 a {      color: #000000;      font-size: 14px;      font-weight: normal;      font-family: Ubuntu;    }    #bwg_container1_0 #bwg_container2_0 .bwg-container-0.bwg-album-extended .bwg_description_spun1_0 .bwg_description_short_0 p {      border: 1px none #CCCCCC;      display: inline-block;      color: #000000;      font-size: 14px;      font-weight: normal;      font-family: Ubuntu;      height: inherit;      padding: 2px;      vertical-align: middle;      width: 100%;      word-wrap: break-word;      word-break: break-word;    }    #bwg_container1_0 #bwg_container2_0 .bwg-container-0.bwg-album-extended .bwg_description_spun1_0 * {      margin: 0;    }    #bwg_container1_0 #bwg_container2_0 .bwg-container-0.bwg-album-extended .bwg_description_spun2_0 {      float: left;    }    #bwg_container1_0 #bwg_container2_0 .bwg-container-0.bwg-album-extended .bwg_description_short_0 {      display: inline;    }    #bwg_container1_0 #bwg_container2_0 .bwg-container-0.bwg-album-extended .bwg_description_full {      display: none;    }    #bwg_container1_0 #bwg_container2_0 .bwg-container-0.bwg-album-extended .bwg_description_more_0 {      clear: both;      color: #FFC933;      cursor: pointer;      float: right;      font-size: 12px;      font-weight: normal;    }    #bwg_container1_0 #bwg_container2_0 .bwg-container-0.bwg-album-extended .bwg-item0 {      padding: 4px;      background-color: #E8E8E8;      border-radius: 0;      border: 4px none #E8E8E8;      box-shadow: ;      margin: 2px;      opacity: 1.00;    }    #bwg_container1_0 #bwg_container2_0 .bwg-container-0.bwg-album-extended .bwg-item1 {      padding-top: 75%;    }          @media only screen and (min-width: 480px) {        #bwg_container1_0 #bwg_container2_0 .bwg-container-0.bwg-album-extended .bwg-item0 {                  }        #bwg_container1_0 #bwg_container2_0 .bwg-container-0.bwg-album-extended .bwg-item0:hover {          -ms-transform: rotate(2deg);          -webkit-transform: rotate(2deg);          transform: rotate(2deg);        }        #bwg_container1_0 #bwg_container2_0 .bwg-container-0.bwg-album-extended .bwg-item1 img:hover {          -ms-transform: none;          -webkit-transform: none;          transform: none;        }      }          #bwg_container1_0 #bwg_container2_0 .bwg-container-0.bwg-standard-thumbnails {      width: 879px;              justify-content: center;        margin:0 auto !important;              background-color: rgba(255, 255, 255, 0.00);            padding-left: 4px;      padding-top: 4px;      max-width: 100%;            }        #bwg_container1_0 #bwg_container2_0 .bwg-container-0.bwg-standard-thumbnails .bwg-item {    justify-content: flex-start;      max-width: 175px;            width: 175px !important;          }    #bwg_container1_0 #bwg_container2_0 .bwg-container-0.bwg-standard-thumbnails .bwg-item a {       margin-right: 4px;       margin-bottom: 4px;    }    #bwg_container1_0 #bwg_container2_0 .bwg-container-0.bwg-standard-thumbnails .bwg-item0 {      padding: 0px;            background-color:rgba(0,0,0, 0.30);      border: 5px none #FFFFFF;      opacity: 1.00;      border-radius: 0;      box-shadow: ;    }    #bwg_container1_0 #bwg_container2_0 .bwg-container-0.bwg-standard-thumbnails .bwg-item1 img {      max-height: none;      max-width: none;      padding: 0 !important;    }         @media only screen and (min-width: 480px) {\t\t#bwg_container1_0 #bwg_container2_0 .bwg-container-0.bwg-standard-thumbnails .bwg-item1 img {\t\t\t-webkit-transition: all .3s; transition: all .3s;\t\t}\t\t#bwg_container1_0 #bwg_container2_0 .bwg-container-0.bwg-standard-thumbnails .bwg-item1 img:hover {\t\t\t-ms-transform: scale(1.08);\t\t\t-webkit-transform: scale(1.08);\t\t\ttransform: scale(1.08);\t\t}\t\t      }\t    #bwg_container1_0 #bwg_container2_0 .bwg-container-0.bwg-standard-thumbnails .bwg-item1 {      padding-top: 74.857142857143%;    }        #bwg_container1_0 #bwg_container2_0 .bwg-container-0.bwg-standard-thumbnails .bwg-title2,    #bwg_container1_0 #bwg_container2_0 .bwg-container-0.bwg-standard-thumbnails .bwg-ecommerce2 {      color: #323A45;      font-family: Ubuntu;      font-size: 16px;      font-weight: bold;      padding: 5px;      text-shadow: ;      max-height: 100%;    }    #bwg_container1_0 #bwg_container2_0 .bwg-container-0.bwg-standard-thumbnails .bwg-thumb-description span {    color: #323A45;    font-family: Ubuntu;    font-size: 12px;    max-height: 100%;    word-wrap: break-word;    }    #bwg_container1_0 #bwg_container2_0 .bwg-container-0.bwg-standard-thumbnails .bwg-play-icon2 {      font-size: 32px;    }    #bwg_container1_0 #bwg_container2_0 .bwg-container-0.bwg-standard-thumbnails .bwg-ecommerce2 {      font-size: 19.2px;      color: #323A45;    }    <\/style>    <div id=\"bwg_container1_0\"         class=\"bwg_container bwg_thumbnail bwg_album_extended_preview bwg_thumbnail\"         data-right-click-protection=\"0\"         data-bwg=\"0\"         data-scroll=\"0\"         data-gallery-type=\"album_extended_preview\"         data-gallery-view-type=\"thumbnail\"         data-current-url=\"\/web\/index.php?rest_route=%2Fwp%2Fv2%2Fpages%2F2\"         data-lightbox-url=\"http:\/\/www.transmar-logistik.de\/web\/wp-admin\/admin-ajax.php?action=GalleryBox&#038;current_view=0&#038;gallery_id=0&#038;tag=0&#038;theme_id=2&#038;shortcode_id=4&#038;sort_by=order&#038;order_by=asc&#038;current_url=%2Fweb%2Findex.php%3Frest_route%3D%252Fwp%252Fv2%252Fpages%252F2\"         data-gallery-id=\"0\"         data-popup-width=\"800\"         data-popup-height=\"500\"         data-is-album=\"album\"         data-buttons-position=\"bottom\">      <div id=\"bwg_container2_0\">             <div id=\"ajax_loading_0\" class=\"bwg_loading_div_1\">      <div class=\"bwg_loading_div_2\">        <div class=\"bwg_loading_div_3\">          <div id=\"loading_div_0\" class=\"bwg_spider_ajax_loading\">          <\/div>        <\/div>      <\/div>    <\/div>            <form id=\"gal_front_form_0\"              class=\"bwg-hidden\"              method=\"post\"              action=\"#\"              data-current=\"0\"              data-shortcode-id=\"4\"              data-gallery-type=\"album_extended_preview\"              data-gallery-id=\"0\"              data-tag=\"0\"              data-album-id=\"1\"              data-theme-id=\"2\"              data-ajax-url=\"http:\/\/www.transmar-logistik.de\/web\/wp-admin\/admin-ajax.php?action=bwg_frontend_data\">          <div id=\"bwg_container3_0\" class=\"bwg-background bwg-background-0\">                  <div data-max-count=\"1\"           data-thumbnail-width=\"175\"           data-global-spacing=\"0 0 5px 0\"           data-spacing=\"10\"           data-bwg=\"0\"           id=\"bwg_album_extended_0\"           class=\"bwg-album-extended bwg-border-box bwg-thumbnails bwg-container bwg-container-0 bwg-album-thumbnails bwg_album_extended_thumbnails_0\">                  <div class=\"bwg-extended-item\">            <div class=\"bwg-extended-item0\">              <a class=\"bwg-a bwg-album bwg_album_0\"                href='\/web\/index.php?rest_route=%2Fwp%2Fv2%2Fpages%2F2&#038;type_0=gallery&#038;album_gallery_id_0=190'                 style=\"font-size: 0;\"                 data-bwg=\"0\"                 data-container_id=\"bwg_album_extended_0\"                 data-alb_gal_id=\"190\"                 data-def_type=\"gallery\"                 data-title=\"TRANSMAR worldwide\">                <div class=\"bwg-item0 bwg_album_thumb_0 \">                  <div class=\"bwg-item1 bwg_album_thumb_spun1_0\">                    <div class=\"bwg-item2\">                      <img class=\"skip-lazy \"                           data-width=\"500.00\"                           data-height=\"333.00\"                           data-src=\"http:\/\/www.transmar-logistik.de\/web\/wp-content\/uploads\/photo-gallery\/thumb\/IMG_6081.jpeg?bwg=1680354937\"                           src=\"http:\/\/www.transmar-logistik.de\/web\/wp-content\/uploads\/photo-gallery\/thumb\/IMG_6081.jpeg?bwg=1680354937\"                           alt=\"TRANSMAR worldwide\"                           title=\"TRANSMAR worldwide\" \/>                    <\/div>                  <\/div>                <\/div>              <\/a>            <\/div>            <div class=\"bwg-extended-item1\">                              <a class=\"bwg-album bwg_album_0\"                   href='\/web\/index.php?rest_route=%2Fwp%2Fv2%2Fpages%2F2&#038;type_0=gallery&#038;album_gallery_id_0=190'                   data-bwg=\"0\"                   data-container_id=\"bwg_album_extended_0\"                   data-alb_gal_id=\"190\"                   data-def_type=\"gallery\"                   data-title=\"TRANSMAR worldwide\">                  <span class=\"bwg_title_spun_0\">TRANSMAR worldwide<\/span>                <\/a>                                  <span class=\"bwg_description_spun1_0\">                <span class=\"bwg_description_short_0\">                  <p>Das sch\u00f6ne Herpa Basisfahrzeug musste erst zum norwegischen Tuner, bevor es bei TRANSMAR zugelassen wurde.<br \/>Im Detail gibt es doch eine Menge \u00c4nderungen.<\/p>                <\/span>              <\/span>                              <\/div>          <\/div>                    <div class=\"bwg-extended-item\">            <div class=\"bwg-extended-item0\">              <a class=\"bwg-a bwg-album bwg_album_0\"                href='\/web\/index.php?rest_route=%2Fwp%2Fv2%2Fpages%2F2&#038;type_0=gallery&#038;album_gallery_id_0=189'                 style=\"font-size: 0;\"                 data-bwg=\"0\"                 data-container_id=\"bwg_album_extended_0\"                 data-alb_gal_id=\"189\"                 data-def_type=\"gallery\"                 data-title=\"Neue Modelle der Spedition V\u00d6GEL\">                <div class=\"bwg-item0 bwg_album_thumb_0 \">                  <div class=\"bwg-item1 bwg_album_thumb_spun1_0\">                    <div class=\"bwg-item2\">                      <img class=\"skip-lazy \"                           data-width=\"500.00\"                           data-height=\"354.00\"                           data-src=\"http:\/\/www.transmar-logistik.de\/web\/wp-content\/uploads\/photo-gallery\/imported_from_media_libray\/thumb\/IMG_5954-scaled.jpg?bwg=1673711863\"                           src=\"http:\/\/www.transmar-logistik.de\/web\/wp-content\/uploads\/photo-gallery\/imported_from_media_libray\/thumb\/IMG_5954-scaled.jpg?bwg=1673711863\"                           alt=\"Neue Modelle der Spedition V\u00d6GEL\"                           title=\"Neue Modelle der Spedition V\u00d6GEL\" \/>                    <\/div>                  <\/div>                <\/div>              <\/a>            <\/div>            <div class=\"bwg-extended-item1\">                              <a class=\"bwg-album bwg_album_0\"                   href='\/web\/index.php?rest_route=%2Fwp%2Fv2%2Fpages%2F2&#038;type_0=gallery&#038;album_gallery_id_0=189'                   data-bwg=\"0\"                   data-container_id=\"bwg_album_extended_0\"                   data-alb_gal_id=\"189\"                   data-def_type=\"gallery\"                   data-title=\"Neue Modelle der Spedition V\u00d6GEL\">                  <span class=\"bwg_title_spun_0\">Neue Modelle der Spedition V\u00d6GEL<\/span>                <\/a>                                  <span class=\"bwg_description_spun1_0\">                <span class=\"bwg_description_short_0\">                  <p>Die aktuellen Umbauten waren doch recht aufw\u00e4ndig, deshalb zeige ich die Modelle hier. Die \"\u00e4lteren\" Fahrzeuge findet Ihr bei Andere Modelle.<br \/>Der V\u00d6GEL Fuhrpark bel\u00e4uft sich mittlerweile auf 67 verschiedene Fahrzeuge, manche sicher fiktiv. Aber wenn man einmal so drin ist! \ud83d\ude42 Viele Herpa Teile mussten auch bei den weniger aufw\u00e4ndig gesuperten Modellen zumindest farblos gl\u00e4nzend lackiert werden, man braucht eine Menge Chromfelgen und das Anbringen der Zugmaschinen-Decals ist jedesmal eine echte Herausforderung! Da ist das Verwenden von Original Herpa bedruckten Fahrerh\u00e4usern eine gro\u00dfe Erleichterung - zumal die Druckqualit\u00e4t immer besser wird.<br \/>Au\u00dferdem mussten die neuen Scania\u00b4s mit V8 Auspuffanlagen nachger\u00fcstet werden. Ein 6x2 Scania zieht \u00fcbrigens einen leichten SCHWARZM\u00dcLLER ultralight Trailer. Es gibt auch ein paar Vergleiche zu Herpa Serienmodellen.<br \/>Viel Spass beim Anschauen der Bilder - ich hatte extra eine neue, viel gr\u00f6\u00dfere Foto-Strasse\/-fl\u00e4che gebaut inclusive neues Stativ, aber es passten l\u00e4ngst nicht alle 67 V\u00f6gel\u00b4s drauf!<\/p>                <\/span>              <\/span>                              <\/div>          <\/div>                    <div class=\"bwg-extended-item\">            <div class=\"bwg-extended-item0\">              <a class=\"bwg-a bwg-album bwg_album_0\"                href='\/web\/index.php?rest_route=%2Fwp%2Fv2%2Fpages%2F2&#038;type_0=gallery&#038;album_gallery_id_0=94'                 style=\"font-size: 0;\"                 data-bwg=\"0\"                 data-container_id=\"bwg_album_extended_0\"                 data-alb_gal_id=\"94\"                 data-def_type=\"gallery\"                 data-title=\"Purple Rain Truck der Spedition TOWA\">                <div class=\"bwg-item0 bwg_album_thumb_0 \">                  <div class=\"bwg-item1 bwg_album_thumb_spun1_0\">                    <div class=\"bwg-item2\">                      <img class=\"skip-lazy \"                           data-width=\"500.00\"                           data-height=\"333.00\"                           data-src=\"http:\/\/www.transmar-logistik.de\/web\/wp-content\/uploads\/photo-gallery\/import\/thumb\/d6600f01-0cd8-41e0-86ce-78efe616ab14.jpg?bwg=1673512405\"                           src=\"http:\/\/www.transmar-logistik.de\/web\/wp-content\/uploads\/photo-gallery\/import\/thumb\/d6600f01-0cd8-41e0-86ce-78efe616ab14.jpg?bwg=1673512405\"                           alt=\"Purple Rain Truck der Spedition TOWA\"                           title=\"Purple Rain Truck der Spedition TOWA\" \/>                    <\/div>                  <\/div>                <\/div>              <\/a>            <\/div>            <div class=\"bwg-extended-item1\">                              <a class=\"bwg-album bwg_album_0\"                   href='\/web\/index.php?rest_route=%2Fwp%2Fv2%2Fpages%2F2&#038;type_0=gallery&#038;album_gallery_id_0=94'                   data-bwg=\"0\"                   data-container_id=\"bwg_album_extended_0\"                   data-alb_gal_id=\"94\"                   data-def_type=\"gallery\"                   data-title=\"Purple Rain Truck der Spedition TOWA\">                  <span class=\"bwg_title_spun_0\">Purple Rain Truck der Spedition TOWA<\/span>                <\/a>                                  <span class=\"bwg_description_spun1_0\">                <span class=\"bwg_description_short_0\">                  <p>Das Vorbild ist grandios! Das Herpa Modell ist sehr sch\u00f6n bedruckt, aber ...<br \/>Hier kommen ein paar Vorab-Bilder, um die Decals der Seitenverkleidung k\u00fcmmert sich TruckPassion.<br \/>Bilder vom fertigen Modell folgen!<\/p>                <\/span>              <\/span>                              <\/div>          <\/div>                    <div class=\"bwg-extended-item\">            <div class=\"bwg-extended-item0\">              <a class=\"bwg-a bwg-album bwg_album_0\"                href='\/web\/index.php?rest_route=%2Fwp%2Fv2%2Fpages%2F2&#038;type_0=gallery&#038;album_gallery_id_0=182'                 style=\"font-size: 0;\"                 data-bwg=\"0\"                 data-container_id=\"bwg_album_extended_0\"                 data-alb_gal_id=\"182\"                 data-def_type=\"gallery\"                 data-title=\"Siloz\u00fcge!\">                <div class=\"bwg-item0 bwg_album_thumb_0 \">                  <div class=\"bwg-item1 bwg_album_thumb_spun1_0\">                    <div class=\"bwg-item2\">                      <img class=\"skip-lazy \"                           data-width=\"500.00\"                           data-height=\"333.00\"                           data-src=\"http:\/\/www.transmar-logistik.de\/web\/wp-content\/uploads\/photo-gallery\/import\/thumb\/27998ac9-bc94-4353-81a8-fb5f29b25233.jpg?bwg=1673512445\"                           src=\"http:\/\/www.transmar-logistik.de\/web\/wp-content\/uploads\/photo-gallery\/import\/thumb\/27998ac9-bc94-4353-81a8-fb5f29b25233.jpg?bwg=1673512445\"                           alt=\"Siloz\u00fcge!\"                           title=\"Siloz\u00fcge!\" \/>                    <\/div>                  <\/div>                <\/div>              <\/a>            <\/div>            <div class=\"bwg-extended-item1\">                              <a class=\"bwg-album bwg_album_0\"                   href='\/web\/index.php?rest_route=%2Fwp%2Fv2%2Fpages%2F2&#038;type_0=gallery&#038;album_gallery_id_0=182'                   data-bwg=\"0\"                   data-container_id=\"bwg_album_extended_0\"                   data-alb_gal_id=\"182\"                   data-def_type=\"gallery\"                   data-title=\"Siloz\u00fcge!\">                  <span class=\"bwg_title_spun_0\">Siloz\u00fcge!<\/span>                <\/a>                                  <span class=\"bwg_description_spun1_0\">                <span class=\"bwg_description_short_0\">                  <p>Es gibt sehr sch\u00f6ne Baus\u00e4tze aus dem 3D Drucker bei TRUCKPASSION, verfeinert mit ein paar eigenen Ideen! Der TGA ist schon etwas in die Jahre gekommen, der Trailer allerdings neu general\u00fcberholt!<\/p>                <\/span>              <\/span>                              <\/div>          <\/div>                    <div class=\"bwg-extended-item\">            <div class=\"bwg-extended-item0\">              <a class=\"bwg-a bwg-album bwg_album_0\"                href='\/web\/index.php?rest_route=%2Fwp%2Fv2%2Fpages%2F2&#038;type_0=gallery&#038;album_gallery_id_0=181'                 style=\"font-size: 0;\"                 data-bwg=\"0\"                 data-container_id=\"bwg_album_extended_0\"                 data-alb_gal_id=\"181\"                 data-def_type=\"gallery\"                 data-title=\"Norwegen!\">                <div class=\"bwg-item0 bwg_album_thumb_0 \">                  <div class=\"bwg-item1 bwg_album_thumb_spun1_0\">                    <div class=\"bwg-item2\">                      <img class=\"skip-lazy \"                           data-width=\"500.00\"                           data-height=\"333.00\"                           data-src=\"http:\/\/www.transmar-logistik.de\/web\/wp-content\/uploads\/photo-gallery\/import\/thumb\/7c770c4b-7940-4f03-892c-98ec4b1357da.jpg?bwg=1673512445\"                           src=\"http:\/\/www.transmar-logistik.de\/web\/wp-content\/uploads\/photo-gallery\/import\/thumb\/7c770c4b-7940-4f03-892c-98ec4b1357da.jpg?bwg=1673512445\"                           alt=\"Norwegen!\"                           title=\"Norwegen!\" \/>                    <\/div>                  <\/div>                <\/div>              <\/a>            <\/div>            <div class=\"bwg-extended-item1\">                              <a class=\"bwg-album bwg_album_0\"                   href='\/web\/index.php?rest_route=%2Fwp%2Fv2%2Fpages%2F2&#038;type_0=gallery&#038;album_gallery_id_0=181'                   data-bwg=\"0\"                   data-container_id=\"bwg_album_extended_0\"                   data-alb_gal_id=\"181\"                   data-def_type=\"gallery\"                   data-title=\"Norwegen!\">                  <span class=\"bwg_title_spun_0\">Norwegen!<\/span>                <\/a>                                  <span class=\"bwg_description_spun1_0\">                <span class=\"bwg_description_short_0\">                  <p>Mit diesem sch\u00f6nen neuen SCANIA S 550 K\u00fchlzug geht es nach Norwegen! Die vielen Kleinigkeiten machten den Umbau am Ende doch aufw\u00e4ndiger als gedacht.<\/p>                <\/span>              <\/span>                              <\/div>          <\/div>                    <div class=\"bwg-extended-item\">            <div class=\"bwg-extended-item0\">              <a class=\"bwg-a bwg-album bwg_album_0\"                href='\/web\/index.php?rest_route=%2Fwp%2Fv2%2Fpages%2F2&#038;type_0=gallery&#038;album_gallery_id_0=180'                 style=\"font-size: 0;\"                 data-bwg=\"0\"                 data-container_id=\"bwg_album_extended_0\"                 data-alb_gal_id=\"180\"                 data-def_type=\"gallery\"                 data-title=\"Scania S730T\">                <div class=\"bwg-item0 bwg_album_thumb_0 \">                  <div class=\"bwg-item1 bwg_album_thumb_spun1_0\">                    <div class=\"bwg-item2\">                      <img class=\"skip-lazy \"                           data-width=\"500.00\"                           data-height=\"333.00\"                           data-src=\"http:\/\/www.transmar-logistik.de\/web\/wp-content\/uploads\/photo-gallery\/import\/thumb\/df6e57c6-4b52-4b96-b7a6-9b8ab48496c3.jpg?bwg=1673512445\"                           src=\"http:\/\/www.transmar-logistik.de\/web\/wp-content\/uploads\/photo-gallery\/import\/thumb\/df6e57c6-4b52-4b96-b7a6-9b8ab48496c3.jpg?bwg=1673512445\"                           alt=\"Scania S730T\"                           title=\"Scania S730T\" \/>                    <\/div>                  <\/div>                <\/div>              <\/a>            <\/div>            <div class=\"bwg-extended-item1\">                              <a class=\"bwg-album bwg_album_0\"                   href='\/web\/index.php?rest_route=%2Fwp%2Fv2%2Fpages%2F2&#038;type_0=gallery&#038;album_gallery_id_0=180'                   data-bwg=\"0\"                   data-container_id=\"bwg_album_extended_0\"                   data-alb_gal_id=\"180\"                   data-def_type=\"gallery\"                   data-title=\"Scania S730T\">                  <span class=\"bwg_title_spun_0\">Scania S730T<\/span>                <\/a>                                  <span class=\"bwg_description_spun1_0\">                <span class=\"bwg_description_short_0\">                  <p>Der neue SCANIA S als T-Modell,<br \/>wenn er gescheit werden soll, eine echte Herausforderung!<br \/>Hier kommen nun die Bilder des Fahrzeugs und sein Vorg\u00e4nger.<\/p>                <\/span>              <\/span>                              <\/div>          <\/div>                    <div class=\"bwg-extended-item\">            <div class=\"bwg-extended-item0\">              <a class=\"bwg-a bwg-album bwg_album_0\"                href='\/web\/index.php?rest_route=%2Fwp%2Fv2%2Fpages%2F2&#038;type_0=gallery&#038;album_gallery_id_0=179'                 style=\"font-size: 0;\"                 data-bwg=\"0\"                 data-container_id=\"bwg_album_extended_0\"                 data-alb_gal_id=\"179\"                 data-def_type=\"gallery\"                 data-title=\"MAX B\u00d6GL - eine Niederlassung hier in Gera\">                <div class=\"bwg-item0 bwg_album_thumb_0 \">                  <div class=\"bwg-item1 bwg_album_thumb_spun1_0\">                    <div class=\"bwg-item2\">                      <img class=\"skip-lazy \"                           data-width=\"500.00\"                           data-height=\"333.00\"                           data-src=\"http:\/\/www.transmar-logistik.de\/web\/wp-content\/uploads\/photo-gallery\/import\/thumb\/f30a0781-4254-432f-9f32-4502fa7c1972.jpg?bwg=1673512445\"                           src=\"http:\/\/www.transmar-logistik.de\/web\/wp-content\/uploads\/photo-gallery\/import\/thumb\/f30a0781-4254-432f-9f32-4502fa7c1972.jpg?bwg=1673512445\"                           alt=\"MAX B\u00d6GL - eine Niederlassung hier in Gera\"                           title=\"MAX B\u00d6GL - eine Niederlassung hier in Gera\" \/>                    <\/div>                  <\/div>                <\/div>              <\/a>            <\/div>            <div class=\"bwg-extended-item1\">                              <a class=\"bwg-album bwg_album_0\"                   href='\/web\/index.php?rest_route=%2Fwp%2Fv2%2Fpages%2F2&#038;type_0=gallery&#038;album_gallery_id_0=179'                   data-bwg=\"0\"                   data-container_id=\"bwg_album_extended_0\"                   data-alb_gal_id=\"179\"                   data-def_type=\"gallery\"                   data-title=\"MAX B\u00d6GL - eine Niederlassung hier in Gera\">                  <span class=\"bwg_title_spun_0\">MAX B\u00d6GL - eine Niederlassung hier in Gera<\/span>                <\/a>                                  <span class=\"bwg_description_spun1_0\">                <span class=\"bwg_description_short_0\">                  <p>Ein Farbexperiment des neuen Renault T war f\u00fcr mich der Ausl\u00f6ser f\u00fcr eine regelrechte B\u00d6GL-Mania! Zu Corona-Zeiten hatte ich trotz aller Arbeit im Krankenhaus die Zeit, mal einen Teil meines Bastelvorrates \"wegzuarbeiten\" \ud83d\ude42 Und so entstanden neben den nicht im Foto festgehaltenen Herpa Original-B\u00f6gl-Modellen viele mehr oder weniger aufw\u00e4ndige Um- und Neubauten von gr\u00f6\u00dftenteils originalen Vorbildern.<br \/>Viel Spa\u00df beim Betrachten der Bilder!<br \/>P.s. Die vorderen Warntafeln am Goldhofer mit dem Deckenfertiger habe ich korrigiert! \ud83d\ude42<\/p>                <\/span>              <\/span>                              <\/div>          <\/div>                    <div class=\"bwg-extended-item\">            <div class=\"bwg-extended-item0\">              <a class=\"bwg-a bwg-album bwg_album_0\"                href='\/web\/index.php?rest_route=%2Fwp%2Fv2%2Fpages%2F2&#038;type_0=gallery&#038;album_gallery_id_0=178'                 style=\"font-size: 0;\"                 data-bwg=\"0\"                 data-container_id=\"bwg_album_extended_0\"                 data-alb_gal_id=\"178\"                 data-def_type=\"gallery\"                 data-title=\"Renault T\">                <div class=\"bwg-item0 bwg_album_thumb_0 \">                  <div class=\"bwg-item1 bwg_album_thumb_spun1_0\">                    <div class=\"bwg-item2\">                      <img class=\"skip-lazy \"                           data-width=\"500.00\"                           data-height=\"333.00\"                           data-src=\"http:\/\/www.transmar-logistik.de\/web\/wp-content\/uploads\/photo-gallery\/import\/thumb\/bd8d2161-5e31-4ab4-995c-ebc20e9b1eb7_1_201_a.jpg?bwg=1673512445\"                           src=\"http:\/\/www.transmar-logistik.de\/web\/wp-content\/uploads\/photo-gallery\/import\/thumb\/bd8d2161-5e31-4ab4-995c-ebc20e9b1eb7_1_201_a.jpg?bwg=1673512445\"                           alt=\"Renault T\"                           title=\"Renault T\" \/>                    <\/div>                  <\/div>                <\/div>              <\/a>            <\/div>            <div class=\"bwg-extended-item1\">                              <a class=\"bwg-album bwg_album_0\"                   href='\/web\/index.php?rest_route=%2Fwp%2Fv2%2Fpages%2F2&#038;type_0=gallery&#038;album_gallery_id_0=178'                   data-bwg=\"0\"                   data-container_id=\"bwg_album_extended_0\"                   data-alb_gal_id=\"178\"                   data-def_type=\"gallery\"                   data-title=\"Renault T\">                  <span class=\"bwg_title_spun_0\">Renault T<\/span>                <\/a>                                  <span class=\"bwg_description_spun1_0\">                <span class=\"bwg_description_short_0\">                  <p>Beim Renault scheiden sich oft die Geister! Herpa hat dieses Modell sehr gut umgesetzt und es eignet sich hervorragend zum Umbau in einfache Alltagslaster und auch zum Tuning!<br \/>Hier ein paar Vorab-Bilder von zwei Modellen, die gerade in der Transmar-Werkstatt stehen<\/p>                <\/span>              <\/span>                              <\/div>          <\/div>                    <div class=\"bwg-extended-item\">            <div class=\"bwg-extended-item0\">              <a class=\"bwg-a bwg-album bwg_album_0\"                href='\/web\/index.php?rest_route=%2Fwp%2Fv2%2Fpages%2F2&#038;type_0=gallery&#038;album_gallery_id_0=187'                 style=\"font-size: 0;\"                 data-bwg=\"0\"                 data-container_id=\"bwg_album_extended_0\"                 data-alb_gal_id=\"187\"                 data-def_type=\"gallery\"                 data-title=\"61 Kubikmeter 4achs KEL-BERG Auflieger und ein sehr schicker IVECO nach Hanstholm-Vorbild f\u00fcr die neue Niederlassung\">                <div class=\"bwg-item0 bwg_album_thumb_0 \">                  <div class=\"bwg-item1 bwg_album_thumb_spun1_0\">                    <div class=\"bwg-item2\">                      <img class=\"skip-lazy \"                           data-width=\"500.00\"                           data-height=\"333.00\"                           data-src=\"http:\/\/www.transmar-logistik.de\/web\/wp-content\/uploads\/photo-gallery\/import\/thumb\/img_4984.jpg?bwg=1673512935\"                           src=\"http:\/\/www.transmar-logistik.de\/web\/wp-content\/uploads\/photo-gallery\/import\/thumb\/img_4984.jpg?bwg=1673512935\"                           alt=\"61 Kubikmeter 4achs KEL-BERG Auflieger und ein sehr schicker IVECO nach Hanstholm-Vorbild f\u00fcr die neue Niederlassung\"                           title=\"61 Kubikmeter 4achs KEL-BERG Auflieger und ein sehr schicker IVECO nach Hanstholm-Vorbild f\u00fcr die neue Niederlassung\" \/>                    <\/div>                  <\/div>                <\/div>              <\/a>            <\/div>            <div class=\"bwg-extended-item1\">                              <a class=\"bwg-album bwg_album_0\"                   href='\/web\/index.php?rest_route=%2Fwp%2Fv2%2Fpages%2F2&#038;type_0=gallery&#038;album_gallery_id_0=187'                   data-bwg=\"0\"                   data-container_id=\"bwg_album_extended_0\"                   data-alb_gal_id=\"187\"                   data-def_type=\"gallery\"                   data-title=\"61 Kubikmeter 4achs KEL-BERG Auflieger und ein sehr schicker IVECO nach Hanstholm-Vorbild f\u00fcr die neue Niederlassung\">                  <span class=\"bwg_title_spun_0\">61 Kubikmeter 4achs KEL-BERG Auflieger und ein sehr schicker IVECO nach Hanstholm-Vorbild f\u00fcr die neue Niederlassung<\/span>                <\/a>                                  <span class=\"bwg_description_spun1_0\">                <span class=\"bwg_description_short_0\">                  <p>Im letzten D\u00e4nemark-Urlaub hatte ich Fotos vom Vorbild gemacht und wollte diesen Zug unbedingt f\u00fcr die eigene Spedition haben.  Basis ist Herpa, die Er\u00f6ffnung der neuen Zweigniederlassung in D\u00e4nemarks Norden ist ein voller Erfolg.<\/p>                <\/span>              <\/span>                              <\/div>          <\/div>                    <div class=\"bwg-extended-item\">            <div class=\"bwg-extended-item0\">              <a class=\"bwg-a bwg-album bwg_album_0\"                href='\/web\/index.php?rest_route=%2Fwp%2Fv2%2Fpages%2F2&#038;type_0=gallery&#038;album_gallery_id_0=186'                 style=\"font-size: 0;\"                 data-bwg=\"0\"                 data-container_id=\"bwg_album_extended_0\"                 data-alb_gal_id=\"186\"                 data-def_type=\"gallery\"                 data-title=\"TRANSMAR erweitert Lkw-Transportsektor\">                <div class=\"bwg-item0 bwg_album_thumb_0 \">                  <div class=\"bwg-item1 bwg_album_thumb_spun1_0\">                    <div class=\"bwg-item2\">                      <img class=\"skip-lazy \"                           data-width=\"500.00\"                           data-height=\"333.00\"                           data-src=\"http:\/\/www.transmar-logistik.de\/web\/wp-content\/uploads\/photo-gallery\/import\/thumb\/img_4831.jpg?bwg=1673512935\"                           src=\"http:\/\/www.transmar-logistik.de\/web\/wp-content\/uploads\/photo-gallery\/import\/thumb\/img_4831.jpg?bwg=1673512935\"                           alt=\"TRANSMAR erweitert Lkw-Transportsektor\"                           title=\"TRANSMAR erweitert Lkw-Transportsektor\" \/>                    <\/div>                  <\/div>                <\/div>              <\/a>            <\/div>            <div class=\"bwg-extended-item1\">                              <a class=\"bwg-album bwg_album_0\"                   href='\/web\/index.php?rest_route=%2Fwp%2Fv2%2Fpages%2F2&#038;type_0=gallery&#038;album_gallery_id_0=186'                   data-bwg=\"0\"                   data-container_id=\"bwg_album_extended_0\"                   data-alb_gal_id=\"186\"                   data-def_type=\"gallery\"                   data-title=\"TRANSMAR erweitert Lkw-Transportsektor\">                  <span class=\"bwg_title_spun_0\">TRANSMAR erweitert Lkw-Transportsektor<\/span>                <\/a>                                  <span class=\"bwg_description_spun1_0\">                <span class=\"bwg_description_short_0\">                  <p>Herpa liefert eine sehr gute Basis und gleichzeitig erscheint eines meiner Modelle auf dem Titelblatt der holl\u00e4ndischen<br \/>Modellbauzeitschrift - Lkw-Transport ist aktuell das gro\u00dfe Thema und so erweitert TRANSMAR seine Transporterflotte.<br \/>Nach De Rooy-Vorbild wollte ich einige Transportszenen nachempfinden, insbesondere der Transporter auf dem Transporter. Es waren teilweise einschneidende \u00c4nderungen an den Fahrzeugen notwendig. Au\u00dferdem sollte neben der \"gr\u00fcnen\" Flotte auch ein Modell im scandinavischem Design erscheinen.<br \/>Die Ladungssicherung war sehr aufw\u00e4ndig, auch das Ladegut musste \"bearbeitet\" werden.<br \/>Und - neue Fahrerh\u00e4user haben mich gereizt. Auch wieder nach Vorbild von De Rooy Fahrzeugen entstanden der DAF, der IVECO und der Benz. Viel Spa\u00df mit den Bildern!<\/p>                <\/span>              <\/span>                              <\/div>          <\/div>                    <div class=\"bwg-extended-item\">            <div class=\"bwg-extended-item0\">              <a class=\"bwg-a bwg-album bwg_album_0\"                href='\/web\/index.php?rest_route=%2Fwp%2Fv2%2Fpages%2F2&#038;type_0=gallery&#038;album_gallery_id_0=185'                 style=\"font-size: 0;\"                 data-bwg=\"0\"                 data-container_id=\"bwg_album_extended_0\"                 data-alb_gal_id=\"185\"                 data-def_type=\"gallery\"                 data-title=\"TRANSMAR expandiert nach Schweden\">                <div class=\"bwg-item0 bwg_album_thumb_0 \">                  <div class=\"bwg-item1 bwg_album_thumb_spun1_0\">                    <div class=\"bwg-item2\">                      <img class=\"skip-lazy \"                           data-width=\"500.00\"                           data-height=\"333.00\"                           data-src=\"http:\/\/www.transmar-logistik.de\/web\/wp-content\/uploads\/photo-gallery\/import\/thumb\/img_0165.jpg?bwg=1673512935\"                           src=\"http:\/\/www.transmar-logistik.de\/web\/wp-content\/uploads\/photo-gallery\/import\/thumb\/img_0165.jpg?bwg=1673512935\"                           alt=\"TRANSMAR expandiert nach Schweden\"                           title=\"TRANSMAR expandiert nach Schweden\" \/>                    <\/div>                  <\/div>                <\/div>              <\/a>            <\/div>            <div class=\"bwg-extended-item1\">                              <a class=\"bwg-album bwg_album_0\"                   href='\/web\/index.php?rest_route=%2Fwp%2Fv2%2Fpages%2F2&#038;type_0=gallery&#038;album_gallery_id_0=185'                   data-bwg=\"0\"                   data-container_id=\"bwg_album_extended_0\"                   data-alb_gal_id=\"185\"                   data-def_type=\"gallery\"                   data-title=\"TRANSMAR expandiert nach Schweden\">                  <span class=\"bwg_title_spun_0\">TRANSMAR expandiert nach Schweden<\/span>                <\/a>                                  <span class=\"bwg_description_spun1_0\">                <span class=\"bwg_description_short_0\">                  <p>In Skandinavien ist in Sachen Lkw Vieles anders, l\u00e4ngst ist man neben den Mega-Z\u00fcgen auch zur Verteilung der Lasten auf mehr Achsen \u00fcbergegangen. Entsprechend eines Vorbildes wurde diese Neuzulassung von TRANSMAR in Schweden aufgebaut. Besonderheit sind die mehreren lenk- und liftbaren Achsen sowie der Dolly (nach KRONE Vorbild) mit seiner Lenkachse und der \"mitlenkenden\" Kupplung. <\/p><p>(Es fehlen noch die richtigen Anschlussleitungen)<\/p>                <\/span>              <\/span>                              <\/div>          <\/div>                    <div class=\"bwg-extended-item\">            <div class=\"bwg-extended-item0\">              <a class=\"bwg-a bwg-album bwg_album_0\"                href='\/web\/index.php?rest_route=%2Fwp%2Fv2%2Fpages%2F2&#038;type_0=gallery&#038;album_gallery_id_0=93'                 style=\"font-size: 0;\"                 data-bwg=\"0\"                 data-container_id=\"bwg_album_extended_0\"                 data-alb_gal_id=\"93\"                 data-def_type=\"gallery\"                 data-title=\"De Rooy Lkw Transport\">                <div class=\"bwg-item0 bwg_album_thumb_0 \">                  <div class=\"bwg-item1 bwg_album_thumb_spun1_0\">                    <div class=\"bwg-item2\">                      <img class=\"skip-lazy \"                           data-width=\"500.00\"                           data-height=\"315.00\"                           data-src=\"http:\/\/www.transmar-logistik.de\/web\/wp-content\/uploads\/photo-gallery\/import\/thumb\/fullsizeoutput_4d6b.jpg?bwg=1673512314\"                           src=\"http:\/\/www.transmar-logistik.de\/web\/wp-content\/uploads\/photo-gallery\/import\/thumb\/fullsizeoutput_4d6b.jpg?bwg=1673512314\"                           alt=\"De Rooy Lkw Transport\"                           title=\"De Rooy Lkw Transport\" \/>                    <\/div>                  <\/div>                <\/div>              <\/a>            <\/div>            <div class=\"bwg-extended-item1\">                              <a class=\"bwg-album bwg_album_0\"                   href='\/web\/index.php?rest_route=%2Fwp%2Fv2%2Fpages%2F2&#038;type_0=gallery&#038;album_gallery_id_0=93'                   data-bwg=\"0\"                   data-container_id=\"bwg_album_extended_0\"                   data-alb_gal_id=\"93\"                   data-def_type=\"gallery\"                   data-title=\"De Rooy Lkw Transport\">                  <span class=\"bwg_title_spun_0\">De Rooy Lkw Transport<\/span>                <\/a>                                  <span class=\"bwg_description_spun1_0\">                <span class=\"bwg_description_short_0\">                  <p>Fahrzeugtransporte sind immer wieder faszinierend und De Rooy ist schon ein Thema f\u00fcr sich!<br \/>Die Vorbilder gibt\u00b4s in sehr vielen Varianten, Ursprung des Modells war ein Kauf bei ebay. Ein Modellbauer hatte einen interessanten Bausatz aus \u00c4tzblechen entwickelt und das Grundmodell daraus gebaut. Es waren allerdings viele Tage Arbeit n\u00f6tig, um ein Modell nach meinen Anspr\u00fcchen entstehen zu lassen. Fast alle Teile wurden neu gebaut bzw. ge\u00e4ndert oder modifiziert. Am Ende sind, so hoffe ich, sch\u00f6ne Bilder entstanden. Viel Spa\u00df damit!<\/p>                <\/span>              <\/span>                              <\/div>          <\/div>                    <div class=\"bwg-extended-item\">            <div class=\"bwg-extended-item0\">              <a class=\"bwg-a bwg-album bwg_album_0\"                href='\/web\/index.php?rest_route=%2Fwp%2Fv2%2Fpages%2F2&#038;type_0=gallery&#038;album_gallery_id_0=184'                 style=\"font-size: 0;\"                 data-bwg=\"0\"                 data-container_id=\"bwg_album_extended_0\"                 data-alb_gal_id=\"184\"                 data-def_type=\"gallery\"                 data-title=\"Modelle von GARTNER - The World of Transport\">                <div class=\"bwg-item0 bwg_album_thumb_0 \">                  <div class=\"bwg-item1 bwg_album_thumb_spun1_0\">                    <div class=\"bwg-item2\">                      <img class=\"skip-lazy \"                           data-width=\"500.00\"                           data-height=\"333.00\"                           data-src=\"http:\/\/www.transmar-logistik.de\/web\/wp-content\/uploads\/photo-gallery\/import\/thumb\/4672b246-6660-454c-83e4-7a6bc37482d5.jpg?bwg=1673512935\"                           src=\"http:\/\/www.transmar-logistik.de\/web\/wp-content\/uploads\/photo-gallery\/import\/thumb\/4672b246-6660-454c-83e4-7a6bc37482d5.jpg?bwg=1673512935\"                           alt=\"Modelle von GARTNER - The World of Transport\"                           title=\"Modelle von GARTNER - The World of Transport\" \/>                    <\/div>                  <\/div>                <\/div>              <\/a>            <\/div>            <div class=\"bwg-extended-item1\">                              <a class=\"bwg-album bwg_album_0\"                   href='\/web\/index.php?rest_route=%2Fwp%2Fv2%2Fpages%2F2&#038;type_0=gallery&#038;album_gallery_id_0=184'                   data-bwg=\"0\"                   data-container_id=\"bwg_album_extended_0\"                   data-alb_gal_id=\"184\"                   data-def_type=\"gallery\"                   data-title=\"Modelle von GARTNER - The World of Transport\">                  <span class=\"bwg_title_spun_0\">Modelle von GARTNER - The World of Transport<\/span>                <\/a>                                  <span class=\"bwg_description_spun1_0\">                <span class=\"bwg_description_short_0\">                  <p>Mittlerweile werden meine Um- und Neubauten an den Modellen der Spedition GARTNER KG immer aufw\u00e4ndiger, so dass ich sie doch hier zuordnen will. Insbesondere der neue Tanksattelzug (zeitgleich hat ihn auch Herpa aktualisiert - habe ich auf der Gartner-Seite erst danach! gesehen) wie auch der Umbau der Containerchassis, der Lkw-Transport H\u00e4ngerzug  und Zugmaschinen der neuen Generation (wird es nun auch von Herpa geben) haben viele Arbeitsstunden \"in sich\" , ebenso der TGA 4achs Tanker, von dem ich nur ein einziges Bild im Netz gefunden habe. Ich habe wieder ein paar Vergleichsbilder zu den Herpa-Originalen und ein paar wenige Bilder aus der Bauphase des Lkw-Transporters beigef\u00fcgt. Die beiden nagelneuen und noch nicht beschrifteten Actros Zugmaschinen dienen als Ladegut.<br \/>Weitere Gartner-Modelle seht Ihr unter > Andere Modelle < .   12\/2020 Es gibt nun endlich den neuen MAN GX und als Novum Volvo\u00b4s bei GARTNER! Carsten Glaubitz hatte schon Decals und hat die von den LANG-Lkw\u00b4s extra erstellt (GARTNER hat davon 120 St\u00fcck bei Schwarzm\u00fcller geordert). Mein Freund Jochen (Containermann) hat mir extra die Decals der Holl\u00e4ndischen GARTNER-Niederlassung f\u00fcr den 6x2 TGX gemacht! :-) DANKE!  Viel Spass mit den Bildern! Fragen wie immer gerne!<\/p>                <\/span>              <\/span>                              <\/div>          <\/div>                    <div class=\"bwg-extended-item\">            <div class=\"bwg-extended-item0\">              <a class=\"bwg-a bwg-album bwg_album_0\"                href='\/web\/index.php?rest_route=%2Fwp%2Fv2%2Fpages%2F2&#038;type_0=gallery&#038;album_gallery_id_0=173'                 style=\"font-size: 0;\"                 data-bwg=\"0\"                 data-container_id=\"bwg_album_extended_0\"                 data-alb_gal_id=\"173\"                 data-def_type=\"gallery\"                 data-title=\"Scania S730 V8\">                <div class=\"bwg-item0 bwg_album_thumb_0 \">                  <div class=\"bwg-item1 bwg_album_thumb_spun1_0\">                    <div class=\"bwg-item2\">                      <img class=\"skip-lazy \"                           data-width=\"500.00\"                           data-height=\"375.00\"                           data-src=\"http:\/\/www.transmar-logistik.de\/web\/wp-content\/uploads\/photo-gallery\/import\/thumb\/img_2599.jpg?bwg=1673512445\"                           src=\"http:\/\/www.transmar-logistik.de\/web\/wp-content\/uploads\/photo-gallery\/import\/thumb\/img_2599.jpg?bwg=1673512445\"                           alt=\"Scania S730 V8\"                           title=\"Scania S730 V8\" \/>                    <\/div>                  <\/div>                <\/div>              <\/a>            <\/div>            <div class=\"bwg-extended-item1\">                              <a class=\"bwg-album bwg_album_0\"                   href='\/web\/index.php?rest_route=%2Fwp%2Fv2%2Fpages%2F2&#038;type_0=gallery&#038;album_gallery_id_0=173'                   data-bwg=\"0\"                   data-container_id=\"bwg_album_extended_0\"                   data-alb_gal_id=\"173\"                   data-def_type=\"gallery\"                   data-title=\"Scania S730 V8\">                  <span class=\"bwg_title_spun_0\">Scania S730 V8<\/span>                <\/a>                                  <span class=\"bwg_description_spun1_0\">                <span class=\"bwg_description_short_0\">                  <p>Hier kommen ein paar Vorab-Bilder des fast fertigen neuen Scania-Flaggschiffes bei TRANSMAR. Bessere Bilder - dann auch mit Trailer werden folgen! Ich finde ja, man kann echt was draus machen!<br \/>Und ich habe erstmal noch drei weitere Zugmaschinen \"nachgelegt\"! Das Tuningpotential dieser Zugmaschine ist gro\u00dfartig!<br \/>Ein weiterer Scania und dann auch die Auflieger folgen!<\/p>                <\/span>              <\/span>                              <\/div>          <\/div>                    <div class=\"bwg-extended-item\">            <div class=\"bwg-extended-item0\">              <a class=\"bwg-a bwg-album bwg_album_0\"                href='\/web\/index.php?rest_route=%2Fwp%2Fv2%2Fpages%2F2&#038;type_0=gallery&#038;album_gallery_id_0=153'                 style=\"font-size: 0;\"                 data-bwg=\"0\"                 data-container_id=\"bwg_album_extended_0\"                 data-alb_gal_id=\"153\"                 data-def_type=\"gallery\"                 data-title=\"Spedition Mundigler in Gera\">                <div class=\"bwg-item0 bwg_album_thumb_0 \">                  <div class=\"bwg-item1 bwg_album_thumb_spun1_0\">                    <div class=\"bwg-item2\">                      <img class=\"skip-lazy \"                           data-width=\"500.00\"                           data-height=\"375.00\"                           data-src=\"http:\/\/www.transmar-logistik.de\/web\/wp-content\/uploads\/photo-gallery\/import\/thumb\/img_0560.jpg?bwg=1673512445\"                           src=\"http:\/\/www.transmar-logistik.de\/web\/wp-content\/uploads\/photo-gallery\/import\/thumb\/img_0560.jpg?bwg=1673512445\"                           alt=\"Spedition Mundigler in Gera\"                           title=\"Spedition Mundigler in Gera\" \/>                    <\/div>                  <\/div>                <\/div>              <\/a>            <\/div>            <div class=\"bwg-extended-item1\">                              <a class=\"bwg-album bwg_album_0\"                   href='\/web\/index.php?rest_route=%2Fwp%2Fv2%2Fpages%2F2&#038;type_0=gallery&#038;album_gallery_id_0=153'                   data-bwg=\"0\"                   data-container_id=\"bwg_album_extended_0\"                   data-alb_gal_id=\"153\"                   data-def_type=\"gallery\"                   data-title=\"Spedition Mundigler in Gera\">                  <span class=\"bwg_title_spun_0\">Spedition Mundigler in Gera<\/span>                <\/a>                                  <span class=\"bwg_description_spun1_0\">                <span class=\"bwg_description_short_0\">                  <p>Einen Sattelzug der befreundeten Spedition hier aus Gera wollte ich schon lange mal bauen und so war der neue DAF im Original und Modell dann der Anlass!<br \/>Zuerst dachte ich - da muss ich doch au\u00dfer den decals kaum was machen, aber es war weit mehr Detailarbeit n\u00f6tig, als gedacht. Kleine Kompromisse musste man dennoch machen.<br \/>Logisch bekommt der Chef der Spedition auch SEIN Modell! \ud83d\ude42<\/p>                <\/span>              <\/span>                              <\/div>          <\/div>                    <div class=\"bwg-extended-item\">            <div class=\"bwg-extended-item0\">              <a class=\"bwg-a bwg-album bwg_album_0\"                href='\/web\/index.php?rest_route=%2Fwp%2Fv2%2Fpages%2F2&#038;type_0=gallery&#038;album_gallery_id_0=154'                 style=\"font-size: 0;\"                 data-bwg=\"0\"                 data-container_id=\"bwg_album_extended_0\"                 data-alb_gal_id=\"154\"                 data-def_type=\"gallery\"                 data-title=\"Gruber Logistics\">                <div class=\"bwg-item0 bwg_album_thumb_0 \">                  <div class=\"bwg-item1 bwg_album_thumb_spun1_0\">                    <div class=\"bwg-item2\">                      <img class=\"skip-lazy \"                           data-width=\"500.00\"                           data-height=\"375.00\"                           data-src=\"http:\/\/www.transmar-logistik.de\/web\/wp-content\/uploads\/photo-gallery\/import\/thumb\/img_9306.jpg?bwg=1673512445\"                           src=\"http:\/\/www.transmar-logistik.de\/web\/wp-content\/uploads\/photo-gallery\/import\/thumb\/img_9306.jpg?bwg=1673512445\"                           alt=\"Gruber Logistics\"                           title=\"Gruber Logistics\" \/>                    <\/div>                  <\/div>                <\/div>              <\/a>            <\/div>            <div class=\"bwg-extended-item1\">                              <a class=\"bwg-album bwg_album_0\"                   href='\/web\/index.php?rest_route=%2Fwp%2Fv2%2Fpages%2F2&#038;type_0=gallery&#038;album_gallery_id_0=154'                   data-bwg=\"0\"                   data-container_id=\"bwg_album_extended_0\"                   data-alb_gal_id=\"154\"                   data-def_type=\"gallery\"                   data-title=\"Gruber Logistics\">                  <span class=\"bwg_title_spun_0\">Gruber Logistics<\/span>                <\/a>                                  <span class=\"bwg_description_spun1_0\">                <span class=\"bwg_description_short_0\">                  <p>Die \"Grubers\" haben doch so viel Arbeit gemacht, dass ich die neuen Modelle hier mit einsortiere und nicht wie die \u00fcbrigen unter >Andere Modelle< . Es gab viel zu tun, etliche Dinge habe ich hierbei auch zum ersten mal gemacht oder ausprobiert. Die lenkbaren Achsen z. B., das Verschm\u00e4lern der neuen Herpa-Lenkachsen, denn nicht immer schlie\u00dfen ja die R\u00e4der au\u00dfen b\u00fcndig mit dem Radhaus ab, wie z.B. die Vorlaufachse am Benz.Beim M\u00e4hdreschertransport kam ich an dem Bertoja-Auflieger nicht vorbei und die wichtigsten Funktionen sollten auch beweglich sein, wie z.B. Lenkung, Absenken vorn und hinten, ausziehbare Warntafeln. Insgesamt eine aufw\u00e4ndige Konstruktion. Die Ladungssicherung ist noch nicht ganz fertig, deshalb sind auch die R\u00e4der noch nicht verladen. Der Wiking Lexion musste auch erst noch einer kleinen \u00dcberarbeitung unterzogen werden, auch die originalen R\u00e4der waren nicht wirklich gut brauchbar - auf den Bildern habe ich immer die Gegen\u00fcberstellung versucht zu zeigen. Der Volvo brauchte u.a. neue Tanks, da Herpa ja keine f\u00fcr Lowliner im Programm hat.Auch am Iveco Highway war am Fahrgestell Etliches zu tun, ich hoffe, man kann die Details erkennen. Ja, und dann war ja erstmal schlechtes Wetter in D\u00e4nemark und ich konnte mir viel Zeit f\u00fcr viele Details nehmen - und auch das Gruber - Design m\u00f6glichst gut anpassen. Pannen sind nat\u00fcrlich auch passiert, so mu\u00dfte ich vom Meusburger 4 achs Auflieger Heck und linke Seite komplett erneuern, da mir die Versiegelung mit Tamiya Seidenmatt sowohl die Herpa-Farbe, als auch die Decals von TL angel\u00f6st hat. Ich w\u00fcnsche nun viel Spa\u00df mit den Bildern, Fragen gerne!<\/p>                <\/span>              <\/span>                              <\/div>          <\/div>                    <div class=\"bwg-extended-item\">            <div class=\"bwg-extended-item0\">              <a class=\"bwg-a bwg-album bwg_album_0\"                href='\/web\/index.php?rest_route=%2Fwp%2Fv2%2Fpages%2F2&#038;type_0=gallery&#038;album_gallery_id_0=172'                 style=\"font-size: 0;\"                 data-bwg=\"0\"                 data-container_id=\"bwg_album_extended_0\"                 data-alb_gal_id=\"172\"                 data-def_type=\"gallery\"                 data-title=\"Endlich! Der DAF 10 XF Euro 6\">                <div class=\"bwg-item0 bwg_album_thumb_0 \">                  <div class=\"bwg-item1 bwg_album_thumb_spun1_0\">                    <div class=\"bwg-item2\">                      <img class=\"skip-lazy \"                           data-width=\"500.00\"                           data-height=\"336.00\"                           data-src=\"http:\/\/www.transmar-logistik.de\/web\/wp-content\/uploads\/photo-gallery\/import\/thumb\/img_7125.jpg?bwg=1673512445\"                           src=\"http:\/\/www.transmar-logistik.de\/web\/wp-content\/uploads\/photo-gallery\/import\/thumb\/img_7125.jpg?bwg=1673512445\"                           alt=\"Endlich! Der DAF 10 XF Euro 6\"                           title=\"Endlich! Der DAF 10 XF Euro 6\" \/>                    <\/div>                  <\/div>                <\/div>              <\/a>            <\/div>            <div class=\"bwg-extended-item1\">                              <a class=\"bwg-album bwg_album_0\"                   href='\/web\/index.php?rest_route=%2Fwp%2Fv2%2Fpages%2F2&#038;type_0=gallery&#038;album_gallery_id_0=172'                   data-bwg=\"0\"                   data-container_id=\"bwg_album_extended_0\"                   data-alb_gal_id=\"172\"                   data-def_type=\"gallery\"                   data-title=\"Endlich! Der DAF 10 XF Euro 6\">                  <span class=\"bwg_title_spun_0\">Endlich! Der DAF 10 XF Euro 6<\/span>                <\/a>                                  <span class=\"bwg_description_spun1_0\">                <span class=\"bwg_description_short_0\">                  <p>Endlich ist er da, der neue DAF nun auch bei TRANSMAR - endlich auch mal wieder ein Fahrzeug in Transmar-Gr\u00fcn! Viel war ja nicht zu tun, ein neuer SCHMITZ-K\u00fchlauflieger und ein paar Details und - nat\u00fcrlich tiefer! Manchen Kompromiss mu\u00df man trotzdem machen, das Grundmodell von Herpa ist aber schon echt gut!<br \/>Da die DAF - Decals in schwarz\/silber gehalten sind, habe ich auch die Trailerbeschriftung passend gew\u00e4hlt - insgesamt schlicht, aber dennoch markant.<\/p>                <\/span>              <\/span>                              <\/div>          <\/div>                    <div class=\"bwg-extended-item\">            <div class=\"bwg-extended-item0\">              <a class=\"bwg-a bwg-album bwg_album_0\"                href='\/web\/index.php?rest_route=%2Fwp%2Fv2%2Fpages%2F2&#038;type_0=gallery&#038;album_gallery_id_0=171'                 style=\"font-size: 0;\"                 data-bwg=\"0\"                 data-container_id=\"bwg_album_extended_0\"                 data-alb_gal_id=\"171\"                 data-def_type=\"gallery\"                 data-title=\"Super Scania R 730\">                <div class=\"bwg-item0 bwg_album_thumb_0 \">                  <div class=\"bwg-item1 bwg_album_thumb_spun1_0\">                    <div class=\"bwg-item2\">                      <img class=\"skip-lazy \"                           data-width=\"500.00\"                           data-height=\"375.00\"                           data-src=\"http:\/\/www.transmar-logistik.de\/web\/wp-content\/uploads\/photo-gallery\/import\/thumb\/img_4733.jpg?bwg=1673512445\"                           src=\"http:\/\/www.transmar-logistik.de\/web\/wp-content\/uploads\/photo-gallery\/import\/thumb\/img_4733.jpg?bwg=1673512445\"                           alt=\"Super Scania R 730\"                           title=\"Super Scania R 730\" \/>                    <\/div>                  <\/div>                <\/div>              <\/a>            <\/div>            <div class=\"bwg-extended-item1\">                              <a class=\"bwg-album bwg_album_0\"                   href='\/web\/index.php?rest_route=%2Fwp%2Fv2%2Fpages%2F2&#038;type_0=gallery&#038;album_gallery_id_0=171'                   data-bwg=\"0\"                   data-container_id=\"bwg_album_extended_0\"                   data-alb_gal_id=\"171\"                   data-def_type=\"gallery\"                   data-title=\"Super Scania R 730\">                  <span class=\"bwg_title_spun_0\">Super Scania R 730<\/span>                <\/a>                                  <span class=\"bwg_description_spun1_0\">                <span class=\"bwg_description_short_0\">                  <p>Ich hatte einfach mal Lust auf einen richtig fetten Scania!<\/p>                <\/span>              <\/span>                              <\/div>          <\/div>                    <div class=\"bwg-extended-item\">            <div class=\"bwg-extended-item0\">              <a class=\"bwg-a bwg-album bwg_album_0\"                href='\/web\/index.php?rest_route=%2Fwp%2Fv2%2Fpages%2F2&#038;type_0=gallery&#038;album_gallery_id_0=170'                 style=\"font-size: 0;\"                 data-bwg=\"0\"                 data-container_id=\"bwg_album_extended_0\"                 data-alb_gal_id=\"170\"                 data-def_type=\"gallery\"                 data-title=\"Volvo FH4 6x2\">                <div class=\"bwg-item0 bwg_album_thumb_0 \">                  <div class=\"bwg-item1 bwg_album_thumb_spun1_0\">                    <div class=\"bwg-item2\">                      <img class=\"skip-lazy \"                           data-width=\"500.00\"                           data-height=\"375.00\"                           data-src=\"http:\/\/www.transmar-logistik.de\/web\/wp-content\/uploads\/photo-gallery\/import\/thumb\/img_2568.jpg?bwg=1673512445\"                           src=\"http:\/\/www.transmar-logistik.de\/web\/wp-content\/uploads\/photo-gallery\/import\/thumb\/img_2568.jpg?bwg=1673512445\"                           alt=\"Volvo FH4 6x2\"                           title=\"Volvo FH4 6x2\" \/>                    <\/div>                  <\/div>                <\/div>              <\/a>            <\/div>            <div class=\"bwg-extended-item1\">                              <a class=\"bwg-album bwg_album_0\"                   href='\/web\/index.php?rest_route=%2Fwp%2Fv2%2Fpages%2F2&#038;type_0=gallery&#038;album_gallery_id_0=170'                   data-bwg=\"0\"                   data-container_id=\"bwg_album_extended_0\"                   data-alb_gal_id=\"170\"                   data-def_type=\"gallery\"                   data-title=\"Volvo FH4 6x2\">                  <span class=\"bwg_title_spun_0\">Volvo FH4 6x2<\/span>                <\/a>                                  <span class=\"bwg_description_spun1_0\">                <span class=\"bwg_description_short_0\">                  <p>Der Volvo FH4 ist schon ein sehr sch\u00f6ner Lkw - ich wollte gerne diese Achskombi haben - Herpa hat ja jetzt auch eine Version im Handel. (Ob da noch ein realer Tank kommt? Der am wei\u00dfen Modell ist ein sehr einfacher Umbau vom 4x2 Tank.) Neben dem Umbau des Fahrgestells sind die Tieferlegung und die \u00e4u\u00dferlichen Kleinigkeiten eigentlich schon alles, was an dem Modell ver\u00e4ndert wurde, also relativ einfach. <\/p>                <\/span>              <\/span>                              <\/div>          <\/div>                    <div class=\"bwg-extended-item\">            <div class=\"bwg-extended-item0\">              <a class=\"bwg-a bwg-album bwg_album_0\"                href='\/web\/index.php?rest_route=%2Fwp%2Fv2%2Fpages%2F2&#038;type_0=gallery&#038;album_gallery_id_0=169'                 style=\"font-size: 0;\"                 data-bwg=\"0\"                 data-container_id=\"bwg_album_extended_0\"                 data-alb_gal_id=\"169\"                 data-def_type=\"gallery\"                 data-title=\"LOHR Lkw-Transporter\">                <div class=\"bwg-item0 bwg_album_thumb_0 \">                  <div class=\"bwg-item1 bwg_album_thumb_spun1_0\">                    <div class=\"bwg-item2\">                      <img class=\"skip-lazy \"                           data-width=\"500.00\"                           data-height=\"375.00\"                           data-src=\"http:\/\/www.transmar-logistik.de\/web\/wp-content\/uploads\/photo-gallery\/import\/thumb\/img_2512.jpg?bwg=1673512445\"                           src=\"http:\/\/www.transmar-logistik.de\/web\/wp-content\/uploads\/photo-gallery\/import\/thumb\/img_2512.jpg?bwg=1673512445\"                           alt=\"LOHR Lkw-Transporter\"                           title=\"LOHR Lkw-Transporter\" \/>                    <\/div>                  <\/div>                <\/div>              <\/a>            <\/div>            <div class=\"bwg-extended-item1\">                              <a class=\"bwg-album bwg_album_0\"                   href='\/web\/index.php?rest_route=%2Fwp%2Fv2%2Fpages%2F2&#038;type_0=gallery&#038;album_gallery_id_0=169'                   data-bwg=\"0\"                   data-container_id=\"bwg_album_extended_0\"                   data-alb_gal_id=\"169\"                   data-def_type=\"gallery\"                   data-title=\"LOHR Lkw-Transporter\">                  <span class=\"bwg_title_spun_0\">LOHR Lkw-Transporter<\/span>                <\/a>                                  <span class=\"bwg_description_spun1_0\">                <span class=\"bwg_description_short_0\">                  <p>Seit Sommer waren eine Vielzahl von Fahrzeugen in den Werkst\u00e4tten und letztlich ist der Bigspace Lkw-Transport-Sattelzug auf LOHR-Basis mit einem restaurierten Oldie und einem ausrangierten alten Actros endlich in Betrieb genommen worden. Viele andere neue MB Modelle stehen noch bereit zum Transport.<br \/>Aber der Reihe nach - ich hatte das Vorhaben, einen Lkw-Transporter nach Vorbild der Gartner-Lohr Sattelz\u00fcge zu bauen. Vorbildfotos hatte ich von Bj\u00f6rn Kolkmann. Alle B\u00fchnen sollten beweglich sein, um auch verschiedene Modelle transportieren zu k\u00f6nnen. Dies hat mir doch wieder einiges Kopfzerbrechen bereitet, letztlich ist es aber gelungen. Auch sollten alle Rampen aus Metall (Silber\u00e4tzteile von Gerd Gehrmann) ausgef\u00fchrt werden, was insgesamt doch einen realistischeren Eindruck macht.<br \/>Wie auf den Bildern zu sehen ist, war zwar die Zugmaschine schnell bei TRANSMAR getunt, der Auflieger entstand aber in subtiler \"Einzelanfertigung\" \ud83d\ude42<br \/>Auch sollten die Modelle nicht statisch fest mit dem Transporter verbunden sein, also musste die Ladungssicherung so modifiziert werden, dass sowohl das Ladegut, als auch der Auflieger mit und ohne den Teilen fahren kann.<br \/>Nun wieder viel Spa\u00df mit den Bildern!<\/p>                <\/span>              <\/span>                              <\/div>          <\/div>                    <div class=\"bwg-extended-item\">            <div class=\"bwg-extended-item0\">              <a class=\"bwg-a bwg-album bwg_album_0\"                href='\/web\/index.php?rest_route=%2Fwp%2Fv2%2Fpages%2F2&#038;type_0=gallery&#038;album_gallery_id_0=168'                 style=\"font-size: 0;\"                 data-bwg=\"0\"                 data-container_id=\"bwg_album_extended_0\"                 data-alb_gal_id=\"168\"                 data-def_type=\"gallery\"                 data-title=\"Der neue Volvo!\">                <div class=\"bwg-item0 bwg_album_thumb_0 \">                  <div class=\"bwg-item1 bwg_album_thumb_spun1_0\">                    <div class=\"bwg-item2\">                      <img class=\"skip-lazy \"                           data-width=\"500.00\"                           data-height=\"375.00\"                           data-src=\"http:\/\/www.transmar-logistik.de\/web\/wp-content\/uploads\/photo-gallery\/import\/thumb\/img_7733.jpg?bwg=1673512445\"                           src=\"http:\/\/www.transmar-logistik.de\/web\/wp-content\/uploads\/photo-gallery\/import\/thumb\/img_7733.jpg?bwg=1673512445\"                           alt=\"Der neue Volvo!\"                           title=\"Der neue Volvo!\" \/>                    <\/div>                  <\/div>                <\/div>              <\/a>            <\/div>            <div class=\"bwg-extended-item1\">                              <a class=\"bwg-album bwg_album_0\"                   href='\/web\/index.php?rest_route=%2Fwp%2Fv2%2Fpages%2F2&#038;type_0=gallery&#038;album_gallery_id_0=168'                   data-bwg=\"0\"                   data-container_id=\"bwg_album_extended_0\"                   data-alb_gal_id=\"168\"                   data-def_type=\"gallery\"                   data-title=\"Der neue Volvo!\">                  <span class=\"bwg_title_spun_0\">Der neue Volvo!<\/span>                <\/a>                                  <span class=\"bwg_description_spun1_0\">                <span class=\"bwg_description_short_0\">                  <p>Endlich! Dieses Projekt hatte ich schon sehr lange geplant und Teile und Ideen f\u00fcr seine Realisierung gesammelt. Letztlich wurde der Zug trotzdem etwas anders, als urspr\u00fcnglich geplant - schlie\u00dflich sollte es ja die TRANSMAR-Version der bekannten tollen EKDAHL-Volvo\u00b4s werden. Au\u00dferdem kam zwischenzeitlich der neue Volvo auf den Markt und auch den gibt\u00b4s schon im Ekdahl-Design (Ekdahl-Volvo googeln!) Zun\u00e4chst war es also gar nicht so banal, den Zug auf die echten 4,50 Meter H\u00f6he zu bringen, au\u00dferdem sollten die T\u00fcren und die verchromten Griffe und Scharniere m\u00f6glichst realistisch erstellt werden - ihr seht es auf den Bauphasenbildern! Au\u00dferdem gefallen mir die scandinavischen 2achs Trailer mit dolly besser als die 3achs. Somit galt es, einen komplett neuen dolly und ein neues Fahrgestell f\u00fcr die Zwillingsbereifung zu konstruieren - da gibt's nichts Passendes von Herpa und Co. Auch die Hubb\u00fchne von Herpa entsprach dem Vorbild nicht - also Eigenbau, genau wie der Dachspoiler, die Radnaben Motorwagen etc. Die R\u00fcckleuchten sind ja sehr speziell beim Vorbild und ich habe versucht, sie so gut es geht zu imitieren. Entt\u00e4uscht war ich diesmal vom Alclad-Chromspray, das schlechte Ergebnis machte extrem viele Nacharbeiten erforderlich und warf mein ganzes Lackierkonzept \u00fcber den Haufen! So habe ich mich dann mit \"geb\u00fcrstetem Edelstahl\" anfreunden m\u00fcssen und Farbe sowie Decals ge\u00e4ndert. Lackiert wurde wieder mit Tamiya Spray. Ich habe den Zug dann schon w\u00e4hrend der \u00dcberf\u00fchrung aus G\u00f6teborg zu verschiedenen Tageszeiten ablichten k\u00f6nnen und hoffe, er gef\u00e4llt!<\/p>                <\/span>              <\/span>                              <\/div>          <\/div>                    <div class=\"bwg-extended-item\">            <div class=\"bwg-extended-item0\">              <a class=\"bwg-a bwg-album bwg_album_0\"                href='\/web\/index.php?rest_route=%2Fwp%2Fv2%2Fpages%2F2&#038;type_0=gallery&#038;album_gallery_id_0=167'                 style=\"font-size: 0;\"                 data-bwg=\"0\"                 data-container_id=\"bwg_album_extended_0\"                 data-alb_gal_id=\"167\"                 data-def_type=\"gallery\"                 data-title=\"MAN TGX Euro 6 Gardinenplanen-Wechselbr\u00fccken-Volumen-Tridem-H\u00e4ngerzug - was f\u00fcr ein Name!\">                <div class=\"bwg-item0 bwg_album_thumb_0 \">                  <div class=\"bwg-item1 bwg_album_thumb_spun1_0\">                    <div class=\"bwg-item2\">                      <img class=\"skip-lazy \"                           data-width=\"500.00\"                           data-height=\"375.00\"                           data-src=\"http:\/\/www.transmar-logistik.de\/web\/wp-content\/uploads\/photo-gallery\/thumb\/IMG_2849.jpg?bwg=1673512445\"                           src=\"http:\/\/www.transmar-logistik.de\/web\/wp-content\/uploads\/photo-gallery\/thumb\/IMG_2849.jpg?bwg=1673512445\"                           alt=\"MAN TGX Euro 6 Gardinenplanen-Wechselbr\u00fccken-Volumen-Tridem-H\u00e4ngerzug - was f\u00fcr ein Name!\"                           title=\"MAN TGX Euro 6 Gardinenplanen-Wechselbr\u00fccken-Volumen-Tridem-H\u00e4ngerzug - was f\u00fcr ein Name!\" \/>                    <\/div>                  <\/div>                <\/div>              <\/a>            <\/div>            <div class=\"bwg-extended-item1\">                              <a class=\"bwg-album bwg_album_0\"                   href='\/web\/index.php?rest_route=%2Fwp%2Fv2%2Fpages%2F2&#038;type_0=gallery&#038;album_gallery_id_0=167'                   data-bwg=\"0\"                   data-container_id=\"bwg_album_extended_0\"                   data-alb_gal_id=\"167\"                   data-def_type=\"gallery\"                   data-title=\"MAN TGX Euro 6 Gardinenplanen-Wechselbr\u00fccken-Volumen-Tridem-H\u00e4ngerzug - was f\u00fcr ein Name!\">                  <span class=\"bwg_title_spun_0\">MAN TGX Euro 6 Gardinenplanen-Wechselbr\u00fccken-Volumen-Tridem-H\u00e4ngerzug - was f\u00fcr ein Name!<\/span>                <\/a>                                  <span class=\"bwg_description_spun1_0\">                <span class=\"bwg_description_short_0\">                  <p>Das MAN-Journal ist nun raus und das neue Fahrzeug kann hier gezeigt werden. Es ist der facegeliftete MAN TGX in der Euro 6 Ausf\u00fchrung. Basis des Umbaus ist das sehr sch\u00f6ne Herpa Modell, welches es im Februar, als das Modell entstand, zun\u00e4chst nur als Zugmaschine gab! Ich erhielt es als freundliches Geschenk! Ich habe nun versucht, auch von vielleicht unwichtigen Details auch aus der Bauphase Fotos zu machen - bei speziellen Fragen einfach mailen. Habe au\u00dferdem auch ein paar \"Vergleichsbilder\" mit Oldie\u00b4s geknipst.<br \/>Am Ende war bei dem sonst doch eher einfachen Umbau doch weit mehr zu tun, als zuvor angenommen - wie sooft!<br \/>Nach wie vor sind f\u00fcr mich die R\u00e4der mit den entsprechenden Rad-Reifen Gr\u00f6\u00dfen ein Problem - ich wollte die neuen Lowliner R\u00e4der von Herpa verbauen, denn Der Zug ist als Volumenzug recht hoch. Ich habe dann doch modifiziert und habe f\u00fcr den Trailer neue R\u00e4der von scale-works (Markus Schaube) verwendet, wie auch das neue Bedienteil f\u00fcr die H\u00f6henregulierung. Die wundersch\u00f6nen Wechselbr\u00fccken (finde ich) sind von MEHANO, der neue K\u00f6gel-Unterfahrschutz (schickes Teil!) ist von AWM.<br \/>So, und nun wieder viel Spa\u00df mit den Bildern!<\/p>                <\/span>              <\/span>                              <\/div>          <\/div>                    <div class=\"bwg-extended-item\">            <div class=\"bwg-extended-item0\">              <a class=\"bwg-a bwg-album bwg_album_0\"                href='\/web\/index.php?rest_route=%2Fwp%2Fv2%2Fpages%2F2&#038;type_0=gallery&#038;album_gallery_id_0=166'                 style=\"font-size: 0;\"                 data-bwg=\"0\"                 data-container_id=\"bwg_album_extended_0\"                 data-alb_gal_id=\"166\"                 data-def_type=\"gallery\"                 data-title=\"FINKL Viehtransporter H\u00e4ngerzug\">                <div class=\"bwg-item0 bwg_album_thumb_0 \">                  <div class=\"bwg-item1 bwg_album_thumb_spun1_0\">                    <div class=\"bwg-item2\">                      <img class=\"skip-lazy \"                           data-width=\"500.00\"                           data-height=\"212.00\"                           data-src=\"http:\/\/www.transmar-logistik.de\/web\/wp-content\/uploads\/photo-gallery\/import\/thumb\/img_2613-jpg222.jpg?bwg=1673512445\"                           src=\"http:\/\/www.transmar-logistik.de\/web\/wp-content\/uploads\/photo-gallery\/import\/thumb\/img_2613-jpg222.jpg?bwg=1673512445\"                           alt=\"FINKL Viehtransporter H\u00e4ngerzug\"                           title=\"FINKL Viehtransporter H\u00e4ngerzug\" \/>                    <\/div>                  <\/div>                <\/div>              <\/a>            <\/div>            <div class=\"bwg-extended-item1\">                              <a class=\"bwg-album bwg_album_0\"                   href='\/web\/index.php?rest_route=%2Fwp%2Fv2%2Fpages%2F2&#038;type_0=gallery&#038;album_gallery_id_0=166'                   data-bwg=\"0\"                   data-container_id=\"bwg_album_extended_0\"                   data-alb_gal_id=\"166\"                   data-def_type=\"gallery\"                   data-title=\"FINKL Viehtransporter H\u00e4ngerzug\">                  <span class=\"bwg_title_spun_0\">FINKL Viehtransporter H\u00e4ngerzug<\/span>                <\/a>                                  <span class=\"bwg_description_spun1_0\">                <span class=\"bwg_description_short_0\">                  <p>Den wunderbaren Silber\u00e4tz-Bausatz f\u00fcr den Viehtransporteraufbau habe ich Joachim Mathe und Rudolf Julier zu verdanken. (Bilder zum Bau s. Forum bei mo87 oder www.josima.de, habe deshalb keine Bauphasenbilder gemacht)<br \/>Es sollte nun aber ein Fahrzeug der Spedition TRANSMAR werden - habe mich dann beim Motorwagen f\u00fcr den neuen Actros mit Bigspace FH entschieden und bei der Farbgebung experimentiert - es sollte ja kein Showtruck werden. Das matte TAMIYA grau und das mica red ist eine tolle Kombination - live gesehen wie immer noch viel sch\u00f6ner! Und ich habe die Heck\u00b4s von Motorwagen und H\u00e4nger und die H\u00e4nger-Stirnseite mit evergreen noch etwas \"nachmodeliert\", um den Zug dem Original noch n\u00e4her zu bringen.<\/p>                <\/span>              <\/span>                              <\/div>          <\/div>                    <div class=\"bwg-extended-item\">            <div class=\"bwg-extended-item0\">              <a class=\"bwg-a bwg-album bwg_album_0\"                href='\/web\/index.php?rest_route=%2Fwp%2Fv2%2Fpages%2F2&#038;type_0=gallery&#038;album_gallery_id_0=165'                 style=\"font-size: 0;\"                 data-bwg=\"0\"                 data-container_id=\"bwg_album_extended_0\"                 data-alb_gal_id=\"165\"                 data-def_type=\"gallery\"                 data-title=\"DAF 105XT Hauber\">                <div class=\"bwg-item0 bwg_album_thumb_0 \">                  <div class=\"bwg-item1 bwg_album_thumb_spun1_0\">                    <div class=\"bwg-item2\">                      <img class=\"skip-lazy \"                           data-width=\"500.00\"                           data-height=\"375.00\"                           data-src=\"http:\/\/www.transmar-logistik.de\/web\/wp-content\/uploads\/photo-gallery\/thumb\/IMG_2072.jpg?bwg=1673512445\"                           src=\"http:\/\/www.transmar-logistik.de\/web\/wp-content\/uploads\/photo-gallery\/thumb\/IMG_2072.jpg?bwg=1673512445\"                           alt=\"DAF 105XT Hauber\"                           title=\"DAF 105XT Hauber\" \/>                    <\/div>                  <\/div>                <\/div>              <\/a>            <\/div>            <div class=\"bwg-extended-item1\">                              <a class=\"bwg-album bwg_album_0\"                   href='\/web\/index.php?rest_route=%2Fwp%2Fv2%2Fpages%2F2&#038;type_0=gallery&#038;album_gallery_id_0=165'                   data-bwg=\"0\"                   data-container_id=\"bwg_album_extended_0\"                   data-alb_gal_id=\"165\"                   data-def_type=\"gallery\"                   data-title=\"DAF 105XT Hauber\">                  <span class=\"bwg_title_spun_0\">DAF 105XT Hauber<\/span>                <\/a>                                  <span class=\"bwg_description_spun1_0\">                <span class=\"bwg_description_short_0\">                  <p>Hallo Fans,<br \/>wiedereinmal war ein FERNFAHRER Magazin bzw. der Artikel \u00fcber den DAF XT im Heft 6\/12 meine Inspiration f\u00fcr das neue Modell. Also hatte ich noch rasch vor meinem D\u00e4nemark-Urlaub alle wichtigen Herpa-Teile besorgt (2x DAF FH, 1x DAF FG, 1x Scania Hauber 3achs FG, 1x Chassis f\u00fcr die verl\u00e4ngerten 20 Fu\u00df Container und 1x AWM Kippmuldentrailer).<br \/>Wegen des Grills brauchte ich den Fahrerhausbausatz zweimal.<br \/>Im Fernfahrer waren ausreichend viele Bilder und auch Angaben zum Radstand, also mu\u00dfte das Scania-FG um ca. 4mm gek\u00fcrzt werden. Beim Bau der Mulde hatte ich ja schon bei meinem TERBERG Erfahrungen gesammelt und habe da \"abgeguckt\". \ud83d\ude42 Ihr seht ja auf dn Bildern, wie ich vorgegangen bin - um den Grill habe ich dann die Haube auf das kippbare vordere FH-Unterteil schrittweise draufgebaut und angepa\u00dft, immer nach Augenma\u00df entsprechend der Fotos - wie bei mir so oft! Die Arbeit an den Seitenverkleidungen war auch recht aufw\u00e4ndig, da die Originale des normalen 105XF zu kurz sind und etliche Stufen fehlen. Auf den Innenaufnahmen ist er noch nicht ganz fertig, da fehlen noch kleine Ausbesserungen.<br \/>Und dann sollte es ja ein TRANSMAR werden und live sehen die Farben pr\u00e4chtig aus, insbesondere das Rot kommt auf den Fotos im Kontrast zu dem Orange nicht zur Geltung. (Ich hatte n\u00e4mlich nicht ausreichend Gelb mitgenommen) Beim Trailer habe ich den Vorderteil des Herpa-Containerchassis mit dem Hinterteil des AWM Kippmuldenchassis kombiniert, vorn mu\u00dfte nat\u00fcrlich stark nachgearbeitet werden. Alles Weitere ist aus evergreen entstanden, die Rundungen biege ich immer \u00fcber einem z.B. Kochl\u00f6ffelstiel. So, nun w\u00fcnsche ich viel Spa\u00df beim Betrachten der Bilder - Fragen o.\u00e4. bitte ins G\u00e4stebuch oder an meine mail!<\/p>                <\/span>              <\/span>                              <\/div>          <\/div>                    <div class=\"bwg-extended-item\">            <div class=\"bwg-extended-item0\">              <a class=\"bwg-a bwg-album bwg_album_0\"                href='\/web\/index.php?rest_route=%2Fwp%2Fv2%2Fpages%2F2&#038;type_0=gallery&#038;album_gallery_id_0=164'                 style=\"font-size: 0;\"                 data-bwg=\"0\"                 data-container_id=\"bwg_album_extended_0\"                 data-alb_gal_id=\"164\"                 data-def_type=\"gallery\"                 data-title=\"MAFI terminal-tractor mit DSV Trailer\">                <div class=\"bwg-item0 bwg_album_thumb_0 \">                  <div class=\"bwg-item1 bwg_album_thumb_spun1_0\">                    <div class=\"bwg-item2\">                      <img class=\"skip-lazy \"                           data-width=\"500.00\"                           data-height=\"375.00\"                           data-src=\"http:\/\/www.transmar-logistik.de\/web\/wp-content\/uploads\/photo-gallery\/import\/thumb\/img_02.jpg?bwg=1673512445\"                           src=\"http:\/\/www.transmar-logistik.de\/web\/wp-content\/uploads\/photo-gallery\/import\/thumb\/img_02.jpg?bwg=1673512445\"                           alt=\"MAFI terminal-tractor mit DSV Trailer\"                           title=\"MAFI terminal-tractor mit DSV Trailer\" \/>                    <\/div>                  <\/div>                <\/div>              <\/a>            <\/div>            <div class=\"bwg-extended-item1\">                              <a class=\"bwg-album bwg_album_0\"                   href='\/web\/index.php?rest_route=%2Fwp%2Fv2%2Fpages%2F2&#038;type_0=gallery&#038;album_gallery_id_0=164'                   data-bwg=\"0\"                   data-container_id=\"bwg_album_extended_0\"                   data-alb_gal_id=\"164\"                   data-def_type=\"gallery\"                   data-title=\"MAFI terminal-tractor mit DSV Trailer\">                  <span class=\"bwg_title_spun_0\">MAFI terminal-tractor mit DSV Trailer<\/span>                <\/a>                                  <span class=\"bwg_description_spun1_0\">                <span class=\"bwg_description_short_0\">                  <p>Die Terminal Zugmaschine war ein Bausatz von TL-Plus, den ich schon lange liegen hatte. Er diente mit seinen \u00c4tzteilen als sehr gute Basis, allerdings fehlen noch die Scheiben. Beim DSV Trailer wurde das Herpa Grundmodell durch zahlreiche \u00c4nderungen dem Original gen\u00e4hert - s. Fotos! Es wurden die Position der St\u00fctzen und des K\u00f6nigszapfens ge\u00e4ndert, der hintere Unterfahrschutz nebst aller Lampen etc. gebaut und der seitliche verl\u00e4ngert, alle Gardinenplanenschnallen einzeln aufgeklebt (0,25x0,5mm evergreen) und angemalt und nicht zuletzt die Freig\u00e4ngigkeit der R\u00e4der\/ Achsen hergestellt, danach lackiert, mit Decals versehen und mattiert.<br \/>Die Aufschrift Safe-Liner am Heck wird noch durch Profi Liner ersetzt und der seitliche Unterfahrschutz an der Unterseite des Rahmens befestigt.<\/p>                <\/span>              <\/span>                              <\/div>          <\/div>                    <div class=\"bwg-extended-item\">            <div class=\"bwg-extended-item0\">              <a class=\"bwg-a bwg-album bwg_album_0\"                href='\/web\/index.php?rest_route=%2Fwp%2Fv2%2Fpages%2F2&#038;type_0=gallery&#038;album_gallery_id_0=163'                 style=\"font-size: 0;\"                 data-bwg=\"0\"                 data-container_id=\"bwg_album_extended_0\"                 data-alb_gal_id=\"163\"                 data-def_type=\"gallery\"                 data-title=\"Scania Silo-H\u00e4ngerzug nach Mika Auvinen Vorbild\">                <div class=\"bwg-item0 bwg_album_thumb_0 \">                  <div class=\"bwg-item1 bwg_album_thumb_spun1_0\">                    <div class=\"bwg-item2\">                      <img class=\"skip-lazy \"                           data-width=\"500.00\"                           data-height=\"375.00\"                           data-src=\"http:\/\/www.transmar-logistik.de\/web\/wp-content\/uploads\/photo-gallery\/import\/thumb\/img_1873_bildgrose-andern.jpg?bwg=1673512445\"                           src=\"http:\/\/www.transmar-logistik.de\/web\/wp-content\/uploads\/photo-gallery\/import\/thumb\/img_1873_bildgrose-andern.jpg?bwg=1673512445\"                           alt=\"Scania Silo-H\u00e4ngerzug nach Mika Auvinen Vorbild\"                           title=\"Scania Silo-H\u00e4ngerzug nach Mika Auvinen Vorbild\" \/>                    <\/div>                  <\/div>                <\/div>              <\/a>            <\/div>            <div class=\"bwg-extended-item1\">                              <a class=\"bwg-album bwg_album_0\"                   href='\/web\/index.php?rest_route=%2Fwp%2Fv2%2Fpages%2F2&#038;type_0=gallery&#038;album_gallery_id_0=163'                   data-bwg=\"0\"                   data-container_id=\"bwg_album_extended_0\"                   data-alb_gal_id=\"163\"                   data-def_type=\"gallery\"                   data-title=\"Scania Silo-H\u00e4ngerzug nach Mika Auvinen Vorbild\">                  <span class=\"bwg_title_spun_0\">Scania Silo-H\u00e4ngerzug nach Mika Auvinen Vorbild<\/span>                <\/a>                                  <span class=\"bwg_description_spun1_0\">                <span class=\"bwg_description_short_0\">                  <p>Wieder einmal hatte es mir im Fernfahrer Supertrucks-Heft von 2011 ein toller Showtruck angetan - diesmal der Silozug von Mika Auvinen.<br \/>Es hat eine Weile gedauert bis ich einen Plan hatte, wie ich das Thema umsetzen will und ob es mir gelingt, die \"Kleinteile anzufertigen. Ersteinmal mu\u00dfte die grobe H\u00f6he des Zuges stimmen, dann habe ich die 3.Achse des Motorwagens lenkbar gemacht. Basis waren komplett Herpa-Teile - ein Dreiachs-FG, ein Scania 09 FH, ein Silo des aktuellen H\u00e4ngerzuges und zwei aktuelle Eutersilo-Trailer. Danach folgten die Verkleidungen mit der neuen tieferen Position des Motors.<br \/>Bei den Verkleidungen war viel Spachtel- und Schleifarbeit gefragt. Und aus meinem Lieblingsmaterial evergreen habe ich die Anbauteile gebaut. Das leidige Thema der Fanfaren hat mich einen Tag lang besch\u00e4ftigt. Die k\u00e4uflich zu erwerbenden Modelle sind entweder zu klein f\u00fcr solche Show-Trucks oder sie lassen sich nicht gut bearbeiten bzw. verchromen. Aus was konnte man aber den Trichter herstellen?<br \/>Nach etlichen Fehlversuchen kam mir die Idee, sie aus Trailerf\u00fc\u00dfen zu drehen, dazu einen 0,4mm Draht und als Endst\u00fcck ein \"geschnitztes 2x2mm evergreen Pl\u00e4ttchen. Das Verchromen mit Alclad II Spray hat gut funktioniert (trotz 20 Grad Frost!) und die Lackierung ebenfalls (Tamiya Spray dunkles Metallic-Silber, mica red und clear-red als Mehrschichtlackierung. So, nun wieder viel Spa\u00df mit den Bildern - \"Sonnenbilder\" sollen noch folgen, denn die tolle Brillianz dieses Modells kommt auf den Fotos leider gar nicht r\u00fcber.<\/p>                <\/span>              <\/span>                              <\/div>          <\/div>                    <div class=\"bwg-extended-item\">            <div class=\"bwg-extended-item0\">              <a class=\"bwg-a bwg-album bwg_album_0\"                href='\/web\/index.php?rest_route=%2Fwp%2Fv2%2Fpages%2F2&#038;type_0=gallery&#038;album_gallery_id_0=162'                 style=\"font-size: 0;\"                 data-bwg=\"0\"                 data-container_id=\"bwg_album_extended_0\"                 data-alb_gal_id=\"162\"                 data-def_type=\"gallery\"                 data-title=\"Der neue Actros!\">                <div class=\"bwg-item0 bwg_album_thumb_0 \">                  <div class=\"bwg-item1 bwg_album_thumb_spun1_0\">                    <div class=\"bwg-item2\">                      <img class=\"skip-lazy \"                           data-width=\"500.00\"                           data-height=\"375.00\"                           data-src=\"http:\/\/www.transmar-logistik.de\/web\/wp-content\/uploads\/photo-gallery\/import\/thumb\/img_1680_bildgrose-andern.jpg?bwg=1673512445\"                           src=\"http:\/\/www.transmar-logistik.de\/web\/wp-content\/uploads\/photo-gallery\/import\/thumb\/img_1680_bildgrose-andern.jpg?bwg=1673512445\"                           alt=\"Der neue Actros!\"                           title=\"Der neue Actros!\" \/>                    <\/div>                  <\/div>                <\/div>              <\/a>            <\/div>            <div class=\"bwg-extended-item1\">                              <a class=\"bwg-album bwg_album_0\"                   href='\/web\/index.php?rest_route=%2Fwp%2Fv2%2Fpages%2F2&#038;type_0=gallery&#038;album_gallery_id_0=162'                   data-bwg=\"0\"                   data-container_id=\"bwg_album_extended_0\"                   data-alb_gal_id=\"162\"                   data-def_type=\"gallery\"                   data-title=\"Der neue Actros!\">                  <span class=\"bwg_title_spun_0\">Der neue Actros!<\/span>                <\/a>                                  <span class=\"bwg_description_spun1_0\">                <span class=\"bwg_description_short_0\">                  <p>Der neue Benz ist ein sehr gelungenes und weitestgehend komplett neu konstruiertes Modell von Herpa - die Neuvorstellung des Originals soll wohl erst im November sein! Nach einem scandinavischem Vorbild sollte aber der erste neue Actros von TRANSMAR als brutaler Showtruck daherkommen - in Ermangelung von Airbrush daher die knallige \"Sonderlackierung\" mit Farbverlauf!<\/p>                <\/span>              <\/span>                              <\/div>          <\/div>                    <div class=\"bwg-extended-item\">            <div class=\"bwg-extended-item0\">              <a class=\"bwg-a bwg-album bwg_album_0\"                href='\/web\/index.php?rest_route=%2Fwp%2Fv2%2Fpages%2F2&#038;type_0=gallery&#038;album_gallery_id_0=161'                 style=\"font-size: 0;\"                 data-bwg=\"0\"                 data-container_id=\"bwg_album_extended_0\"                 data-alb_gal_id=\"161\"                 data-def_type=\"gallery\"                 data-title=\"IVECO Stralis AS II mit Krone Containerauflieger\">                <div class=\"bwg-item0 bwg_album_thumb_0 \">                  <div class=\"bwg-item1 bwg_album_thumb_spun1_0\">                    <div class=\"bwg-item2\">                      <img class=\"skip-lazy \"                           data-width=\"500.00\"                           data-height=\"375.00\"                           data-src=\"http:\/\/www.transmar-logistik.de\/web\/wp-content\/uploads\/photo-gallery\/import\/thumb\/img_1581_bildgrose-andern.jpg?bwg=1673512445\"                           src=\"http:\/\/www.transmar-logistik.de\/web\/wp-content\/uploads\/photo-gallery\/import\/thumb\/img_1581_bildgrose-andern.jpg?bwg=1673512445\"                           alt=\"IVECO Stralis AS II mit Krone Containerauflieger\"                           title=\"IVECO Stralis AS II mit Krone Containerauflieger\" \/>                    <\/div>                  <\/div>                <\/div>              <\/a>            <\/div>            <div class=\"bwg-extended-item1\">                              <a class=\"bwg-album bwg_album_0\"                   href='\/web\/index.php?rest_route=%2Fwp%2Fv2%2Fpages%2F2&#038;type_0=gallery&#038;album_gallery_id_0=161'                   data-bwg=\"0\"                   data-container_id=\"bwg_album_extended_0\"                   data-alb_gal_id=\"161\"                   data-def_type=\"gallery\"                   data-title=\"IVECO Stralis AS II mit Krone Containerauflieger\">                  <span class=\"bwg_title_spun_0\">IVECO Stralis AS II mit Krone Containerauflieger<\/span>                <\/a>                                  <span class=\"bwg_description_spun1_0\">                <span class=\"bwg_description_short_0\">                  <p>Ein IVECO fehlte immer noch in meiner Blau-Wei\u00df-Roten Flotte! Und f\u00fcr Container kann ich mich immer begeistern!<br \/>Also wurde ein IVECO Stralis AS II von Rietze verwendet, das Fahrerhaus ist ja ganz gut gelungen, aber die Spiegel sind mehrere Generationen alt und entsprechen dem Vorbild in keinster Weise. Auch das Fahrgestell stammt noch aus Blattfeder-Zeiten. Also mu\u00dfte neben anderen Kleinigkeiten mal wieder die Spiegel im Eigenbau entstehen (evergreen) und das Fahrgestell entstand aus einem ROCO-Heck und dem Rietze Vorderteil, neue Lenkungsteile von Herpa. Da ich die R\u00e4der aus der MIDI-Serie von Herpa verwenden wollte (diese Gr\u00f6\u00dfe finde ich oft am passendsten), mu\u00dften die gelenkten Vorderr\u00e4der an die Lenkungsteile angepa\u00dft werden. Dazu habe ich die Felgenmittelteile der Herpa Lenkungsfelgen au\u00dfen mit dem kleineren Felgenhorn \"verschwei\u00dft\". \ud83d\ude09 Die Trailerfelgen - ein fast unendliches Thema - habe ich auch selber gebaut, obwohl es schon recht g\u00e4ngige - jedoch nicht in der Gr\u00f6\u00dfe - von miniature realism gibt, auch die AWM Felgen sind verwendungsf\u00e4hig. In einer kleinen Bilderserie, die eigentlich keiner zus\u00e4tzlichen Erkl\u00e4rung bedarf, zeige ich Euch, wie man aus alten, oft ja noch reichlich vorhandenen, Herpa-Felgen schicke Trailer-Felgen basteln kann, lediglich die Nabe (es, geht sicher auch ohne) ist von AWM.<br \/>Der Trailer ist von Herpa - es handelt sich dabei um ein \u00e4lteres KRONE Modell. Auch er wurde modifiziert und neben Kleinteilen mit dem Krone-typischen Unterfahrschutz versehen.<br \/>Und zuletzt mu\u00dfte der gl\u00e4nzend braune neue Container auch noch einer ordentlichen Alterung unterzogen werden, er ist von Athearn - in meinen Augen der beste Hersteller von Containern im Ma\u00dfstab 1\/87.<\/p>                <\/span>              <\/span>                              <\/div>          <\/div>                    <div class=\"bwg-extended-item\">            <div class=\"bwg-extended-item0\">              <a class=\"bwg-a bwg-album bwg_album_0\"                href='\/web\/index.php?rest_route=%2Fwp%2Fv2%2Fpages%2F2&#038;type_0=gallery&#038;album_gallery_id_0=160'                 style=\"font-size: 0;\"                 data-bwg=\"0\"                 data-container_id=\"bwg_album_extended_0\"                 data-alb_gal_id=\"160\"                 data-def_type=\"gallery\"                 data-title=\"DAF 105XF 510 SC mit Goldhofer Tieflader und T100\">                <div class=\"bwg-item0 bwg_album_thumb_0 \">                  <div class=\"bwg-item1 bwg_album_thumb_spun1_0\">                    <div class=\"bwg-item2\">                      <img class=\"skip-lazy \"                           data-width=\"500.00\"                           data-height=\"375.00\"                           data-src=\"http:\/\/www.transmar-logistik.de\/web\/wp-content\/uploads\/photo-gallery\/import\/thumb\/img_1200__bildgrose-andern.jpg?bwg=1673512445\"                           src=\"http:\/\/www.transmar-logistik.de\/web\/wp-content\/uploads\/photo-gallery\/import\/thumb\/img_1200__bildgrose-andern.jpg?bwg=1673512445\"                           alt=\"DAF 105XF 510 SC mit Goldhofer Tieflader und T100\"                           title=\"DAF 105XF 510 SC mit Goldhofer Tieflader und T100\" \/>                    <\/div>                  <\/div>                <\/div>              <\/a>            <\/div>            <div class=\"bwg-extended-item1\">                              <a class=\"bwg-album bwg_album_0\"                   href='\/web\/index.php?rest_route=%2Fwp%2Fv2%2Fpages%2F2&#038;type_0=gallery&#038;album_gallery_id_0=160'                   data-bwg=\"0\"                   data-container_id=\"bwg_album_extended_0\"                   data-alb_gal_id=\"160\"                   data-def_type=\"gallery\"                   data-title=\"DAF 105XF 510 SC mit Goldhofer Tieflader und T100\">                  <span class=\"bwg_title_spun_0\">DAF 105XF 510 SC mit Goldhofer Tieflader und T100<\/span>                <\/a>                                  <span class=\"bwg_description_spun1_0\">                <span class=\"bwg_description_short_0\">                  <p>Hier kommt ein allt\u00e4glich anzutreffendes Arbeitsger\u00e4t der Firma TRANSMAR-Schwertransporte, aktuell in D\u00e4nemark im Einsatz, um eine alte Planierraupe T100, die noch aus DDR-Zeiten stammt, abzuholen.<br \/>Der 105er wurde mit einem kleinen Schwerlastturm, einer lift- und! lenkbaren Vorlaufachse ab Werk bestellt. Der t\u00e4glich harte Einsatz hinterlie\u00df an Zugmaschine und insbesondere aber am Golhofer-Tieflader starke Spuren! Besonderheit: der komplett dem Vorbild nachempfundene Hydraulikmechanismus der Auffahrrampen, um eine Beladung realistisch nachstellen zu k\u00f6nnen und die zwangsgelenkten Achsen des Aufliegers.<\/p>                <\/span>              <\/span>                              <\/div>          <\/div>                    <div class=\"bwg-extended-item\">            <div class=\"bwg-extended-item0\">              <a class=\"bwg-a bwg-album bwg_album_0\"                href='\/web\/index.php?rest_route=%2Fwp%2Fv2%2Fpages%2F2&#038;type_0=gallery&#038;album_gallery_id_0=159'                 style=\"font-size: 0;\"                 data-bwg=\"0\"                 data-container_id=\"bwg_album_extended_0\"                 data-alb_gal_id=\"159\"                 data-def_type=\"gallery\"                 data-title=\"Volvo FH16 XXL Mastsegmenttransport aus der Mega-Windmill-Serie\">                <div class=\"bwg-item0 bwg_album_thumb_0 \">                  <div class=\"bwg-item1 bwg_album_thumb_spun1_0\">                    <div class=\"bwg-item2\">                      <img class=\"skip-lazy \"                           data-width=\"500.00\"                           data-height=\"375.00\"                           data-src=\"http:\/\/www.transmar-logistik.de\/web\/wp-content\/uploads\/photo-gallery\/import\/thumb\/img_0836_bildgrose-andern.jpg?bwg=1673512445\"                           src=\"http:\/\/www.transmar-logistik.de\/web\/wp-content\/uploads\/photo-gallery\/import\/thumb\/img_0836_bildgrose-andern.jpg?bwg=1673512445\"                           alt=\"Volvo FH16 XXL Mastsegmenttransport aus der Mega-Windmill-Serie\"                           title=\"Volvo FH16 XXL Mastsegmenttransport aus der Mega-Windmill-Serie\" \/>                    <\/div>                  <\/div>                <\/div>              <\/a>            <\/div>            <div class=\"bwg-extended-item1\">                              <a class=\"bwg-album bwg_album_0\"                   href='\/web\/index.php?rest_route=%2Fwp%2Fv2%2Fpages%2F2&#038;type_0=gallery&#038;album_gallery_id_0=159'                   data-bwg=\"0\"                   data-container_id=\"bwg_album_extended_0\"                   data-alb_gal_id=\"159\"                   data-def_type=\"gallery\"                   data-title=\"Volvo FH16 XXL Mastsegmenttransport aus der Mega-Windmill-Serie\">                  <span class=\"bwg_title_spun_0\">Volvo FH16 XXL Mastsegmenttransport aus der Mega-Windmill-Serie<\/span>                <\/a>                                  <span class=\"bwg_description_spun1_0\">                <span class=\"bwg_description_short_0\">                  <p>Vorbild f\u00fcr dieses konkrete Modell war der Neue Volvo FH16 XXL von Torben Rafn aus D\u00e4nemark und \"angestiftet\" zum Bau hat mich mein Modellbaufreund Holm K\u00e4pfer! Es gibt sehr viele Vorbildfotos unter Spezialtransporte bei lkw-infos.eu.<br \/>Zun\u00e4chst mu\u00dfte ich ersteinmal eine L\u00f6sung f\u00fcr den Spezial-Dolly mit der angeflanschten Achse von HFR finden. Die Schwierigkeit war, da\u00df der Rahmen des Dolly gekr\u00f6pft ist und gleichzeitig auch an dieser Stelle breiter wird und das oben und unten unterschiedliche Winkel bestehen. Also war, wie auch bei dem Aufsattel-Teil, kompletter Eigenbau angesagt. Danach mu\u00dften die Herpa-Rohradapter grundlegend \u00fcberarbeitet werden. Das Volvo Fahrerhaus wurde um ca.2,5mm zum XXL FH verl\u00e4ngert (auf den Bauphasenbildern in rot noch in der Originall\u00e4nge mit den Gravuren der Seitenscheiben, diese mu\u00dften dann sp\u00e4ter auch komplett verschwinden), der Grill entstand aus dem Herpa-Teil in welches das Mittelteil des durchbrochenen Silber\u00e4tz-Grilles eingelassen wurde. Die spezielle Registrierkupplung ist komplett aus evergreen. Achja, ich hatte zwar einen sch\u00f6nen Resin-Schwerlastturm von Holm, allerdings war die Aufteilung der K\u00e4sten und Klappen dann doch am Vorbild etwas anders und so entstand auch er neu aus evergreen. Die Zusatzachse wurde auch \"verfeinert\", ansonsten Teile von TL-Plus verwendet, auch wenn kleinere \u00c4nderungen n\u00f6tig waren. Basis des Goldhofer-Nachl\u00e4ufers ist ebenfalls das Resinteil von TL-Plus.<br \/>Und da die originale Farbe von Torben Rafn(extra abgef\u00fcllt in Spray\u00b4s) den Herpa-Kunststoff angriff, habe ich kurzerhand entschieden, da\u00df nun doch endlich TRANSMAR in die Schwerlastbranche expandiert.<br \/>Bilder bei besserer Witterung sollen folgen, auf den Parkplatz des Dio`s pa\u00dft aber das Modell mit \u00fcber 52cm L\u00e4nge leider nicht!<br \/>Am BF3 gefiel mir die Heckbeschriftung so besser, obwohl sie wohl so in Deutschland nicht vorschriftsgerecht ist.<\/p>                <\/span>              <\/span>                              <\/div>          <\/div>                    <div class=\"bwg-extended-item\">            <div class=\"bwg-extended-item0\">              <a class=\"bwg-a bwg-album bwg_album_0\"                href='\/web\/index.php?rest_route=%2Fwp%2Fv2%2Fpages%2F2&#038;type_0=gallery&#038;album_gallery_id_0=158'                 style=\"font-size: 0;\"                 data-bwg=\"0\"                 data-container_id=\"bwg_album_extended_0\"                 data-alb_gal_id=\"158\"                 data-def_type=\"gallery\"                 data-title=\"Scania R 730 Megak\u00fchlzug\">                <div class=\"bwg-item0 bwg_album_thumb_0 \">                  <div class=\"bwg-item1 bwg_album_thumb_spun1_0\">                    <div class=\"bwg-item2\">                      <img class=\"skip-lazy \"                           data-width=\"500.00\"                           data-height=\"375.00\"                           data-src=\"http:\/\/www.transmar-logistik.de\/web\/wp-content\/uploads\/photo-gallery\/import\/thumb\/img_0262_bildgrose-andern.jpg?bwg=1673512445\"                           src=\"http:\/\/www.transmar-logistik.de\/web\/wp-content\/uploads\/photo-gallery\/import\/thumb\/img_0262_bildgrose-andern.jpg?bwg=1673512445\"                           alt=\"Scania R 730 Megak\u00fchlzug\"                           title=\"Scania R 730 Megak\u00fchlzug\" \/>                    <\/div>                  <\/div>                <\/div>              <\/a>            <\/div>            <div class=\"bwg-extended-item1\">                              <a class=\"bwg-album bwg_album_0\"                   href='\/web\/index.php?rest_route=%2Fwp%2Fv2%2Fpages%2F2&#038;type_0=gallery&#038;album_gallery_id_0=158'                   data-bwg=\"0\"                   data-container_id=\"bwg_album_extended_0\"                   data-alb_gal_id=\"158\"                   data-def_type=\"gallery\"                   data-title=\"Scania R 730 Megak\u00fchlzug\">                  <span class=\"bwg_title_spun_0\">Scania R 730 Megak\u00fchlzug<\/span>                <\/a>                                  <span class=\"bwg_description_spun1_0\">                <span class=\"bwg_description_short_0\">                  <p>Dieser K\u00fchlzug nach scandinavischem Vorbild entstand, nachdem ich ein Video auf youtube vom Truck-Meet 2010 in Stockholm gesehen habe. Ein Wahnsinn - diese Lkw\u00b4s!!! Wie \"armseelig\" geht\u00b4s im Vergleich dazu auf unseren Stra\u00dfen zu!<br \/>Und so habe ich diesen ersten Scania R730! als Volumen-Megatrailer-Zug als \"Showtruck\" gebaut, wobei im Moment das R730 den st\u00e4rksten Serien-Lkw kennzeichnet. Na, mal sehen, wann Volvo wieder \"\u00fcberholt\", oder MAN?<br \/>Verwendet wurden \u00c4tz-Kleinteile von miniature realism, Decalprint und ds-design.<br \/>Das Decal hatte mir ein Saalfelder Modellbaufreund vor langer Zeit mal erstellt - jetzt hat es endlich ein \"w\u00fcrdiges\" Modell bekommen - nochmals danke auch an dieser Stelle!<br \/>Die Lackierung erfolgte mit der Spraydose in mehreren Schichten und der Farbverlauf von Metallic-Gr\u00fcn von oben zu -Blau unten ist recht gut gelungen.<\/p>                <\/span>              <\/span>                              <\/div>          <\/div>                    <div class=\"bwg-extended-item\">            <div class=\"bwg-extended-item0\">              <a class=\"bwg-a bwg-album bwg_album_0\"                href='\/web\/index.php?rest_route=%2Fwp%2Fv2%2Fpages%2F2&#038;type_0=gallery&#038;album_gallery_id_0=157'                 style=\"font-size: 0;\"                 data-bwg=\"0\"                 data-container_id=\"bwg_album_extended_0\"                 data-alb_gal_id=\"157\"                 data-def_type=\"gallery\"                 data-title=\"Scania R620 `09\">                <div class=\"bwg-item0 bwg_album_thumb_0 \">                  <div class=\"bwg-item1 bwg_album_thumb_spun1_0\">                    <div class=\"bwg-item2\">                      <img class=\"skip-lazy \"                           data-width=\"500.00\"                           data-height=\"375.00\"                           data-src=\"http:\/\/www.transmar-logistik.de\/web\/wp-content\/uploads\/photo-gallery\/import\/thumb\/img_0046_bildgrose-andern.jpg?bwg=1673512445\"                           src=\"http:\/\/www.transmar-logistik.de\/web\/wp-content\/uploads\/photo-gallery\/import\/thumb\/img_0046_bildgrose-andern.jpg?bwg=1673512445\"                           alt=\"Scania R620 `09\"                           title=\"Scania R620 `09\" \/>                    <\/div>                  <\/div>                <\/div>              <\/a>            <\/div>            <div class=\"bwg-extended-item1\">                              <a class=\"bwg-album bwg_album_0\"                   href='\/web\/index.php?rest_route=%2Fwp%2Fv2%2Fpages%2F2&#038;type_0=gallery&#038;album_gallery_id_0=157'                   data-bwg=\"0\"                   data-container_id=\"bwg_album_extended_0\"                   data-alb_gal_id=\"157\"                   data-def_type=\"gallery\"                   data-title=\"Scania R620 `09\">                  <span class=\"bwg_title_spun_0\">Scania R620 `09<\/span>                <\/a>                                  <span class=\"bwg_description_spun1_0\">                <span class=\"bwg_description_short_0\">                  <p>Das neueste Modell von Scania wurde auch in den drei scandinavientypischen Farben lackiert und mit viel Liebe detailiert. Gebaut wurde das Modell im Juli 2010 nach meiner gro\u00dfen OP.<br \/>Er zieht einen Auflieger von DFDS der doch einige Nutzungsspuren aufweist und mit den Decals aus der Trailerserie von TL-Decals versehen wurde. Dabei wurden das Fahrgestell modifiziert, insbesondere der K\u00f6nigszapfen und die St\u00fctzenposition wurde entsprechend der Vorbilder ge\u00e4ndert, ebenso der Heck- und Seitenunterfahrschutz.<\/p><p>Bauphasenbilder gibt\u00b4s hier leider keine, daf\u00fcr aber genug andere Fotos, um das Modell gut anschauen zu k\u00f6nnen. Viel Spa\u00df dabei!<\/p>                <\/span>              <\/span>                              <\/div>          <\/div>                    <div class=\"bwg-extended-item\">            <div class=\"bwg-extended-item0\">              <a class=\"bwg-a bwg-album bwg_album_0\"                href='\/web\/index.php?rest_route=%2Fwp%2Fv2%2Fpages%2F2&#038;type_0=gallery&#038;album_gallery_id_0=156'                 style=\"font-size: 0;\"                 data-bwg=\"0\"                 data-container_id=\"bwg_album_extended_0\"                 data-alb_gal_id=\"156\"                 data-def_type=\"gallery\"                 data-title=\"Der FH16 der neuesten Generation 2009!\">                <div class=\"bwg-item0 bwg_album_thumb_0 \">                  <div class=\"bwg-item1 bwg_album_thumb_spun1_0\">                    <div class=\"bwg-item2\">                      <img class=\"skip-lazy \"                           data-width=\"500.00\"                           data-height=\"375.00\"                           data-src=\"http:\/\/www.transmar-logistik.de\/web\/wp-content\/uploads\/photo-gallery\/import\/thumb\/img_0068_bildgrose-andern.jpg?bwg=1673512445\"                           src=\"http:\/\/www.transmar-logistik.de\/web\/wp-content\/uploads\/photo-gallery\/import\/thumb\/img_0068_bildgrose-andern.jpg?bwg=1673512445\"                           alt=\"Der FH16 der neuesten Generation 2009!\"                           title=\"Der FH16 der neuesten Generation 2009!\" \/>                    <\/div>                  <\/div>                <\/div>              <\/a>            <\/div>            <div class=\"bwg-extended-item1\">                              <a class=\"bwg-album bwg_album_0\"                   href='\/web\/index.php?rest_route=%2Fwp%2Fv2%2Fpages%2F2&#038;type_0=gallery&#038;album_gallery_id_0=156'                   data-bwg=\"0\"                   data-container_id=\"bwg_album_extended_0\"                   data-alb_gal_id=\"156\"                   data-def_type=\"gallery\"                   data-title=\"Der FH16 der neuesten Generation 2009!\">                  <span class=\"bwg_title_spun_0\">Der FH16 der neuesten Generation 2009!<\/span>                <\/a>                                  <span class=\"bwg_description_spun1_0\">                <span class=\"bwg_description_short_0\">                  <p>Dieser klassische K\u00fchlkofferh\u00e4ngerzug wurde in typisch scandinavischer Farbgebung lackiert, viele Teile sind wieder im Eigenbau entstanden, wie u.a. die Windleitbleche, der zweite Blinker, die Volumenkoffer, Breitreifen (Niederquerschnitt) vorn, etc.<\/p>                <\/span>              <\/span>                              <\/div>          <\/div>                    <div class=\"bwg-extended-item\">            <div class=\"bwg-extended-item0\">              <a class=\"bwg-a bwg-album bwg_album_0\"                href='\/web\/index.php?rest_route=%2Fwp%2Fv2%2Fpages%2F2&#038;type_0=gallery&#038;album_gallery_id_0=151'                 style=\"font-size: 0;\"                 data-bwg=\"0\"                 data-container_id=\"bwg_album_extended_0\"                 data-alb_gal_id=\"151\"                 data-def_type=\"gallery\"                 data-title=\"TERBERG 10x8\">                <div class=\"bwg-item0 bwg_album_thumb_0 \">                  <div class=\"bwg-item1 bwg_album_thumb_spun1_0\">                    <div class=\"bwg-item2\">                      <img class=\"skip-lazy \"                           data-width=\"500.00\"                           data-height=\"375.00\"                           data-src=\"http:\/\/www.transmar-logistik.de\/web\/wp-content\/uploads\/photo-gallery\/import\/thumb\/img_0457_bildgrose-andern.jpg?bwg=1673512444\"                           src=\"http:\/\/www.transmar-logistik.de\/web\/wp-content\/uploads\/photo-gallery\/import\/thumb\/img_0457_bildgrose-andern.jpg?bwg=1673512444\"                           alt=\"TERBERG 10x8\"                           title=\"TERBERG 10x8\" \/>                    <\/div>                  <\/div>                <\/div>              <\/a>            <\/div>            <div class=\"bwg-extended-item1\">                              <a class=\"bwg-album bwg_album_0\"                   href='\/web\/index.php?rest_route=%2Fwp%2Fv2%2Fpages%2F2&#038;type_0=gallery&#038;album_gallery_id_0=151'                   data-bwg=\"0\"                   data-container_id=\"bwg_album_extended_0\"                   data-alb_gal_id=\"151\"                   data-def_type=\"gallery\"                   data-title=\"TERBERG 10x8\">                  <span class=\"bwg_title_spun_0\">TERBERG 10x8<\/span>                <\/a>                                  <span class=\"bwg_description_spun1_0\">                <span class=\"bwg_description_short_0\">                  <p>Dieses Modell hatte mich schon lange gereizt! Zu allererst mu\u00dfte es mir nur gelingen, aus dem Volvo-Grill die Diagonale herauszubekommen. Nach zwei demolierten Herpa-Grill\u00b4s blieb mir dann nur noch dr Neubau des Mittelteils.<br \/>Erst danach lohnte es sich, da\u00df FM Fahrerhaus zu bauen.<br \/>Hierbei kam mir dann noch die Idee, zumindest die Fahrert\u00fcr \u00f6ffnen und schlie\u00dfen zu k\u00f6nnen - es brauchte dazu dann auch den entsprechenden Aufstieg und die T\u00fcrverkleidungen innen.<br \/>Nat\u00fcrlich war auch an den Felgen Einiges zu tun - leider mu\u00df man trotzdem oft noch kleine Kompromisse eingehen.<\/p><p>Der Aufbau ist kompletter Eigenbau aus meinem Lieblingsmaterial evergreen! Auch die Abdeckungen sollten offen und geschlossen darstellbar sein - das hat mir einiges Kopfzerbrechen bereitet - letztlich funktioniert es aber.<\/p><p>Gern h\u00e4tte ich auch einen vollfunktionst\u00fcchtigen Hydraulikstempel gebaut - es fehlte mir aber am geeigneten passenden Rohrmaterial, also habe ich 4 verschieden hohe gebaut.<\/p><p>Das Fahrgestell basiert auf einem Herpa 4achs Chassis - dies wurde jedoch stark! modifiziert! Au\u00dferdem sollten alle Achsen nicht so starr wie mit den Lenkungsteilen f\u00fcr Baufahrzeuge von Herpa sein, sondern alle Achsen sollten beweglich und die lenkbaren auch entsprechend lenkbar sein - wieder eine echte Knobelaufgabe!<br \/>Nur bei Achse 5 habe ich etwas \"Beschi\u00df\" gemacht!:-)<br \/>Ich denke, aus den Bauphasenbildern kann man viel entnehmen - ich w\u00fcnsche viel Spa\u00df!<\/p>                <\/span>              <\/span>                              <\/div>          <\/div>                    <div class=\"bwg-extended-item\">            <div class=\"bwg-extended-item0\">              <a class=\"bwg-a bwg-album bwg_album_0\"                href='\/web\/index.php?rest_route=%2Fwp%2Fv2%2Fpages%2F2&#038;type_0=gallery&#038;album_gallery_id_0=150'                 style=\"font-size: 0;\"                 data-bwg=\"0\"                 data-container_id=\"bwg_album_extended_0\"                 data-alb_gal_id=\"150\"                 data-def_type=\"gallery\"                 data-title=\"W50 H\u00e4ckselgut-H\u00e4ngerzug\">                <div class=\"bwg-item0 bwg_album_thumb_0 \">                  <div class=\"bwg-item1 bwg_album_thumb_spun1_0\">                    <div class=\"bwg-item2\">                      <img class=\"skip-lazy \"                           data-width=\"500.00\"                           data-height=\"375.00\"                           data-src=\"http:\/\/www.transmar-logistik.de\/web\/wp-content\/uploads\/photo-gallery\/thumb\/IMG_0241.jpg?bwg=1673512444\"                           src=\"http:\/\/www.transmar-logistik.de\/web\/wp-content\/uploads\/photo-gallery\/thumb\/IMG_0241.jpg?bwg=1673512444\"                           alt=\"W50 H\u00e4ckselgut-H\u00e4ngerzug\"                           title=\"W50 H\u00e4ckselgut-H\u00e4ngerzug\" \/>                    <\/div>                  <\/div>                <\/div>              <\/a>            <\/div>            <div class=\"bwg-extended-item1\">                              <a class=\"bwg-album bwg_album_0\"                   href='\/web\/index.php?rest_route=%2Fwp%2Fv2%2Fpages%2F2&#038;type_0=gallery&#038;album_gallery_id_0=150'                   data-bwg=\"0\"                   data-container_id=\"bwg_album_extended_0\"                   data-alb_gal_id=\"150\"                   data-def_type=\"gallery\"                   data-title=\"W50 H\u00e4ckselgut-H\u00e4ngerzug\">                  <span class=\"bwg_title_spun_0\">W50 H\u00e4ckselgut-H\u00e4ngerzug<\/span>                <\/a>                                  <span class=\"bwg_description_spun1_0\">                <span class=\"bwg_description_short_0\">                  <p>Das SES-Modell ist schon recht gelungen, aber letztlich war dann doch mehr zu tun, als ich anfangs gedacht hatte.        Alle Kleinteile wurden abgetrennt und neue wieder angebaut.      Lenkung und bewegliche Hinterachse wurden montiert.     Die Aufbauten wurden stark ausged\u00fcnnt, um die Durchbr\u00fcche f\u00fcr die Gitter auszuarbeiten und Gerd Gehrmann\u00b4s Gitter einzusetzen.      Das H\u00e4ngerfahrgestell wurde komplett \u00fcberarbeitet und durch etliche Anbauteile erg\u00e4nzt.       Das FH wurde nach langen Diskussionen doch in TRANSMAR-Gr\u00fcn lackiert und das gesamte Modell mit Acrylfarben und dem Tamiya-Alterungsfarben gealtert.<br \/>         Die Fotos erfolgen nun endlich auch auf dem neuen Diorama!<\/p>                <\/span>              <\/span>                              <\/div>          <\/div>                    <div class=\"bwg-extended-item\">            <div class=\"bwg-extended-item0\">              <a class=\"bwg-a bwg-album bwg_album_0\"                href='\/web\/index.php?rest_route=%2Fwp%2Fv2%2Fpages%2F2&#038;type_0=gallery&#038;album_gallery_id_0=149'                 style=\"font-size: 0;\"                 data-bwg=\"0\"                 data-container_id=\"bwg_album_extended_0\"                 data-alb_gal_id=\"149\"                 data-def_type=\"gallery\"                 data-title=\"MB Actros 3 Lowliner ZGM\">                <div class=\"bwg-item0 bwg_album_thumb_0 \">                  <div class=\"bwg-item1 bwg_album_thumb_spun1_0\">                    <div class=\"bwg-item2\">                      <img class=\"skip-lazy \"                           data-width=\"500.00\"                           data-height=\"375.00\"                           data-src=\"http:\/\/www.transmar-logistik.de\/web\/wp-content\/uploads\/photo-gallery\/import\/thumb\/img_6913_bildgrose-andern.jpg?bwg=1673512444\"                           src=\"http:\/\/www.transmar-logistik.de\/web\/wp-content\/uploads\/photo-gallery\/import\/thumb\/img_6913_bildgrose-andern.jpg?bwg=1673512444\"                           alt=\"MB Actros 3 Lowliner ZGM\"                           title=\"MB Actros 3 Lowliner ZGM\" \/>                    <\/div>                  <\/div>                <\/div>              <\/a>            <\/div>            <div class=\"bwg-extended-item1\">                              <a class=\"bwg-album bwg_album_0\"                   href='\/web\/index.php?rest_route=%2Fwp%2Fv2%2Fpages%2F2&#038;type_0=gallery&#038;album_gallery_id_0=149'                   data-bwg=\"0\"                   data-container_id=\"bwg_album_extended_0\"                   data-alb_gal_id=\"149\"                   data-def_type=\"gallery\"                   data-title=\"MB Actros 3 Lowliner ZGM\">                  <span class=\"bwg_title_spun_0\">MB Actros 3 Lowliner ZGM<\/span>                <\/a>                                  <span class=\"bwg_description_spun1_0\">                <span class=\"bwg_description_short_0\">                  <p>... auch im neuen Farbkleid, aber keine Bange - es kommen auch wieder \"Gr\u00fcne\"!<\/p>                <\/span>              <\/span>                              <\/div>          <\/div>                    <div class=\"bwg-extended-item\">            <div class=\"bwg-extended-item0\">              <a class=\"bwg-a bwg-album bwg_album_0\"                href='\/web\/index.php?rest_route=%2Fwp%2Fv2%2Fpages%2F2&#038;type_0=gallery&#038;album_gallery_id_0=148'                 style=\"font-size: 0;\"                 data-bwg=\"0\"                 data-container_id=\"bwg_album_extended_0\"                 data-alb_gal_id=\"148\"                 data-def_type=\"gallery\"                 data-title=\"DAF 105XF mit Fliegl Vario 3 Containerchassis\">                <div class=\"bwg-item0 bwg_album_thumb_0 \">                  <div class=\"bwg-item1 bwg_album_thumb_spun1_0\">                    <div class=\"bwg-item2\">                      <img class=\"skip-lazy \"                           data-width=\"500.00\"                           data-height=\"375.00\"                           data-src=\"http:\/\/www.transmar-logistik.de\/web\/wp-content\/uploads\/photo-gallery\/import\/thumb\/img_6879_bildgrose-andern.jpg?bwg=1673512444\"                           src=\"http:\/\/www.transmar-logistik.de\/web\/wp-content\/uploads\/photo-gallery\/import\/thumb\/img_6879_bildgrose-andern.jpg?bwg=1673512444\"                           alt=\"DAF 105XF mit Fliegl Vario 3 Containerchassis\"                           title=\"DAF 105XF mit Fliegl Vario 3 Containerchassis\" \/>                    <\/div>                  <\/div>                <\/div>              <\/a>            <\/div>            <div class=\"bwg-extended-item1\">                              <a class=\"bwg-album bwg_album_0\"                   href='\/web\/index.php?rest_route=%2Fwp%2Fv2%2Fpages%2F2&#038;type_0=gallery&#038;album_gallery_id_0=148'                   data-bwg=\"0\"                   data-container_id=\"bwg_album_extended_0\"                   data-alb_gal_id=\"148\"                   data-def_type=\"gallery\"                   data-title=\"DAF 105XF mit Fliegl Vario 3 Containerchassis\">                  <span class=\"bwg_title_spun_0\">DAF 105XF mit Fliegl Vario 3 Containerchassis<\/span>                <\/a>                                  <span class=\"bwg_description_spun1_0\">                <span class=\"bwg_description_short_0\">                  <p>Auch der DAF bekam die neue Farbgebung - ich finde , sie steht ihm recht gut!<br \/>Das Fahrgestell wurde vorbildgerecht \u00fcberarbeitet.<br \/>Das Containerchassis (auf Herpa-Basis) ist an Front, Heck und der Mitte ausziehbar.<\/p>                <\/span>              <\/span>                              <\/div>          <\/div>                    <div class=\"bwg-extended-item\">            <div class=\"bwg-extended-item0\">              <a class=\"bwg-a bwg-album bwg_album_0\"                href='\/web\/index.php?rest_route=%2Fwp%2Fv2%2Fpages%2F2&#038;type_0=gallery&#038;album_gallery_id_0=147'                 style=\"font-size: 0;\"                 data-bwg=\"0\"                 data-container_id=\"bwg_album_extended_0\"                 data-alb_gal_id=\"147\"                 data-def_type=\"gallery\"                 data-title=\"Scania Streamline Containersattelzug\">                <div class=\"bwg-item0 bwg_album_thumb_0 \">                  <div class=\"bwg-item1 bwg_album_thumb_spun1_0\">                    <div class=\"bwg-item2\">                      <img class=\"skip-lazy \"                           data-width=\"500.00\"                           data-height=\"375.00\"                           data-src=\"http:\/\/www.transmar-logistik.de\/web\/wp-content\/uploads\/photo-gallery\/import\/thumb\/img_6844_bildgrose-andern.jpg?bwg=1673512444\"                           src=\"http:\/\/www.transmar-logistik.de\/web\/wp-content\/uploads\/photo-gallery\/import\/thumb\/img_6844_bildgrose-andern.jpg?bwg=1673512444\"                           alt=\"Scania Streamline Containersattelzug\"                           title=\"Scania Streamline Containersattelzug\" \/>                    <\/div>                  <\/div>                <\/div>              <\/a>            <\/div>            <div class=\"bwg-extended-item1\">                              <a class=\"bwg-album bwg_album_0\"                   href='\/web\/index.php?rest_route=%2Fwp%2Fv2%2Fpages%2F2&#038;type_0=gallery&#038;album_gallery_id_0=147'                   data-bwg=\"0\"                   data-container_id=\"bwg_album_extended_0\"                   data-alb_gal_id=\"147\"                   data-def_type=\"gallery\"                   data-title=\"Scania Streamline Containersattelzug\">                  <span class=\"bwg_title_spun_0\">Scania Streamline Containersattelzug<\/span>                <\/a>                                  <span class=\"bwg_description_spun1_0\">                <span class=\"bwg_description_short_0\">                  <p>Eine neue Farbe bei TRANSMAR!<br \/>Zun\u00e4chst nur als Experiment gedacht werde ich wohl das eine oder andere Modell so lackieren. Und der Streamline ist einfach ein sch\u00f6nes Auto!<\/p>                <\/span>              <\/span>                              <\/div>          <\/div>                    <div class=\"bwg-extended-item\">            <div class=\"bwg-extended-item0\">              <a class=\"bwg-a bwg-album bwg_album_0\"                href='\/web\/index.php?rest_route=%2Fwp%2Fv2%2Fpages%2F2&#038;type_0=gallery&#038;album_gallery_id_0=146'                 style=\"font-size: 0;\"                 data-bwg=\"0\"                 data-container_id=\"bwg_album_extended_0\"                 data-alb_gal_id=\"146\"                 data-def_type=\"gallery\"                 data-title=\"Iveco Stralis Planenh\u00e4ngerzug\">                <div class=\"bwg-item0 bwg_album_thumb_0 \">                  <div class=\"bwg-item1 bwg_album_thumb_spun1_0\">                    <div class=\"bwg-item2\">                      <img class=\"skip-lazy \"                           data-width=\"500.00\"                           data-height=\"375.00\"                           data-src=\"http:\/\/www.transmar-logistik.de\/web\/wp-content\/uploads\/photo-gallery\/import\/thumb\/img_6826_bildgrose-andern.jpg?bwg=1673512444\"                           src=\"http:\/\/www.transmar-logistik.de\/web\/wp-content\/uploads\/photo-gallery\/import\/thumb\/img_6826_bildgrose-andern.jpg?bwg=1673512444\"                           alt=\"Iveco Stralis Planenh\u00e4ngerzug\"                           title=\"Iveco Stralis Planenh\u00e4ngerzug\" \/>                    <\/div>                  <\/div>                <\/div>              <\/a>            <\/div>            <div class=\"bwg-extended-item1\">                              <a class=\"bwg-album bwg_album_0\"                   href='\/web\/index.php?rest_route=%2Fwp%2Fv2%2Fpages%2F2&#038;type_0=gallery&#038;album_gallery_id_0=146'                   data-bwg=\"0\"                   data-container_id=\"bwg_album_extended_0\"                   data-alb_gal_id=\"146\"                   data-def_type=\"gallery\"                   data-title=\"Iveco Stralis Planenh\u00e4ngerzug\">                  <span class=\"bwg_title_spun_0\">Iveco Stralis Planenh\u00e4ngerzug<\/span>                <\/a>                                  <span class=\"bwg_description_spun1_0\">                <span class=\"bwg_description_short_0\">                  <p>ramponiert und ungepflegt - ohne Worte!<\/p>                <\/span>              <\/span>                              <\/div>          <\/div>                    <div class=\"bwg-extended-item\">            <div class=\"bwg-extended-item0\">              <a class=\"bwg-a bwg-album bwg_album_0\"                href='\/web\/index.php?rest_route=%2Fwp%2Fv2%2Fpages%2F2&#038;type_0=gallery&#038;album_gallery_id_0=145'                 style=\"font-size: 0;\"                 data-bwg=\"0\"                 data-container_id=\"bwg_album_extended_0\"                 data-alb_gal_id=\"145\"                 data-def_type=\"gallery\"                 data-title=\"Scania Hauber Longline mit Feldbinder-Eutersilo-Auflieger\">                <div class=\"bwg-item0 bwg_album_thumb_0 \">                  <div class=\"bwg-item1 bwg_album_thumb_spun1_0\">                    <div class=\"bwg-item2\">                      <img class=\"skip-lazy \"                           data-width=\"500.00\"                           data-height=\"375.00\"                           data-src=\"http:\/\/www.transmar-logistik.de\/web\/wp-content\/uploads\/photo-gallery\/import\/thumb\/img_6577_bildgrose-andern.jpg?bwg=1673512444\"                           src=\"http:\/\/www.transmar-logistik.de\/web\/wp-content\/uploads\/photo-gallery\/import\/thumb\/img_6577_bildgrose-andern.jpg?bwg=1673512444\"                           alt=\"Scania Hauber Longline mit Feldbinder-Eutersilo-Auflieger\"                           title=\"Scania Hauber Longline mit Feldbinder-Eutersilo-Auflieger\" \/>                    <\/div>                  <\/div>                <\/div>              <\/a>            <\/div>            <div class=\"bwg-extended-item1\">                              <a class=\"bwg-album bwg_album_0\"                   href='\/web\/index.php?rest_route=%2Fwp%2Fv2%2Fpages%2F2&#038;type_0=gallery&#038;album_gallery_id_0=145'                   data-bwg=\"0\"                   data-container_id=\"bwg_album_extended_0\"                   data-alb_gal_id=\"145\"                   data-def_type=\"gallery\"                   data-title=\"Scania Hauber Longline mit Feldbinder-Eutersilo-Auflieger\">                  <span class=\"bwg_title_spun_0\">Scania Hauber Longline mit Feldbinder-Eutersilo-Auflieger<\/span>                <\/a>                                  <span class=\"bwg_description_spun1_0\">                <span class=\"bwg_description_short_0\">                  <p>\" Der Longline-Bausatz mu\u00dfte auch mal weg! \"  - Fahrgestellbasis ist das normale Scania 3achs FG von Herpa, am Herpa Eutersilo wurde viel ge\u00e4ndert, u.a. auch die Achsposition.<br \/>Verchromt wurde mit ALCLAD II.  (Sommer 2009)<\/p>                <\/span>              <\/span>                              <\/div>          <\/div>                    <div class=\"bwg-extended-item\">            <div class=\"bwg-extended-item0\">              <a class=\"bwg-a bwg-album bwg_album_0\"                href='\/web\/index.php?rest_route=%2Fwp%2Fv2%2Fpages%2F2&#038;type_0=gallery&#038;album_gallery_id_0=144'                 style=\"font-size: 0;\"                 data-bwg=\"0\"                 data-container_id=\"bwg_album_extended_0\"                 data-alb_gal_id=\"144\"                 data-def_type=\"gallery\"                 data-title=\"der neue IVECO Stralis\">                <div class=\"bwg-item0 bwg_album_thumb_0 \">                  <div class=\"bwg-item1 bwg_album_thumb_spun1_0\">                    <div class=\"bwg-item2\">                      <img class=\"skip-lazy \"                           data-width=\"500.00\"                           data-height=\"375.00\"                           data-src=\"http:\/\/www.transmar-logistik.de\/web\/wp-content\/uploads\/photo-gallery\/import\/thumb\/img_3644_bildgrose-andern.jpg?bwg=1673512444\"                           src=\"http:\/\/www.transmar-logistik.de\/web\/wp-content\/uploads\/photo-gallery\/import\/thumb\/img_3644_bildgrose-andern.jpg?bwg=1673512444\"                           alt=\"der neue IVECO Stralis\"                           title=\"der neue IVECO Stralis\" \/>                    <\/div>                  <\/div>                <\/div>              <\/a>            <\/div>            <div class=\"bwg-extended-item1\">                              <a class=\"bwg-album bwg_album_0\"                   href='\/web\/index.php?rest_route=%2Fwp%2Fv2%2Fpages%2F2&#038;type_0=gallery&#038;album_gallery_id_0=144'                   data-bwg=\"0\"                   data-container_id=\"bwg_album_extended_0\"                   data-alb_gal_id=\"144\"                   data-def_type=\"gallery\"                   data-title=\"der neue IVECO Stralis\">                  <span class=\"bwg_title_spun_0\">der neue IVECO Stralis<\/span>                <\/a>                                  <span class=\"bwg_description_spun1_0\">                <span class=\"bwg_description_short_0\">                  <p>- als Spezialtransporter der Firma Meusburger  -  Auch an diesem Modell ist der Eigenbauanteil hoch! Ich hoffe, da\u00df die Bauphasenbilder einen gewissen Eindruck vermitteln! Auch dieses Modell ist eine gute Werbung f\u00fcr die Bleche von Gerd Gehrmann.<\/p>                <\/span>              <\/span>                              <\/div>          <\/div>                    <div class=\"bwg-extended-item\">            <div class=\"bwg-extended-item0\">              <a class=\"bwg-a bwg-album bwg_album_0\"                href='\/web\/index.php?rest_route=%2Fwp%2Fv2%2Fpages%2F2&#038;type_0=gallery&#038;album_gallery_id_0=143'                 style=\"font-size: 0;\"                 data-bwg=\"0\"                 data-container_id=\"bwg_album_extended_0\"                 data-alb_gal_id=\"143\"                 data-def_type=\"gallery\"                 data-title=\"schwarzer Scania K\u00fchlsattelzug\">                <div class=\"bwg-item0 bwg_album_thumb_0 \">                  <div class=\"bwg-item1 bwg_album_thumb_spun1_0\">                    <div class=\"bwg-item2\">                      <img class=\"skip-lazy \"                           data-width=\"500.00\"                           data-height=\"375.00\"                           data-src=\"http:\/\/www.transmar-logistik.de\/web\/wp-content\/uploads\/photo-gallery\/import\/thumb\/img_5896_bildgrose-andern.jpg?bwg=1673512444\"                           src=\"http:\/\/www.transmar-logistik.de\/web\/wp-content\/uploads\/photo-gallery\/import\/thumb\/img_5896_bildgrose-andern.jpg?bwg=1673512444\"                           alt=\"schwarzer Scania K\u00fchlsattelzug\"                           title=\"schwarzer Scania K\u00fchlsattelzug\" \/>                    <\/div>                  <\/div>                <\/div>              <\/a>            <\/div>            <div class=\"bwg-extended-item1\">                              <a class=\"bwg-album bwg_album_0\"                   href='\/web\/index.php?rest_route=%2Fwp%2Fv2%2Fpages%2F2&#038;type_0=gallery&#038;album_gallery_id_0=143'                   data-bwg=\"0\"                   data-container_id=\"bwg_album_extended_0\"                   data-alb_gal_id=\"143\"                   data-def_type=\"gallery\"                   data-title=\"schwarzer Scania K\u00fchlsattelzug\">                  <span class=\"bwg_title_spun_0\">schwarzer Scania K\u00fchlsattelzug<\/span>                <\/a>                                  <span class=\"bwg_description_spun1_0\">                <span class=\"bwg_description_short_0\">                  <p>Schwarz! Tief!  Stark!<\/p>                <\/span>              <\/span>                              <\/div>          <\/div>                    <div class=\"bwg-extended-item\">            <div class=\"bwg-extended-item0\">              <a class=\"bwg-a bwg-album bwg_album_0\"                href='\/web\/index.php?rest_route=%2Fwp%2Fv2%2Fpages%2F2&#038;type_0=gallery&#038;album_gallery_id_0=142'                 style=\"font-size: 0;\"                 data-bwg=\"0\"                 data-container_id=\"bwg_album_extended_0\"                 data-alb_gal_id=\"142\"                 data-def_type=\"gallery\"                 data-title=\"Scania R Terminal Zugmaschine mit hydraulischer Sattelplatte\">                <div class=\"bwg-item0 bwg_album_thumb_0 \">                  <div class=\"bwg-item1 bwg_album_thumb_spun1_0\">                    <div class=\"bwg-item2\">                      <img class=\"skip-lazy \"                           data-width=\"500.00\"                           data-height=\"375.00\"                           data-src=\"http:\/\/www.transmar-logistik.de\/web\/wp-content\/uploads\/photo-gallery\/import\/thumb\/img_5813_bildgrose-andern.jpg?bwg=1673512444\"                           src=\"http:\/\/www.transmar-logistik.de\/web\/wp-content\/uploads\/photo-gallery\/import\/thumb\/img_5813_bildgrose-andern.jpg?bwg=1673512444\"                           alt=\"Scania R Terminal Zugmaschine mit hydraulischer Sattelplatte\"                           title=\"Scania R Terminal Zugmaschine mit hydraulischer Sattelplatte\" \/>                    <\/div>                  <\/div>                <\/div>              <\/a>            <\/div>            <div class=\"bwg-extended-item1\">                              <a class=\"bwg-album bwg_album_0\"                   href='\/web\/index.php?rest_route=%2Fwp%2Fv2%2Fpages%2F2&#038;type_0=gallery&#038;album_gallery_id_0=142'                   data-bwg=\"0\"                   data-container_id=\"bwg_album_extended_0\"                   data-alb_gal_id=\"142\"                   data-def_type=\"gallery\"                   data-title=\"Scania R Terminal Zugmaschine mit hydraulischer Sattelplatte\">                  <span class=\"bwg_title_spun_0\">Scania R Terminal Zugmaschine mit hydraulischer Sattelplatte<\/span>                <\/a>                                  <span class=\"bwg_description_spun1_0\">                <span class=\"bwg_description_short_0\">                  <p>Dieses Modell habe ich gebaut, nachdem ich ein konkretes Vorbild in D\u00e4nemark (Esbjerg) gesehen hatte. Die Decals aus der Trailer-Serie von TL-Decals sind Klasse - auf der Seite von TL-Decals dient dieses Trailermodell als Vorbildfoto!<\/p>                <\/span>              <\/span>                              <\/div>          <\/div>                    <div class=\"bwg-extended-item\">            <div class=\"bwg-extended-item0\">              <a class=\"bwg-a bwg-album bwg_album_0\"                href='\/web\/index.php?rest_route=%2Fwp%2Fv2%2Fpages%2F2&#038;type_0=gallery&#038;album_gallery_id_0=141'                 style=\"font-size: 0;\"                 data-bwg=\"0\"                 data-container_id=\"bwg_album_extended_0\"                 data-alb_gal_id=\"141\"                 data-def_type=\"gallery\"                 data-title=\"Scania Baustoffh\u00e4ngerzug\">                <div class=\"bwg-item0 bwg_album_thumb_0 \">                  <div class=\"bwg-item1 bwg_album_thumb_spun1_0\">                    <div class=\"bwg-item2\">                      <img class=\"skip-lazy \"                           data-width=\"500.00\"                           data-height=\"375.00\"                           data-src=\"http:\/\/www.transmar-logistik.de\/web\/wp-content\/uploads\/photo-gallery\/import\/thumb\/img_5770_bildgrose-andern.jpg?bwg=1673512444\"                           src=\"http:\/\/www.transmar-logistik.de\/web\/wp-content\/uploads\/photo-gallery\/import\/thumb\/img_5770_bildgrose-andern.jpg?bwg=1673512444\"                           alt=\"Scania Baustoffh\u00e4ngerzug\"                           title=\"Scania Baustoffh\u00e4ngerzug\" \/>                    <\/div>                  <\/div>                <\/div>              <\/a>            <\/div>            <div class=\"bwg-extended-item1\">                              <a class=\"bwg-album bwg_album_0\"                   href='\/web\/index.php?rest_route=%2Fwp%2Fv2%2Fpages%2F2&#038;type_0=gallery&#038;album_gallery_id_0=141'                   data-bwg=\"0\"                   data-container_id=\"bwg_album_extended_0\"                   data-alb_gal_id=\"141\"                   data-def_type=\"gallery\"                   data-title=\"Scania Baustoffh\u00e4ngerzug\">                  <span class=\"bwg_title_spun_0\">Scania Baustoffh\u00e4ngerzug<\/span>                <\/a>                                  <span class=\"bwg_description_spun1_0\">                <span class=\"bwg_description_short_0\">                  <p>Zu tief ??    -    Sowas gibt\u00b4s gar nicht?!  -  Irrtum !  - schaut Euch den Mattersdorfer-Scania-H\u00e4ngerzug aus \u00d6sterreich an!<\/p>                <\/span>              <\/span>                              <\/div>          <\/div>                    <div class=\"bwg-extended-item\">            <div class=\"bwg-extended-item0\">              <a class=\"bwg-a bwg-album bwg_album_0\"                href='\/web\/index.php?rest_route=%2Fwp%2Fv2%2Fpages%2F2&#038;type_0=gallery&#038;album_gallery_id_0=140'                 style=\"font-size: 0;\"                 data-bwg=\"0\"                 data-container_id=\"bwg_album_extended_0\"                 data-alb_gal_id=\"140\"                 data-def_type=\"gallery\"                 data-title=\"MAN TGA Steintransporter\">                <div class=\"bwg-item0 bwg_album_thumb_0 \">                  <div class=\"bwg-item1 bwg_album_thumb_spun1_0\">                    <div class=\"bwg-item2\">                      <img class=\"skip-lazy \"                           data-width=\"500.00\"                           data-height=\"375.00\"                           data-src=\"http:\/\/www.transmar-logistik.de\/web\/wp-content\/uploads\/photo-gallery\/import\/thumb\/img_5624333.jpg?bwg=1673512444\"                           src=\"http:\/\/www.transmar-logistik.de\/web\/wp-content\/uploads\/photo-gallery\/import\/thumb\/img_5624333.jpg?bwg=1673512444\"                           alt=\"MAN TGA Steintransporter\"                           title=\"MAN TGA Steintransporter\" \/>                    <\/div>                  <\/div>                <\/div>              <\/a>            <\/div>            <div class=\"bwg-extended-item1\">                              <a class=\"bwg-album bwg_album_0\"                   href='\/web\/index.php?rest_route=%2Fwp%2Fv2%2Fpages%2F2&#038;type_0=gallery&#038;album_gallery_id_0=140'                   data-bwg=\"0\"                   data-container_id=\"bwg_album_extended_0\"                   data-alb_gal_id=\"140\"                   data-def_type=\"gallery\"                   data-title=\"MAN TGA Steintransporter\">                  <span class=\"bwg_title_spun_0\">MAN TGA Steintransporter<\/span>                <\/a>                                  <span class=\"bwg_description_spun1_0\">                <span class=\"bwg_description_short_0\">                  <p>Dieses Fahrzeug habe ich f\u00fcr Gerd Gehrmann gebaut, denn wir wollten seine neuen Ladebordwand-Gitter ausprobieren, au\u00dferdem hatte er die Baus\u00e4tze von Carsten Glaubitz spendiert. Letzterer wurde nat\u00fcrlich modifiziert - leider habe ich den \u00d6ffnungsmechanismus f\u00fcr die Seitenw\u00e4nde vergessen.<br \/>Der HIAB Ladekran war ehemals ein Herpa-Teil.<\/p>                <\/span>              <\/span>                              <\/div>          <\/div>                    <div class=\"bwg-extended-item\">            <div class=\"bwg-extended-item0\">              <a class=\"bwg-a bwg-album bwg_album_0\"                href='\/web\/index.php?rest_route=%2Fwp%2Fv2%2Fpages%2F2&#038;type_0=gallery&#038;album_gallery_id_0=137'                 style=\"font-size: 0;\"                 data-bwg=\"0\"                 data-container_id=\"bwg_album_extended_0\"                 data-alb_gal_id=\"137\"                 data-def_type=\"gallery\"                 data-title=\"ein alter FH12 mit Megaplanensattel\">                <div class=\"bwg-item0 bwg_album_thumb_0 \">                  <div class=\"bwg-item1 bwg_album_thumb_spun1_0\">                    <div class=\"bwg-item2\">                      <img class=\"skip-lazy \"                           data-width=\"500.00\"                           data-height=\"375.00\"                           data-src=\"http:\/\/www.transmar-logistik.de\/web\/wp-content\/uploads\/photo-gallery\/thumb\/IMG_5720.jpg?bwg=1673512444\"                           src=\"http:\/\/www.transmar-logistik.de\/web\/wp-content\/uploads\/photo-gallery\/thumb\/IMG_5720.jpg?bwg=1673512444\"                           alt=\"ein alter FH12 mit Megaplanensattel\"                           title=\"ein alter FH12 mit Megaplanensattel\" \/>                    <\/div>                  <\/div>                <\/div>              <\/a>            <\/div>            <div class=\"bwg-extended-item1\">                              <a class=\"bwg-album bwg_album_0\"                   href='\/web\/index.php?rest_route=%2Fwp%2Fv2%2Fpages%2F2&#038;type_0=gallery&#038;album_gallery_id_0=137'                   data-bwg=\"0\"                   data-container_id=\"bwg_album_extended_0\"                   data-alb_gal_id=\"137\"                   data-def_type=\"gallery\"                   data-title=\"ein alter FH12 mit Megaplanensattel\">                  <span class=\"bwg_title_spun_0\">ein alter FH12 mit Megaplanensattel<\/span>                <\/a>                                  <span class=\"bwg_description_spun1_0\">                <span class=\"bwg_description_short_0\">                  <p>Auch im direkten Vergleich mu\u00df sich der alte Volvo nicht verstecken!<br \/>Im \u00dcbrigen haben alle TRANSMAR - Fahrzeuge mit d\u00e4nischer Zulassung auch die entsprechend vorgeschriebene Ident-Nummer. <\/p>                <\/span>              <\/span>                              <\/div>          <\/div>                    <div class=\"bwg-extended-item\">            <div class=\"bwg-extended-item0\">              <a class=\"bwg-a bwg-album bwg_album_0\"                href='\/web\/index.php?rest_route=%2Fwp%2Fv2%2Fpages%2F2&#038;type_0=gallery&#038;album_gallery_id_0=136'                 style=\"font-size: 0;\"                 data-bwg=\"0\"                 data-container_id=\"bwg_album_extended_0\"                 data-alb_gal_id=\"136\"                 data-def_type=\"gallery\"                 data-title=\"MB Actros 3\">                <div class=\"bwg-item0 bwg_album_thumb_0 \">                  <div class=\"bwg-item1 bwg_album_thumb_spun1_0\">                    <div class=\"bwg-item2\">                      <img class=\"skip-lazy \"                           data-width=\"500.00\"                           data-height=\"375.00\"                           data-src=\"http:\/\/www.transmar-logistik.de\/web\/wp-content\/uploads\/photo-gallery\/thumb\/IMG_5242.jpg?bwg=1673512444\"                           src=\"http:\/\/www.transmar-logistik.de\/web\/wp-content\/uploads\/photo-gallery\/thumb\/IMG_5242.jpg?bwg=1673512444\"                           alt=\"MB Actros 3\"                           title=\"MB Actros 3\" \/>                    <\/div>                  <\/div>                <\/div>              <\/a>            <\/div>            <div class=\"bwg-extended-item1\">                              <a class=\"bwg-album bwg_album_0\"                   href='\/web\/index.php?rest_route=%2Fwp%2Fv2%2Fpages%2F2&#038;type_0=gallery&#038;album_gallery_id_0=136'                   data-bwg=\"0\"                   data-container_id=\"bwg_album_extended_0\"                   data-alb_gal_id=\"136\"                   data-def_type=\"gallery\"                   data-title=\"MB Actros 3\">                  <span class=\"bwg_title_spun_0\">MB Actros 3<\/span>                <\/a>                                  <span class=\"bwg_description_spun1_0\">                <span class=\"bwg_description_short_0\">                  <p>Die Zugmaschine wurde wieder mit lenk-und liftbarer Vorlaufachse ausgef\u00fchrt. (nur liftbar gibt\u00b4s ja jetzt fertig bei Herpa im Teile-Service)<br \/>Au\u00dferdem erfolgte nach reger Diskussion die nun ausreichende aber aufw\u00e4ndige Ladungssicherung! Auf den Bildern ist zu sehen, wieviel ich noch \"nachlegen\" mu\u00dfte, bevor ich fahren durfte!:-)<\/p>                <\/span>              <\/span>                              <\/div>          <\/div>                    <div class=\"bwg-extended-item\">            <div class=\"bwg-extended-item0\">              <a class=\"bwg-a bwg-album bwg_album_0\"                href='\/web\/index.php?rest_route=%2Fwp%2Fv2%2Fpages%2F2&#038;type_0=gallery&#038;album_gallery_id_0=135'                 style=\"font-size: 0;\"                 data-bwg=\"0\"                 data-container_id=\"bwg_album_extended_0\"                 data-alb_gal_id=\"135\"                 data-def_type=\"gallery\"                 data-title=\"DAF 105XF PEZZAIOLI Viehtransport-H\u00e4ngerzug\">                <div class=\"bwg-item0 bwg_album_thumb_0 \">                  <div class=\"bwg-item1 bwg_album_thumb_spun1_0\">                    <div class=\"bwg-item2\">                      <img class=\"skip-lazy \"                           data-width=\"500.00\"                           data-height=\"375.00\"                           data-src=\"http:\/\/www.transmar-logistik.de\/web\/wp-content\/uploads\/photo-gallery\/thumb\/IMG_5158.jpg?bwg=1673512444\"                           src=\"http:\/\/www.transmar-logistik.de\/web\/wp-content\/uploads\/photo-gallery\/thumb\/IMG_5158.jpg?bwg=1673512444\"                           alt=\"DAF 105XF PEZZAIOLI Viehtransport-H\u00e4ngerzug\"                           title=\"DAF 105XF PEZZAIOLI Viehtransport-H\u00e4ngerzug\" \/>                    <\/div>                  <\/div>                <\/div>              <\/a>            <\/div>            <div class=\"bwg-extended-item1\">                              <a class=\"bwg-album bwg_album_0\"                   href='\/web\/index.php?rest_route=%2Fwp%2Fv2%2Fpages%2F2&#038;type_0=gallery&#038;album_gallery_id_0=135'                   data-bwg=\"0\"                   data-container_id=\"bwg_album_extended_0\"                   data-alb_gal_id=\"135\"                   data-def_type=\"gallery\"                   data-title=\"DAF 105XF PEZZAIOLI Viehtransport-H\u00e4ngerzug\">                  <span class=\"bwg_title_spun_0\">DAF 105XF PEZZAIOLI Viehtransport-H\u00e4ngerzug<\/span>                <\/a>                                  <span class=\"bwg_description_spun1_0\">                <span class=\"bwg_description_short_0\">                  <p>Der KIBRI Bausatz wurde fast bis zur Unkenntlichkeit \"entstellt\"!<\/p>                <\/span>              <\/span>                              <\/div>          <\/div>                    <div class=\"bwg-extended-item\">            <div class=\"bwg-extended-item0\">              <a class=\"bwg-a bwg-album bwg_album_0\"                href='\/web\/index.php?rest_route=%2Fwp%2Fv2%2Fpages%2F2&#038;type_0=gallery&#038;album_gallery_id_0=134'                 style=\"font-size: 0;\"                 data-bwg=\"0\"                 data-container_id=\"bwg_album_extended_0\"                 data-alb_gal_id=\"134\"                 data-def_type=\"gallery\"                 data-title=\"DAF 105XF Lowliner Zugmaschine\">                <div class=\"bwg-item0 bwg_album_thumb_0 \">                  <div class=\"bwg-item1 bwg_album_thumb_spun1_0\">                    <div class=\"bwg-item2\">                      <img class=\"skip-lazy \"                           data-width=\"500.00\"                           data-height=\"375.00\"                           data-src=\"http:\/\/www.transmar-logistik.de\/web\/wp-content\/uploads\/photo-gallery\/thumb\/IMG_5134.jpg?bwg=1673512444\"                           src=\"http:\/\/www.transmar-logistik.de\/web\/wp-content\/uploads\/photo-gallery\/thumb\/IMG_5134.jpg?bwg=1673512444\"                           alt=\"DAF 105XF Lowliner Zugmaschine\"                           title=\"DAF 105XF Lowliner Zugmaschine\" \/>                    <\/div>                  <\/div>                <\/div>              <\/a>            <\/div>            <div class=\"bwg-extended-item1\">                              <a class=\"bwg-album bwg_album_0\"                   href='\/web\/index.php?rest_route=%2Fwp%2Fv2%2Fpages%2F2&#038;type_0=gallery&#038;album_gallery_id_0=134'                   data-bwg=\"0\"                   data-container_id=\"bwg_album_extended_0\"                   data-alb_gal_id=\"134\"                   data-def_type=\"gallery\"                   data-title=\"DAF 105XF Lowliner Zugmaschine\">                  <span class=\"bwg_title_spun_0\">DAF 105XF Lowliner Zugmaschine<\/span>                <\/a>                                  <span class=\"bwg_description_spun1_0\">                <span class=\"bwg_description_short_0\">                  <p>Das Herpa-Modell wurde kaum modifiziert - nur tiefergelegt und in einer f\u00fcr TRANSMAR untypischen Farbe lackiert.<\/p>                <\/span>              <\/span>                              <\/div>          <\/div>                    <div class=\"bwg-extended-item\">            <div class=\"bwg-extended-item0\">              <a class=\"bwg-a bwg-album bwg_album_0\"                href='\/web\/index.php?rest_route=%2Fwp%2Fv2%2Fpages%2F2&#038;type_0=gallery&#038;album_gallery_id_0=133'                 style=\"font-size: 0;\"                 data-bwg=\"0\"                 data-container_id=\"bwg_album_extended_0\"                 data-alb_gal_id=\"133\"                 data-def_type=\"gallery\"                 data-title=\"Scania 143 Wechselbr\u00fcckenh\u00e4ngerzug\">                <div class=\"bwg-item0 bwg_album_thumb_0 \">                  <div class=\"bwg-item1 bwg_album_thumb_spun1_0\">                    <div class=\"bwg-item2\">                      <img class=\"skip-lazy \"                           data-width=\"500.00\"                           data-height=\"375.00\"                           data-src=\"http:\/\/www.transmar-logistik.de\/web\/wp-content\/uploads\/photo-gallery\/thumb\/IMG_5128.jpg?bwg=1673512444\"                           src=\"http:\/\/www.transmar-logistik.de\/web\/wp-content\/uploads\/photo-gallery\/thumb\/IMG_5128.jpg?bwg=1673512444\"                           alt=\"Scania 143 Wechselbr\u00fcckenh\u00e4ngerzug\"                           title=\"Scania 143 Wechselbr\u00fcckenh\u00e4ngerzug\" \/>                    <\/div>                  <\/div>                <\/div>              <\/a>            <\/div>            <div class=\"bwg-extended-item1\">                              <a class=\"bwg-album bwg_album_0\"                   href='\/web\/index.php?rest_route=%2Fwp%2Fv2%2Fpages%2F2&#038;type_0=gallery&#038;album_gallery_id_0=133'                   data-bwg=\"0\"                   data-container_id=\"bwg_album_extended_0\"                   data-alb_gal_id=\"133\"                   data-def_type=\"gallery\"                   data-title=\"Scania 143 Wechselbr\u00fcckenh\u00e4ngerzug\">                  <span class=\"bwg_title_spun_0\">Scania 143 Wechselbr\u00fcckenh\u00e4ngerzug<\/span>                <\/a>                            <\/div>          <\/div>                    <div class=\"bwg-extended-item\">            <div class=\"bwg-extended-item0\">              <a class=\"bwg-a bwg-album bwg_album_0\"                href='\/web\/index.php?rest_route=%2Fwp%2Fv2%2Fpages%2F2&#038;type_0=gallery&#038;album_gallery_id_0=132'                 style=\"font-size: 0;\"                 data-bwg=\"0\"                 data-container_id=\"bwg_album_extended_0\"                 data-alb_gal_id=\"132\"                 data-def_type=\"gallery\"                 data-title=\"Scania 144 Volumenplanensattelzug\">                <div class=\"bwg-item0 bwg_album_thumb_0 \">                  <div class=\"bwg-item1 bwg_album_thumb_spun1_0\">                    <div class=\"bwg-item2\">                      <img class=\"skip-lazy \"                           data-width=\"500.00\"                           data-height=\"375.00\"                           data-src=\"http:\/\/www.transmar-logistik.de\/web\/wp-content\/uploads\/photo-gallery\/thumb\/IMG_4704.jpg?bwg=1673512444\"                           src=\"http:\/\/www.transmar-logistik.de\/web\/wp-content\/uploads\/photo-gallery\/thumb\/IMG_4704.jpg?bwg=1673512444\"                           alt=\"Scania 144 Volumenplanensattelzug\"                           title=\"Scania 144 Volumenplanensattelzug\" \/>                    <\/div>                  <\/div>                <\/div>              <\/a>            <\/div>            <div class=\"bwg-extended-item1\">                              <a class=\"bwg-album bwg_album_0\"                   href='\/web\/index.php?rest_route=%2Fwp%2Fv2%2Fpages%2F2&#038;type_0=gallery&#038;album_gallery_id_0=132'                   data-bwg=\"0\"                   data-container_id=\"bwg_album_extended_0\"                   data-alb_gal_id=\"132\"                   data-def_type=\"gallery\"                   data-title=\"Scania 144 Volumenplanensattelzug\">                  <span class=\"bwg_title_spun_0\">Scania 144 Volumenplanensattelzug<\/span>                <\/a>                                  <span class=\"bwg_description_spun1_0\">                <span class=\"bwg_description_short_0\">                  <p>Ich wollte einfach mal dieses wunderbare Rot ausprobieren!<br \/>Der Schwarzm\u00fcller-Auflieger (Herpa-Basis) wurde stark \u00fcberarbeitet, alle Teile wie Bordw\u00e4nde, Scharniere etc. wurden extra aufgesetzt. Die Plane entstand aus zwei alten ROCO-Planen. (Sommer 2008)<\/p>                <\/span>              <\/span>                              <\/div>          <\/div>                    <div class=\"bwg-extended-item\">            <div class=\"bwg-extended-item0\">              <a class=\"bwg-a bwg-album bwg_album_0\"                href='\/web\/index.php?rest_route=%2Fwp%2Fv2%2Fpages%2F2&#038;type_0=gallery&#038;album_gallery_id_0=131'                 style=\"font-size: 0;\"                 data-bwg=\"0\"                 data-container_id=\"bwg_album_extended_0\"                 data-alb_gal_id=\"131\"                 data-def_type=\"gallery\"                 data-title=\"Der neue MB Actros 3\">                <div class=\"bwg-item0 bwg_album_thumb_0 \">                  <div class=\"bwg-item1 bwg_album_thumb_spun1_0\">                    <div class=\"bwg-item2\">                      <img class=\"skip-lazy \"                           data-width=\"500.00\"                           data-height=\"375.00\"                           data-src=\"http:\/\/www.transmar-logistik.de\/web\/wp-content\/uploads\/photo-gallery\/import\/thumb\/img_4652_bildgrose-andern.jpg?bwg=1673512444\"                           src=\"http:\/\/www.transmar-logistik.de\/web\/wp-content\/uploads\/photo-gallery\/import\/thumb\/img_4652_bildgrose-andern.jpg?bwg=1673512444\"                           alt=\"Der neue MB Actros 3\"                           title=\"Der neue MB Actros 3\" \/>                    <\/div>                  <\/div>                <\/div>              <\/a>            <\/div>            <div class=\"bwg-extended-item1\">                              <a class=\"bwg-album bwg_album_0\"                   href='\/web\/index.php?rest_route=%2Fwp%2Fv2%2Fpages%2F2&#038;type_0=gallery&#038;album_gallery_id_0=131'                   data-bwg=\"0\"                   data-container_id=\"bwg_album_extended_0\"                   data-alb_gal_id=\"131\"                   data-def_type=\"gallery\"                   data-title=\"Der neue MB Actros 3\">                  <span class=\"bwg_title_spun_0\">Der neue MB Actros 3<\/span>                <\/a>                                  <span class=\"bwg_description_spun1_0\">                <span class=\"bwg_description_short_0\">                  <p>Das neue Herpa-Modell im TRANSMAR Design - die Tanks wurden vorbildgerecht vergr\u00f6\u00dfert, der Dachspoiler wie auch beim Original m\u00f6glich aufgestellt. Auch die Sto\u00dfstange wurde modifiziert -\u00e4hnlich der des Black Edition.<br \/>Der ANDREAS ANDRESEN Auflieger entspricht dem d\u00e4nischen Vorbild.<\/p>                <\/span>              <\/span>                              <\/div>          <\/div>                    <div class=\"bwg-extended-item\">            <div class=\"bwg-extended-item0\">              <a class=\"bwg-a bwg-album bwg_album_0\"                href='\/web\/index.php?rest_route=%2Fwp%2Fv2%2Fpages%2F2&#038;type_0=gallery&#038;album_gallery_id_0=130'                 style=\"font-size: 0;\"                 data-bwg=\"0\"                 data-container_id=\"bwg_album_extended_0\"                 data-alb_gal_id=\"130\"                 data-def_type=\"gallery\"                 data-title=\"ein kleiner MB Axor\">                <div class=\"bwg-item0 bwg_album_thumb_0 \">                  <div class=\"bwg-item1 bwg_album_thumb_spun1_0\">                    <div class=\"bwg-item2\">                      <img class=\"skip-lazy \"                           data-width=\"500.00\"                           data-height=\"375.00\"                           data-src=\"http:\/\/www.transmar-logistik.de\/web\/wp-content\/uploads\/photo-gallery\/thumb\/IMG_4573.jpg?bwg=1673512444\"                           src=\"http:\/\/www.transmar-logistik.de\/web\/wp-content\/uploads\/photo-gallery\/thumb\/IMG_4573.jpg?bwg=1673512444\"                           alt=\"ein kleiner MB Axor\"                           title=\"ein kleiner MB Axor\" \/>                    <\/div>                  <\/div>                <\/div>              <\/a>            <\/div>            <div class=\"bwg-extended-item1\">                              <a class=\"bwg-album bwg_album_0\"                   href='\/web\/index.php?rest_route=%2Fwp%2Fv2%2Fpages%2F2&#038;type_0=gallery&#038;album_gallery_id_0=130'                   data-bwg=\"0\"                   data-container_id=\"bwg_album_extended_0\"                   data-alb_gal_id=\"130\"                   data-def_type=\"gallery\"                   data-title=\"ein kleiner MB Axor\">                  <span class=\"bwg_title_spun_0\">ein kleiner MB Axor<\/span>                <\/a>                            <\/div>          <\/div>                    <div class=\"bwg-extended-item\">            <div class=\"bwg-extended-item0\">              <a class=\"bwg-a bwg-album bwg_album_0\"                href='\/web\/index.php?rest_route=%2Fwp%2Fv2%2Fpages%2F2&#038;type_0=gallery&#038;album_gallery_id_0=128'                 style=\"font-size: 0;\"                 data-bwg=\"0\"                 data-container_id=\"bwg_album_extended_0\"                 data-alb_gal_id=\"128\"                 data-def_type=\"gallery\"                 data-title=\"Scania R 4x4\">                <div class=\"bwg-item0 bwg_album_thumb_0 \">                  <div class=\"bwg-item1 bwg_album_thumb_spun1_0\">                    <div class=\"bwg-item2\">                      <img class=\"skip-lazy \"                           data-width=\"500.00\"                           data-height=\"375.00\"                           data-src=\"http:\/\/www.transmar-logistik.de\/web\/wp-content\/uploads\/photo-gallery\/import\/thumb\/img_4265_bildgrose-andern.jpg?bwg=1673512444\"                           src=\"http:\/\/www.transmar-logistik.de\/web\/wp-content\/uploads\/photo-gallery\/import\/thumb\/img_4265_bildgrose-andern.jpg?bwg=1673512444\"                           alt=\"Scania R 4x4\"                           title=\"Scania R 4x4\" \/>                    <\/div>                  <\/div>                <\/div>              <\/a>            <\/div>            <div class=\"bwg-extended-item1\">                              <a class=\"bwg-album bwg_album_0\"                   href='\/web\/index.php?rest_route=%2Fwp%2Fv2%2Fpages%2F2&#038;type_0=gallery&#038;album_gallery_id_0=128'                   data-bwg=\"0\"                   data-container_id=\"bwg_album_extended_0\"                   data-alb_gal_id=\"128\"                   data-def_type=\"gallery\"                   data-title=\"Scania R 4x4\">                  <span class=\"bwg_title_spun_0\">Scania R 4x4<\/span>                <\/a>                                  <span class=\"bwg_description_spun1_0\">                <span class=\"bwg_description_short_0\">                  <p>Der Scania in der 4x4 Baustellenversion zieht eine CARNEHL-Rundmulde mit 2! liftbaren Achsen. (Gibt\u00b4s im Vorbild tats\u00e4chlich!)<br \/>Ich habe erstmals die Verschmutzung mit TAMIYA Sprayfarben probiert.<\/p>                <\/span>              <\/span>                              <\/div>          <\/div>                    <div class=\"bwg-extended-item\">            <div class=\"bwg-extended-item0\">              <a class=\"bwg-a bwg-album bwg_album_0\"                href='\/web\/index.php?rest_route=%2Fwp%2Fv2%2Fpages%2F2&#038;type_0=gallery&#038;album_gallery_id_0=127'                 style=\"font-size: 0;\"                 data-bwg=\"0\"                 data-container_id=\"bwg_album_extended_0\"                 data-alb_gal_id=\"127\"                 data-def_type=\"gallery\"                 data-title=\"MB Actros 2544 mit BROSHUIS Semitieflader\">                <div class=\"bwg-item0 bwg_album_thumb_0 \">                  <div class=\"bwg-item1 bwg_album_thumb_spun1_0\">                    <div class=\"bwg-item2\">                      <img class=\"skip-lazy \"                           data-width=\"500.00\"                           data-height=\"375.00\"                           data-src=\"http:\/\/www.transmar-logistik.de\/web\/wp-content\/uploads\/photo-gallery\/thumb\/IMG_4244.jpg?bwg=1673512444\"                           src=\"http:\/\/www.transmar-logistik.de\/web\/wp-content\/uploads\/photo-gallery\/thumb\/IMG_4244.jpg?bwg=1673512444\"                           alt=\"MB Actros 2544 mit BROSHUIS Semitieflader\"                           title=\"MB Actros 2544 mit BROSHUIS Semitieflader\" \/>                    <\/div>                  <\/div>                <\/div>              <\/a>            <\/div>            <div class=\"bwg-extended-item1\">                              <a class=\"bwg-album bwg_album_0\"                   href='\/web\/index.php?rest_route=%2Fwp%2Fv2%2Fpages%2F2&#038;type_0=gallery&#038;album_gallery_id_0=127'                   data-bwg=\"0\"                   data-container_id=\"bwg_album_extended_0\"                   data-alb_gal_id=\"127\"                   data-def_type=\"gallery\"                   data-title=\"MB Actros 2544 mit BROSHUIS Semitieflader\">                  <span class=\"bwg_title_spun_0\">MB Actros 2544 mit BROSHUIS Semitieflader<\/span>                <\/a>                                  <span class=\"bwg_description_spun1_0\">                <span class=\"bwg_description_short_0\">                  <p>Dieser Tele-Auflieger von Broshuis ist mit einem schwerem Ladekran ausgestattet, er entstand auf KIBRI Basis.<br \/>Der Kran ist fahrbar auf dem Trailer!<br \/>Von diesem Modell gibt ein sehr sch\u00f6nes Original einer holl\u00e4ndischen Spedition - mittlerweise auch von Herpa hergestellt - da wiederum fehlt Etliches!<\/p>                <\/span>              <\/span>                              <\/div>          <\/div>                    <div class=\"bwg-extended-item\">            <div class=\"bwg-extended-item0\">              <a class=\"bwg-a bwg-album bwg_album_0\"                href='\/web\/index.php?rest_route=%2Fwp%2Fv2%2Fpages%2F2&#038;type_0=gallery&#038;album_gallery_id_0=126'                 style=\"font-size: 0;\"                 data-bwg=\"0\"                 data-container_id=\"bwg_album_extended_0\"                 data-alb_gal_id=\"126\"                 data-def_type=\"gallery\"                 data-title=\"Volvo FH16 mit Meusburger Auflieger\">                <div class=\"bwg-item0 bwg_album_thumb_0 \">                  <div class=\"bwg-item1 bwg_album_thumb_spun1_0\">                    <div class=\"bwg-item2\">                      <img class=\"skip-lazy \"                           data-width=\"500.00\"                           data-height=\"375.00\"                           data-src=\"http:\/\/www.transmar-logistik.de\/web\/wp-content\/uploads\/photo-gallery\/thumb\/IMG_4054.jpg?bwg=1673512444\"                           src=\"http:\/\/www.transmar-logistik.de\/web\/wp-content\/uploads\/photo-gallery\/thumb\/IMG_4054.jpg?bwg=1673512444\"                           alt=\"Volvo FH16 mit Meusburger Auflieger\"                           title=\"Volvo FH16 mit Meusburger Auflieger\" \/>                    <\/div>                  <\/div>                <\/div>              <\/a>            <\/div>            <div class=\"bwg-extended-item1\">                              <a class=\"bwg-album bwg_album_0\"                   href='\/web\/index.php?rest_route=%2Fwp%2Fv2%2Fpages%2F2&#038;type_0=gallery&#038;album_gallery_id_0=126'                   data-bwg=\"0\"                   data-container_id=\"bwg_album_extended_0\"                   data-alb_gal_id=\"126\"                   data-def_type=\"gallery\"                   data-title=\"Volvo FH16 mit Meusburger Auflieger\">                  <span class=\"bwg_title_spun_0\">Volvo FH16 mit Meusburger Auflieger<\/span>                <\/a>                                  <span class=\"bwg_description_spun1_0\">                <span class=\"bwg_description_short_0\">                  <p>An diesem Modell gibt es mehrere Besonderheiten. Neben dem neuen erstmals verbauten Katalysator wurde der untere Grill als Silber\u00e4tzteil in durchbrochener Technik verwendet, auch der obere Grill wurde durchbrochen, der Dachspoiler aufgestellt und mit dem entsprechendem Unterbau versehen. Am Auflieger habe ich die Resin-Teile von Carsten Glaubitz verwendet, die dritte Achse ist lenkbar, das Herpa- Fahrgestell wurde stark modifiziert, die Laderampen stammen von einem Goldhofer Anh\u00e4nger. <\/p>                <\/span>              <\/span>                              <\/div>          <\/div>                    <div class=\"bwg-extended-item\">            <div class=\"bwg-extended-item0\">              <a class=\"bwg-a bwg-album bwg_album_0\"                href='\/web\/index.php?rest_route=%2Fwp%2Fv2%2Fpages%2F2&#038;type_0=gallery&#038;album_gallery_id_0=125'                 style=\"font-size: 0;\"                 data-bwg=\"0\"                 data-container_id=\"bwg_album_extended_0\"                 data-alb_gal_id=\"125\"                 data-def_type=\"gallery\"                 data-title=\"VOLVO\u00b4s!\">                <div class=\"bwg-item0 bwg_album_thumb_0 \">                  <div class=\"bwg-item1 bwg_album_thumb_spun1_0\">                    <div class=\"bwg-item2\">                      <img class=\"skip-lazy \"                           data-width=\"500.00\"                           data-height=\"375.00\"                           data-src=\"http:\/\/www.transmar-logistik.de\/web\/wp-content\/uploads\/photo-gallery\/thumb\/IMG_1046.jpg?bwg=1673512444\"                           src=\"http:\/\/www.transmar-logistik.de\/web\/wp-content\/uploads\/photo-gallery\/thumb\/IMG_1046.jpg?bwg=1673512444\"                           alt=\"VOLVO\u00b4s!\"                           title=\"VOLVO\u00b4s!\" \/>                    <\/div>                  <\/div>                <\/div>              <\/a>            <\/div>            <div class=\"bwg-extended-item1\">                              <a class=\"bwg-album bwg_album_0\"                   href='\/web\/index.php?rest_route=%2Fwp%2Fv2%2Fpages%2F2&#038;type_0=gallery&#038;album_gallery_id_0=125'                   data-bwg=\"0\"                   data-container_id=\"bwg_album_extended_0\"                   data-alb_gal_id=\"125\"                   data-def_type=\"gallery\"                   data-title=\"VOLVO\u00b4s!\">                  <span class=\"bwg_title_spun_0\">VOLVO\u00b4s!<\/span>                <\/a>                            <\/div>          <\/div>                    <div class=\"bwg-extended-item\">            <div class=\"bwg-extended-item0\">              <a class=\"bwg-a bwg-album bwg_album_0\"                href='\/web\/index.php?rest_route=%2Fwp%2Fv2%2Fpages%2F2&#038;type_0=gallery&#038;album_gallery_id_0=124'                 style=\"font-size: 0;\"                 data-bwg=\"0\"                 data-container_id=\"bwg_album_extended_0\"                 data-alb_gal_id=\"124\"                 data-def_type=\"gallery\"                 data-title=\"Scania T680 Wrecker\">                <div class=\"bwg-item0 bwg_album_thumb_0 \">                  <div class=\"bwg-item1 bwg_album_thumb_spun1_0\">                    <div class=\"bwg-item2\">                      <img class=\"skip-lazy \"                           data-width=\"500.00\"                           data-height=\"375.00\"                           data-src=\"http:\/\/www.transmar-logistik.de\/web\/wp-content\/uploads\/photo-gallery\/thumb\/IMG_4020.jpg?bwg=1673512444\"                           src=\"http:\/\/www.transmar-logistik.de\/web\/wp-content\/uploads\/photo-gallery\/thumb\/IMG_4020.jpg?bwg=1673512444\"                           alt=\"Scania T680 Wrecker\"                           title=\"Scania T680 Wrecker\" \/>                    <\/div>                  <\/div>                <\/div>              <\/a>            <\/div>            <div class=\"bwg-extended-item1\">                              <a class=\"bwg-album bwg_album_0\"                   href='\/web\/index.php?rest_route=%2Fwp%2Fv2%2Fpages%2F2&#038;type_0=gallery&#038;album_gallery_id_0=124'                   data-bwg=\"0\"                   data-container_id=\"bwg_album_extended_0\"                   data-alb_gal_id=\"124\"                   data-def_type=\"gallery\"                   data-title=\"Scania T680 Wrecker\">                  <span class=\"bwg_title_spun_0\">Scania T680 Wrecker<\/span>                <\/a>                                  <span class=\"bwg_description_spun1_0\">                <span class=\"bwg_description_short_0\">                  <p>kompletter Eigenbau - insbesondere die Studie des gro\u00dfen Haubers<\/p>                <\/span>              <\/span>                              <\/div>          <\/div>                    <div class=\"bwg-extended-item\">            <div class=\"bwg-extended-item0\">              <a class=\"bwg-a bwg-album bwg_album_0\"                href='\/web\/index.php?rest_route=%2Fwp%2Fv2%2Fpages%2F2&#038;type_0=gallery&#038;album_gallery_id_0=123'                 style=\"font-size: 0;\"                 data-bwg=\"0\"                 data-container_id=\"bwg_album_extended_0\"                 data-alb_gal_id=\"123\"                 data-def_type=\"gallery\"                 data-title=\"MAN TGX XLX mit gelenkter Vorlaufachse\">                <div class=\"bwg-item0 bwg_album_thumb_0 \">                  <div class=\"bwg-item1 bwg_album_thumb_spun1_0\">                    <div class=\"bwg-item2\">                      <img class=\"skip-lazy \"                           data-width=\"500.00\"                           data-height=\"375.00\"                           data-src=\"http:\/\/www.transmar-logistik.de\/web\/wp-content\/uploads\/photo-gallery\/import\/thumb\/img_3997_bildgrose-andern.jpg?bwg=1673512444\"                           src=\"http:\/\/www.transmar-logistik.de\/web\/wp-content\/uploads\/photo-gallery\/import\/thumb\/img_3997_bildgrose-andern.jpg?bwg=1673512444\"                           alt=\"MAN TGX XLX mit gelenkter Vorlaufachse\"                           title=\"MAN TGX XLX mit gelenkter Vorlaufachse\" \/>                    <\/div>                  <\/div>                <\/div>              <\/a>            <\/div>            <div class=\"bwg-extended-item1\">                              <a class=\"bwg-album bwg_album_0\"                   href='\/web\/index.php?rest_route=%2Fwp%2Fv2%2Fpages%2F2&#038;type_0=gallery&#038;album_gallery_id_0=123'                   data-bwg=\"0\"                   data-container_id=\"bwg_album_extended_0\"                   data-alb_gal_id=\"123\"                   data-def_type=\"gallery\"                   data-title=\"MAN TGX XLX mit gelenkter Vorlaufachse\">                  <span class=\"bwg_title_spun_0\">MAN TGX XLX mit gelenkter Vorlaufachse<\/span>                <\/a>                                  <span class=\"bwg_description_spun1_0\">                <span class=\"bwg_description_short_0\">                  <p>mit K\u00fchlauflieger von Thermo Transit<\/p>                <\/span>              <\/span>                              <\/div>          <\/div>                    <div class=\"bwg-extended-item\">            <div class=\"bwg-extended-item0\">              <a class=\"bwg-a bwg-album bwg_album_0\"                href='\/web\/index.php?rest_route=%2Fwp%2Fv2%2Fpages%2F2&#038;type_0=gallery&#038;album_gallery_id_0=121'                 style=\"font-size: 0;\"                 data-bwg=\"0\"                 data-container_id=\"bwg_album_extended_0\"                 data-alb_gal_id=\"121\"                 data-def_type=\"gallery\"                 data-title=\"DAF 105XF SC\">                <div class=\"bwg-item0 bwg_album_thumb_0 \">                  <div class=\"bwg-item1 bwg_album_thumb_spun1_0\">                    <div class=\"bwg-item2\">                      <img class=\"skip-lazy \"                           data-width=\"500.00\"                           data-height=\"375.00\"                           data-src=\"http:\/\/www.transmar-logistik.de\/web\/wp-content\/uploads\/photo-gallery\/import\/thumb\/img_3883_bildgrose-andern.jpg?bwg=1673512444\"                           src=\"http:\/\/www.transmar-logistik.de\/web\/wp-content\/uploads\/photo-gallery\/import\/thumb\/img_3883_bildgrose-andern.jpg?bwg=1673512444\"                           alt=\"DAF 105XF SC\"                           title=\"DAF 105XF SC\" \/>                    <\/div>                  <\/div>                <\/div>              <\/a>            <\/div>            <div class=\"bwg-extended-item1\">                              <a class=\"bwg-album bwg_album_0\"                   href='\/web\/index.php?rest_route=%2Fwp%2Fv2%2Fpages%2F2&#038;type_0=gallery&#038;album_gallery_id_0=121'                   data-bwg=\"0\"                   data-container_id=\"bwg_album_extended_0\"                   data-alb_gal_id=\"121\"                   data-def_type=\"gallery\"                   data-title=\"DAF 105XF SC\">                  <span class=\"bwg_title_spun_0\">DAF 105XF SC<\/span>                <\/a>                                  <span class=\"bwg_description_spun1_0\">                <span class=\"bwg_description_short_0\">                  <p>Nochmal ein Eigenbau! des 105, insbesondere das Fahrgestell wurde entsprechend den Vorbildma\u00dfen ge\u00e4ndert.<br \/>Der Radstand stimmt bis heute am Herpa-Modell nicht!<\/p>                <\/span>              <\/span>                              <\/div>          <\/div>                    <div class=\"bwg-extended-item\">            <div class=\"bwg-extended-item0\">              <a class=\"bwg-a bwg-album bwg_album_0\"                href='\/web\/index.php?rest_route=%2Fwp%2Fv2%2Fpages%2F2&#038;type_0=gallery&#038;album_gallery_id_0=120'                 style=\"font-size: 0;\"                 data-bwg=\"0\"                 data-container_id=\"bwg_album_extended_0\"                 data-alb_gal_id=\"120\"                 data-def_type=\"gallery\"                 data-title=\"MB Axor mit Abrollcontainer und ein Langholztransporter\">                <div class=\"bwg-item0 bwg_album_thumb_0 \">                  <div class=\"bwg-item1 bwg_album_thumb_spun1_0\">                    <div class=\"bwg-item2\">                      <img class=\"skip-lazy \"                           data-width=\"500.00\"                           data-height=\"375.00\"                           data-src=\"http:\/\/www.transmar-logistik.de\/web\/wp-content\/uploads\/photo-gallery\/thumb\/IMG_4528.jpg?bwg=1673512444\"                           src=\"http:\/\/www.transmar-logistik.de\/web\/wp-content\/uploads\/photo-gallery\/thumb\/IMG_4528.jpg?bwg=1673512444\"                           alt=\"MB Axor mit Abrollcontainer und ein Langholztransporter\"                           title=\"MB Axor mit Abrollcontainer und ein Langholztransporter\" \/>                    <\/div>                  <\/div>                <\/div>              <\/a>            <\/div>            <div class=\"bwg-extended-item1\">                              <a class=\"bwg-album bwg_album_0\"                   href='\/web\/index.php?rest_route=%2Fwp%2Fv2%2Fpages%2F2&#038;type_0=gallery&#038;album_gallery_id_0=120'                   data-bwg=\"0\"                   data-container_id=\"bwg_album_extended_0\"                   data-alb_gal_id=\"120\"                   data-def_type=\"gallery\"                   data-title=\"MB Axor mit Abrollcontainer und ein Langholztransporter\">                  <span class=\"bwg_title_spun_0\">MB Axor mit Abrollcontainer und ein Langholztransporter<\/span>                <\/a>                                  <span class=\"bwg_description_spun1_0\">                <span class=\"bwg_description_short_0\">                  <p>... der Rost ist echt!<\/p>                <\/span>              <\/span>                              <\/div>          <\/div>                    <div class=\"bwg-extended-item\">            <div class=\"bwg-extended-item0\">              <a class=\"bwg-a bwg-album bwg_album_0\"                href='\/web\/index.php?rest_route=%2Fwp%2Fv2%2Fpages%2F2&#038;type_0=gallery&#038;album_gallery_id_0=119'                 style=\"font-size: 0;\"                 data-bwg=\"0\"                 data-container_id=\"bwg_album_extended_0\"                 data-alb_gal_id=\"119\"                 data-def_type=\"gallery\"                 data-title=\"der neue Renault Premium\">                <div class=\"bwg-item0 bwg_album_thumb_0 \">                  <div class=\"bwg-item1 bwg_album_thumb_spun1_0\">                    <div class=\"bwg-item2\">                      <img class=\"skip-lazy \"                           data-width=\"500.00\"                           data-height=\"375.00\"                           data-src=\"http:\/\/www.transmar-logistik.de\/web\/wp-content\/uploads\/photo-gallery\/thumb\/IMG_3752.jpg?bwg=1673512444\"                           src=\"http:\/\/www.transmar-logistik.de\/web\/wp-content\/uploads\/photo-gallery\/thumb\/IMG_3752.jpg?bwg=1673512444\"                           alt=\"der neue Renault Premium\"                           title=\"der neue Renault Premium\" \/>                    <\/div>                  <\/div>                <\/div>              <\/a>            <\/div>            <div class=\"bwg-extended-item1\">                              <a class=\"bwg-album bwg_album_0\"                   href='\/web\/index.php?rest_route=%2Fwp%2Fv2%2Fpages%2F2&#038;type_0=gallery&#038;album_gallery_id_0=119'                   data-bwg=\"0\"                   data-container_id=\"bwg_album_extended_0\"                   data-alb_gal_id=\"119\"                   data-def_type=\"gallery\"                   data-title=\"der neue Renault Premium\">                  <span class=\"bwg_title_spun_0\">der neue Renault Premium<\/span>                <\/a>                                  <span class=\"bwg_description_spun1_0\">                <span class=\"bwg_description_short_0\">                  <p>Tandemk\u00fchlkofferh\u00e4ngerzug mit Hubb\u00fchnen und Unterflurk\u00fchlaggregaten , die Koffer sind Eigenbau nach scandinavischem Vorbild, der H\u00e4nger insgesamt ist eine komplette vorbildgerechte Eigenkonstruktion <\/p>                <\/span>              <\/span>                              <\/div>          <\/div>                    <div class=\"bwg-extended-item\">            <div class=\"bwg-extended-item0\">              <a class=\"bwg-a bwg-album bwg_album_0\"                href='\/web\/index.php?rest_route=%2Fwp%2Fv2%2Fpages%2F2&#038;type_0=gallery&#038;album_gallery_id_0=118'                 style=\"font-size: 0;\"                 data-bwg=\"0\"                 data-container_id=\"bwg_album_extended_0\"                 data-alb_gal_id=\"118\"                 data-def_type=\"gallery\"                 data-title=\"Scania R 560 Topline\">                <div class=\"bwg-item0 bwg_album_thumb_0 \">                  <div class=\"bwg-item1 bwg_album_thumb_spun1_0\">                    <div class=\"bwg-item2\">                      <img class=\"skip-lazy \"                           data-width=\"500.00\"                           data-height=\"375.00\"                           data-src=\"http:\/\/www.transmar-logistik.de\/web\/wp-content\/uploads\/photo-gallery\/import\/thumb\/img_3251_bildgrose-andern.jpg?bwg=1673512444\"                           src=\"http:\/\/www.transmar-logistik.de\/web\/wp-content\/uploads\/photo-gallery\/import\/thumb\/img_3251_bildgrose-andern.jpg?bwg=1673512444\"                           alt=\"Scania R 560 Topline\"                           title=\"Scania R 560 Topline\" \/>                    <\/div>                  <\/div>                <\/div>              <\/a>            <\/div>            <div class=\"bwg-extended-item1\">                              <a class=\"bwg-album bwg_album_0\"                   href='\/web\/index.php?rest_route=%2Fwp%2Fv2%2Fpages%2F2&#038;type_0=gallery&#038;album_gallery_id_0=118'                   data-bwg=\"0\"                   data-container_id=\"bwg_album_extended_0\"                   data-alb_gal_id=\"118\"                   data-def_type=\"gallery\"                   data-title=\"Scania R 560 Topline\">                  <span class=\"bwg_title_spun_0\">Scania R 560 Topline<\/span>                <\/a>                                  <span class=\"bwg_description_spun1_0\">                <span class=\"bwg_description_short_0\">                  <p>Die Zugmaschine wurde mit Nachlaufachse gebaut, der K\u00fchlauflieger ist nach Krone-Vorbild.<br \/>Die Zweifarblackierung gefiel mir recht gut , sie hat sich aber nicht generell durchgesetzt.<\/p>                <\/span>              <\/span>                              <\/div>          <\/div>                    <div class=\"bwg-extended-item\">            <div class=\"bwg-extended-item0\">              <a class=\"bwg-a bwg-album bwg_album_0\"                href='\/web\/index.php?rest_route=%2Fwp%2Fv2%2Fpages%2F2&#038;type_0=gallery&#038;album_gallery_id_0=117'                 style=\"font-size: 0;\"                 data-bwg=\"0\"                 data-container_id=\"bwg_album_extended_0\"                 data-alb_gal_id=\"117\"                 data-def_type=\"gallery\"                 data-title=\"erster MAN TGX im Ma\u00dfstab 1:87!\">                <div class=\"bwg-item0 bwg_album_thumb_0 \">                  <div class=\"bwg-item1 bwg_album_thumb_spun1_0\">                    <div class=\"bwg-item2\">                      <img class=\"skip-lazy \"                           data-width=\"500.00\"                           data-height=\"375.00\"                           data-src=\"http:\/\/www.transmar-logistik.de\/web\/wp-content\/uploads\/photo-gallery\/thumb\/IMG_3305.jpg?bwg=1673512444\"                           src=\"http:\/\/www.transmar-logistik.de\/web\/wp-content\/uploads\/photo-gallery\/thumb\/IMG_3305.jpg?bwg=1673512444\"                           alt=\"erster MAN TGX im Ma\u00dfstab 1:87!\"                           title=\"erster MAN TGX im Ma\u00dfstab 1:87!\" \/>                    <\/div>                  <\/div>                <\/div>              <\/a>            <\/div>            <div class=\"bwg-extended-item1\">                              <a class=\"bwg-album bwg_album_0\"                   href='\/web\/index.php?rest_route=%2Fwp%2Fv2%2Fpages%2F2&#038;type_0=gallery&#038;album_gallery_id_0=117'                   data-bwg=\"0\"                   data-container_id=\"bwg_album_extended_0\"                   data-alb_gal_id=\"117\"                   data-def_type=\"gallery\"                   data-title=\"erster MAN TGX im Ma\u00dfstab 1:87!\">                  <span class=\"bwg_title_spun_0\">erster MAN TGX im Ma\u00dfstab 1:87!<\/span>                <\/a>                                  <span class=\"bwg_description_spun1_0\">                <span class=\"bwg_description_short_0\">                  <p>Da Herpa s TGX immernoch auf sich warten l\u00e4sst, habe ich im Sommer 2007 selber einen gebaut. Der H\u00e4ngerzug erhielt K\u00fchlkoffer. Nach skandinavischem Vorbild ist der Anh\u00e4nger ein 4achs-Modell. In den Bauphasenbildern seht ihr den TGX-Umbau auf Basis eines TGA.<\/p>                <\/span>              <\/span>                              <\/div>          <\/div>                    <div class=\"bwg-extended-item\">            <div class=\"bwg-extended-item0\">              <a class=\"bwg-a bwg-album bwg_album_0\"                href='\/web\/index.php?rest_route=%2Fwp%2Fv2%2Fpages%2F2&#038;type_0=gallery&#038;album_gallery_id_0=116'                 style=\"font-size: 0;\"                 data-bwg=\"0\"                 data-container_id=\"bwg_album_extended_0\"                 data-alb_gal_id=\"116\"                 data-def_type=\"gallery\"                 data-title=\"Iveco Stralis Autotransporter\">                <div class=\"bwg-item0 bwg_album_thumb_0 \">                  <div class=\"bwg-item1 bwg_album_thumb_spun1_0\">                    <div class=\"bwg-item2\">                      <img class=\"skip-lazy \"                           data-width=\"500.00\"                           data-height=\"375.00\"                           data-src=\"http:\/\/www.transmar-logistik.de\/web\/wp-content\/uploads\/photo-gallery\/thumb\/IMG_2886_(1).jpg?bwg=1673512444\"                           src=\"http:\/\/www.transmar-logistik.de\/web\/wp-content\/uploads\/photo-gallery\/thumb\/IMG_2886_(1).jpg?bwg=1673512444\"                           alt=\"Iveco Stralis Autotransporter\"                           title=\"Iveco Stralis Autotransporter\" \/>                    <\/div>                  <\/div>                <\/div>              <\/a>            <\/div>            <div class=\"bwg-extended-item1\">                              <a class=\"bwg-album bwg_album_0\"                   href='\/web\/index.php?rest_route=%2Fwp%2Fv2%2Fpages%2F2&#038;type_0=gallery&#038;album_gallery_id_0=116'                   data-bwg=\"0\"                   data-container_id=\"bwg_album_extended_0\"                   data-alb_gal_id=\"116\"                   data-def_type=\"gallery\"                   data-title=\"Iveco Stralis Autotransporter\">                  <span class=\"bwg_title_spun_0\">Iveco Stralis Autotransporter<\/span>                <\/a>                                  <span class=\"bwg_description_spun1_0\">                <span class=\"bwg_description_short_0\">                  <p>Der Autotransportaufbau ist kompletter Eigenbau auf K\u00e4ssbohrer-Basis (Supertrans). Auch die Fahrerhausverkleidung ist Eigenbau. Hierzu eignen sich wunderbar Gerd Gehrmanns Bleche.<\/p>                <\/span>              <\/span>                              <\/div>          <\/div>                    <div class=\"bwg-extended-item\">            <div class=\"bwg-extended-item0\">              <a class=\"bwg-a bwg-album bwg_album_0\"                href='\/web\/index.php?rest_route=%2Fwp%2Fv2%2Fpages%2F2&#038;type_0=gallery&#038;album_gallery_id_0=115'                 style=\"font-size: 0;\"                 data-bwg=\"0\"                 data-container_id=\"bwg_album_extended_0\"                 data-alb_gal_id=\"115\"                 data-def_type=\"gallery\"                 data-title=\"2CONnect Broshuis Containerchassis\">                <div class=\"bwg-item0 bwg_album_thumb_0 \">                  <div class=\"bwg-item1 bwg_album_thumb_spun1_0\">                    <div class=\"bwg-item2\">                      <img class=\"skip-lazy \"                           data-width=\"500.00\"                           data-height=\"375.00\"                           data-src=\"http:\/\/www.transmar-logistik.de\/web\/wp-content\/uploads\/photo-gallery\/thumb\/IMG_2760.jpg?bwg=1673512444\"                           src=\"http:\/\/www.transmar-logistik.de\/web\/wp-content\/uploads\/photo-gallery\/thumb\/IMG_2760.jpg?bwg=1673512444\"                           alt=\"2CONnect Broshuis Containerchassis\"                           title=\"2CONnect Broshuis Containerchassis\" \/>                    <\/div>                  <\/div>                <\/div>              <\/a>            <\/div>            <div class=\"bwg-extended-item1\">                              <a class=\"bwg-album bwg_album_0\"                   href='\/web\/index.php?rest_route=%2Fwp%2Fv2%2Fpages%2F2&#038;type_0=gallery&#038;album_gallery_id_0=115'                   data-bwg=\"0\"                   data-container_id=\"bwg_album_extended_0\"                   data-alb_gal_id=\"115\"                   data-def_type=\"gallery\"                   data-title=\"2CONnect Broshuis Containerchassis\">                  <span class=\"bwg_title_spun_0\">2CONnect Broshuis Containerchassis<\/span>                <\/a>                                  <span class=\"bwg_description_spun1_0\">                <span class=\"bwg_description_short_0\">                  <p>Dazu eine DAF CF Zugmaschine mit lift- und lenkbarer Vorlaufachse im holl\u00e4ndischen Design. Insbesondere auf den Bauphasenbildern erkennt man gut, dass alle entsprechenden Achsen wie beim Vorbild lift- und lenkbar sind. Beide Trailerh\u00e4lften sind einzeln auch richtig aufsattelbar. Nach diesem Vorbild ist der Bausatz von Carsten Glaubitz entstanden.         Baujahr 5-2007<\/p>                <\/span>              <\/span>                              <\/div>          <\/div>                    <div class=\"bwg-extended-item\">            <div class=\"bwg-extended-item0\">              <a class=\"bwg-a bwg-album bwg_album_0\"                href='\/web\/index.php?rest_route=%2Fwp%2Fv2%2Fpages%2F2&#038;type_0=gallery&#038;album_gallery_id_0=112'                 style=\"font-size: 0;\"                 data-bwg=\"0\"                 data-container_id=\"bwg_album_extended_0\"                 data-alb_gal_id=\"112\"                 data-def_type=\"gallery\"                 data-title=\"MB Actros Space MAX\">                <div class=\"bwg-item0 bwg_album_thumb_0 \">                  <div class=\"bwg-item1 bwg_album_thumb_spun1_0\">                    <div class=\"bwg-item2\">                      <img class=\"skip-lazy \"                           data-width=\"500.00\"                           data-height=\"375.00\"                           data-src=\"http:\/\/www.transmar-logistik.de\/web\/wp-content\/uploads\/photo-gallery\/import\/thumb\/img_1923_bildgrose-andern.jpg?bwg=1673512444\"                           src=\"http:\/\/www.transmar-logistik.de\/web\/wp-content\/uploads\/photo-gallery\/import\/thumb\/img_1923_bildgrose-andern.jpg?bwg=1673512444\"                           alt=\"MB Actros Space MAX\"                           title=\"MB Actros Space MAX\" \/>                    <\/div>                  <\/div>                <\/div>              <\/a>            <\/div>            <div class=\"bwg-extended-item1\">                              <a class=\"bwg-album bwg_album_0\"                   href='\/web\/index.php?rest_route=%2Fwp%2Fv2%2Fpages%2F2&#038;type_0=gallery&#038;album_gallery_id_0=112'                   data-bwg=\"0\"                   data-container_id=\"bwg_album_extended_0\"                   data-alb_gal_id=\"112\"                   data-def_type=\"gallery\"                   data-title=\"MB Actros Space MAX\">                  <span class=\"bwg_title_spun_0\">MB Actros Space MAX<\/span>                <\/a>                                  <span class=\"bwg_description_spun1_0\">                <span class=\"bwg_description_short_0\">                  <p>Mich an dieser Design-Studie von MB zu versuchen hatte einen besonderen Reiz! Zumindest ist eine gewisse \u00c4hnlichkeit mit dem Original gegeben!<\/p>                <\/span>              <\/span>                              <\/div>          <\/div>                    <div class=\"bwg-extended-item\">            <div class=\"bwg-extended-item0\">              <a class=\"bwg-a bwg-album bwg_album_0\"                href='\/web\/index.php?rest_route=%2Fwp%2Fv2%2Fpages%2F2&#038;type_0=gallery&#038;album_gallery_id_0=109'                 style=\"font-size: 0;\"                 data-bwg=\"0\"                 data-container_id=\"bwg_album_extended_0\"                 data-alb_gal_id=\"109\"                 data-def_type=\"gallery\"                 data-title=\"BENALU Volumekippmuldenauflieger\">                <div class=\"bwg-item0 bwg_album_thumb_0 \">                  <div class=\"bwg-item1 bwg_album_thumb_spun1_0\">                    <div class=\"bwg-item2\">                      <img class=\"skip-lazy \"                           data-width=\"500.00\"                           data-height=\"375.00\"                           data-src=\"http:\/\/www.transmar-logistik.de\/web\/wp-content\/uploads\/photo-gallery\/thumb\/IMG_1700.jpg?bwg=1673512444\"                           src=\"http:\/\/www.transmar-logistik.de\/web\/wp-content\/uploads\/photo-gallery\/thumb\/IMG_1700.jpg?bwg=1673512444\"                           alt=\"BENALU Volumekippmuldenauflieger\"                           title=\"BENALU Volumekippmuldenauflieger\" \/>                    <\/div>                  <\/div>                <\/div>              <\/a>            <\/div>            <div class=\"bwg-extended-item1\">                              <a class=\"bwg-album bwg_album_0\"                   href='\/web\/index.php?rest_route=%2Fwp%2Fv2%2Fpages%2F2&#038;type_0=gallery&#038;album_gallery_id_0=109'                   data-bwg=\"0\"                   data-container_id=\"bwg_album_extended_0\"                   data-alb_gal_id=\"109\"                   data-def_type=\"gallery\"                   data-title=\"BENALU Volumekippmuldenauflieger\">                  <span class=\"bwg_title_spun_0\">BENALU Volumekippmuldenauflieger<\/span>                <\/a>                                  <span class=\"bwg_description_spun1_0\">                <span class=\"bwg_description_short_0\">                  <p>Mit einigen Bauphasenbildern, allein die Heckklappe besteht aus \u00fcber 60(!) Einzelteilen.<\/p>                <\/span>              <\/span>                              <\/div>          <\/div>                    <div class=\"bwg-extended-item\">            <div class=\"bwg-extended-item0\">              <a class=\"bwg-a bwg-album bwg_album_0\"                href='\/web\/index.php?rest_route=%2Fwp%2Fv2%2Fpages%2F2&#038;type_0=gallery&#038;album_gallery_id_0=108'                 style=\"font-size: 0;\"                 data-bwg=\"0\"                 data-container_id=\"bwg_album_extended_0\"                 data-alb_gal_id=\"108\"                 data-def_type=\"gallery\"                 data-title=\"DAF CF Planensattelzug\">                <div class=\"bwg-item0 bwg_album_thumb_0 \">                  <div class=\"bwg-item1 bwg_album_thumb_spun1_0\">                    <div class=\"bwg-item2\">                      <img class=\"skip-lazy \"                           data-width=\"500.00\"                           data-height=\"318.00\"                           data-src=\"http:\/\/www.transmar-logistik.de\/web\/wp-content\/uploads\/photo-gallery\/thumb\/IMG_1656.jpg?bwg=1673512444\"                           src=\"http:\/\/www.transmar-logistik.de\/web\/wp-content\/uploads\/photo-gallery\/thumb\/IMG_1656.jpg?bwg=1673512444\"                           alt=\"DAF CF Planensattelzug\"                           title=\"DAF CF Planensattelzug\" \/>                    <\/div>                  <\/div>                <\/div>              <\/a>            <\/div>            <div class=\"bwg-extended-item1\">                              <a class=\"bwg-album bwg_album_0\"                   href='\/web\/index.php?rest_route=%2Fwp%2Fv2%2Fpages%2F2&#038;type_0=gallery&#038;album_gallery_id_0=108'                   data-bwg=\"0\"                   data-container_id=\"bwg_album_extended_0\"                   data-alb_gal_id=\"108\"                   data-def_type=\"gallery\"                   data-title=\"DAF CF Planensattelzug\">                  <span class=\"bwg_title_spun_0\">DAF CF Planensattelzug<\/span>                <\/a>                                  <span class=\"bwg_description_spun1_0\">                <span class=\"bwg_description_short_0\">                  <p>kommt gerade aus Polen und ist total verdreckt<\/p>                <\/span>              <\/span>                              <\/div>          <\/div>                    <div class=\"bwg-extended-item\">            <div class=\"bwg-extended-item0\">              <a class=\"bwg-a bwg-album bwg_album_0\"                href='\/web\/index.php?rest_route=%2Fwp%2Fv2%2Fpages%2F2&#038;type_0=gallery&#038;album_gallery_id_0=111'                 style=\"font-size: 0;\"                 data-bwg=\"0\"                 data-container_id=\"bwg_album_extended_0\"                 data-alb_gal_id=\"111\"                 data-def_type=\"gallery\"                 data-title=\"MAN TGA XL LKW-Transporter\">                <div class=\"bwg-item0 bwg_album_thumb_0 \">                  <div class=\"bwg-item1 bwg_album_thumb_spun1_0\">                    <div class=\"bwg-item2\">                      <img class=\"skip-lazy \"                           data-width=\"500.00\"                           data-height=\"375.00\"                           data-src=\"http:\/\/www.transmar-logistik.de\/web\/wp-content\/uploads\/photo-gallery\/thumb\/IMG_1596.jpg?bwg=1673512444\"                           src=\"http:\/\/www.transmar-logistik.de\/web\/wp-content\/uploads\/photo-gallery\/thumb\/IMG_1596.jpg?bwg=1673512444\"                           alt=\"MAN TGA XL LKW-Transporter\"                           title=\"MAN TGA XL LKW-Transporter\" \/>                    <\/div>                  <\/div>                <\/div>              <\/a>            <\/div>            <div class=\"bwg-extended-item1\">                              <a class=\"bwg-album bwg_album_0\"                   href='\/web\/index.php?rest_route=%2Fwp%2Fv2%2Fpages%2F2&#038;type_0=gallery&#038;album_gallery_id_0=111'                   data-bwg=\"0\"                   data-container_id=\"bwg_album_extended_0\"                   data-alb_gal_id=\"111\"                   data-def_type=\"gallery\"                   data-title=\"MAN TGA XL LKW-Transporter\">                  <span class=\"bwg_title_spun_0\">MAN TGA XL LKW-Transporter<\/span>                <\/a>                                  <span class=\"bwg_description_spun1_0\">                <span class=\"bwg_description_short_0\">                  <p>mit einigen Bauphasenbildern , leider hatte ich zu diesem Zeitpunkt noch keine Ahnung, da\u00df es klasse Silber\u00e4tzbleche von Gerd Gehrmann gibt - ich mu\u00df wohl nochmal einen bauen!<\/p>                <\/span>              <\/span>                              <\/div>          <\/div>                    <div class=\"bwg-extended-item\">            <div class=\"bwg-extended-item0\">              <a class=\"bwg-a bwg-album bwg_album_0\"                href='\/web\/index.php?rest_route=%2Fwp%2Fv2%2Fpages%2F2&#038;type_0=gallery&#038;album_gallery_id_0=110'                 style=\"font-size: 0;\"                 data-bwg=\"0\"                 data-container_id=\"bwg_album_extended_0\"                 data-alb_gal_id=\"110\"                 data-def_type=\"gallery\"                 data-title=\"Scania Hauber 143M Tanksattelzug\">                <div class=\"bwg-item0 bwg_album_thumb_0 \">                  <div class=\"bwg-item1 bwg_album_thumb_spun1_0\">                    <div class=\"bwg-item2\">                      <img class=\"skip-lazy \"                           data-width=\"500.00\"                           data-height=\"375.00\"                           data-src=\"http:\/\/www.transmar-logistik.de\/web\/wp-content\/uploads\/photo-gallery\/thumb\/IMG_1447.jpg?bwg=1673512444\"                           src=\"http:\/\/www.transmar-logistik.de\/web\/wp-content\/uploads\/photo-gallery\/thumb\/IMG_1447.jpg?bwg=1673512444\"                           alt=\"Scania Hauber 143M Tanksattelzug\"                           title=\"Scania Hauber 143M Tanksattelzug\" \/>                    <\/div>                  <\/div>                <\/div>              <\/a>            <\/div>            <div class=\"bwg-extended-item1\">                              <a class=\"bwg-album bwg_album_0\"                   href='\/web\/index.php?rest_route=%2Fwp%2Fv2%2Fpages%2F2&#038;type_0=gallery&#038;album_gallery_id_0=110'                   data-bwg=\"0\"                   data-container_id=\"bwg_album_extended_0\"                   data-alb_gal_id=\"110\"                   data-def_type=\"gallery\"                   data-title=\"Scania Hauber 143M Tanksattelzug\">                  <span class=\"bwg_title_spun_0\">Scania Hauber 143M Tanksattelzug<\/span>                <\/a>                            <\/div>          <\/div>                    <div class=\"bwg-extended-item\">            <div class=\"bwg-extended-item0\">              <a class=\"bwg-a bwg-album bwg_album_0\"                href='\/web\/index.php?rest_route=%2Fwp%2Fv2%2Fpages%2F2&#038;type_0=gallery&#038;album_gallery_id_0=107'                 style=\"font-size: 0;\"                 data-bwg=\"0\"                 data-container_id=\"bwg_album_extended_0\"                 data-alb_gal_id=\"107\"                 data-def_type=\"gallery\"                 data-title=\"DAF 105XF SSC - Eigenbau\">                <div class=\"bwg-item0 bwg_album_thumb_0 \">                  <div class=\"bwg-item1 bwg_album_thumb_spun1_0\">                    <div class=\"bwg-item2\">                      <img class=\"skip-lazy \"                           data-width=\"500.00\"                           data-height=\"374.00\"                           data-src=\"http:\/\/www.transmar-logistik.de\/web\/wp-content\/uploads\/photo-gallery\/import\/thumb\/img_1417_bildgrose-andern.jpg?bwg=1673512444\"                           src=\"http:\/\/www.transmar-logistik.de\/web\/wp-content\/uploads\/photo-gallery\/import\/thumb\/img_1417_bildgrose-andern.jpg?bwg=1673512444\"                           alt=\"DAF 105XF SSC - Eigenbau\"                           title=\"DAF 105XF SSC - Eigenbau\" \/>                    <\/div>                  <\/div>                <\/div>              <\/a>            <\/div>            <div class=\"bwg-extended-item1\">                              <a class=\"bwg-album bwg_album_0\"                   href='\/web\/index.php?rest_route=%2Fwp%2Fv2%2Fpages%2F2&#038;type_0=gallery&#038;album_gallery_id_0=107'                   data-bwg=\"0\"                   data-container_id=\"bwg_album_extended_0\"                   data-alb_gal_id=\"107\"                   data-def_type=\"gallery\"                   data-title=\"DAF 105XF SSC - Eigenbau\">                  <span class=\"bwg_title_spun_0\">DAF 105XF SSC - Eigenbau<\/span>                <\/a>                                  <span class=\"bwg_description_spun1_0\">                <span class=\"bwg_description_short_0\">                  <p>Da Herpa den 105XF noch immer nicht fertig hat, habe ich mich selbst daran versucht. Dieser LKW-Transporter ist dabei herausgekommen.<\/p>                <\/span>              <\/span>                              <\/div>          <\/div>                    <div class=\"bwg-extended-item\">            <div class=\"bwg-extended-item0\">              <a class=\"bwg-a bwg-album bwg_album_0\"                href='\/web\/index.php?rest_route=%2Fwp%2Fv2%2Fpages%2F2&#038;type_0=gallery&#038;album_gallery_id_0=106'                 style=\"font-size: 0;\"                 data-bwg=\"0\"                 data-container_id=\"bwg_album_extended_0\"                 data-alb_gal_id=\"106\"                 data-def_type=\"gallery\"                 data-title=\"Renault Magnum\">                <div class=\"bwg-item0 bwg_album_thumb_0 \">                  <div class=\"bwg-item1 bwg_album_thumb_spun1_0\">                    <div class=\"bwg-item2\">                      <img class=\"skip-lazy \"                           data-width=\"500.00\"                           data-height=\"375.00\"                           data-src=\"http:\/\/www.transmar-logistik.de\/web\/wp-content\/uploads\/photo-gallery\/thumb\/IMG_1345.jpg?bwg=1673512444\"                           src=\"http:\/\/www.transmar-logistik.de\/web\/wp-content\/uploads\/photo-gallery\/thumb\/IMG_1345.jpg?bwg=1673512444\"                           alt=\"Renault Magnum\"                           title=\"Renault Magnum\" \/>                    <\/div>                  <\/div>                <\/div>              <\/a>            <\/div>            <div class=\"bwg-extended-item1\">                              <a class=\"bwg-album bwg_album_0\"                   href='\/web\/index.php?rest_route=%2Fwp%2Fv2%2Fpages%2F2&#038;type_0=gallery&#038;album_gallery_id_0=106'                   data-bwg=\"0\"                   data-container_id=\"bwg_album_extended_0\"                   data-alb_gal_id=\"106\"                   data-def_type=\"gallery\"                   data-title=\"Renault Magnum\">                  <span class=\"bwg_title_spun_0\">Renault Magnum<\/span>                <\/a>                                  <span class=\"bwg_description_spun1_0\">                <span class=\"bwg_description_short_0\">                  <p>Zugmaschine mit Nachlaufachse umd 92m\u00b3 Feldbinder Siloauflieger (die Beschriftung wurde noch ge\u00e4ndert, da es sich nicht um einen Spitzer Silo handelt)<\/p>                <\/span>              <\/span>                              <\/div>          <\/div>                    <div class=\"bwg-extended-item\">            <div class=\"bwg-extended-item0\">              <a class=\"bwg-a bwg-album bwg_album_0\"                href='\/web\/index.php?rest_route=%2Fwp%2Fv2%2Fpages%2F2&#038;type_0=gallery&#038;album_gallery_id_0=104'                 style=\"font-size: 0;\"                 data-bwg=\"0\"                 data-container_id=\"bwg_album_extended_0\"                 data-alb_gal_id=\"104\"                 data-def_type=\"gallery\"                 data-title=\"Scania 143M Streamline\">                <div class=\"bwg-item0 bwg_album_thumb_0 \">                  <div class=\"bwg-item1 bwg_album_thumb_spun1_0\">                    <div class=\"bwg-item2\">                      <img class=\"skip-lazy \"                           data-width=\"500.00\"                           data-height=\"375.00\"                           data-src=\"http:\/\/www.transmar-logistik.de\/web\/wp-content\/uploads\/photo-gallery\/thumb\/IMG_1177.jpg?bwg=1673512444\"                           src=\"http:\/\/www.transmar-logistik.de\/web\/wp-content\/uploads\/photo-gallery\/thumb\/IMG_1177.jpg?bwg=1673512444\"                           alt=\"Scania 143M Streamline\"                           title=\"Scania 143M Streamline\" \/>                    <\/div>                  <\/div>                <\/div>              <\/a>            <\/div>            <div class=\"bwg-extended-item1\">                              <a class=\"bwg-album bwg_album_0\"                   href='\/web\/index.php?rest_route=%2Fwp%2Fv2%2Fpages%2F2&#038;type_0=gallery&#038;album_gallery_id_0=104'                   data-bwg=\"0\"                   data-container_id=\"bwg_album_extended_0\"                   data-alb_gal_id=\"104\"                   data-def_type=\"gallery\"                   data-title=\"Scania 143M Streamline\">                  <span class=\"bwg_title_spun_0\">Scania 143M Streamline<\/span>                <\/a>                                  <span class=\"bwg_description_spun1_0\">                <span class=\"bwg_description_short_0\">                  <p>Planenh\u00e4ngerzug (2a\/3a), Fahrgestelle und Planenaufbauten sind von ROCO<\/p>                <\/span>              <\/span>                              <\/div>          <\/div>                    <div class=\"bwg-extended-item\">            <div class=\"bwg-extended-item0\">              <a class=\"bwg-a bwg-album bwg_album_0\"                href='\/web\/index.php?rest_route=%2Fwp%2Fv2%2Fpages%2F2&#038;type_0=gallery&#038;album_gallery_id_0=102'                 style=\"font-size: 0;\"                 data-bwg=\"0\"                 data-container_id=\"bwg_album_extended_0\"                 data-alb_gal_id=\"102\"                 data-def_type=\"gallery\"                 data-title=\"Scania R 560 Highline\">                <div class=\"bwg-item0 bwg_album_thumb_0 \">                  <div class=\"bwg-item1 bwg_album_thumb_spun1_0\">                    <div class=\"bwg-item2\">                      <img class=\"skip-lazy \"                           data-width=\"500.00\"                           data-height=\"375.00\"                           data-src=\"http:\/\/www.transmar-logistik.de\/web\/wp-content\/uploads\/photo-gallery\/thumb\/IMG_0975.jpg?bwg=1673512444\"                           src=\"http:\/\/www.transmar-logistik.de\/web\/wp-content\/uploads\/photo-gallery\/thumb\/IMG_0975.jpg?bwg=1673512444\"                           alt=\"Scania R 560 Highline\"                           title=\"Scania R 560 Highline\" \/>                    <\/div>                  <\/div>                <\/div>              <\/a>            <\/div>            <div class=\"bwg-extended-item1\">                              <a class=\"bwg-album bwg_album_0\"                   href='\/web\/index.php?rest_route=%2Fwp%2Fv2%2Fpages%2F2&#038;type_0=gallery&#038;album_gallery_id_0=102'                   data-bwg=\"0\"                   data-container_id=\"bwg_album_extended_0\"                   data-alb_gal_id=\"102\"                   data-def_type=\"gallery\"                   data-title=\"Scania R 560 Highline\">                  <span class=\"bwg_title_spun_0\">Scania R 560 Highline<\/span>                <\/a>                                  <span class=\"bwg_description_spun1_0\">                <span class=\"bwg_description_short_0\">                  <p>Tandemgardinenplanenh\u00e4ngerzug, die dritte Achse ist gelenkt , der Radstand am Tandemh\u00e4nger wurde vorbildgerecht ver\u00e4ndert<\/p>                <\/span>              <\/span>                              <\/div>          <\/div>                    <div class=\"bwg-extended-item\">            <div class=\"bwg-extended-item0\">              <a class=\"bwg-a bwg-album bwg_album_0\"                href='\/web\/index.php?rest_route=%2Fwp%2Fv2%2Fpages%2F2&#038;type_0=gallery&#038;album_gallery_id_0=139'                 style=\"font-size: 0;\"                 data-bwg=\"0\"                 data-container_id=\"bwg_album_extended_0\"                 data-alb_gal_id=\"139\"                 data-def_type=\"gallery\"                 data-title=\"Iveco Stralis\">                <div class=\"bwg-item0 bwg_album_thumb_0 \">                  <div class=\"bwg-item1 bwg_album_thumb_spun1_0\">                    <div class=\"bwg-item2\">                      <img class=\"skip-lazy \"                           data-width=\"500.00\"                           data-height=\"375.00\"                           data-src=\"http:\/\/www.transmar-logistik.de\/web\/wp-content\/uploads\/photo-gallery\/import\/thumb\/img_0033_bildgrose-andern.jpg?bwg=1673512444\"                           src=\"http:\/\/www.transmar-logistik.de\/web\/wp-content\/uploads\/photo-gallery\/import\/thumb\/img_0033_bildgrose-andern.jpg?bwg=1673512444\"                           alt=\"Iveco Stralis\"                           title=\"Iveco Stralis\" \/>                    <\/div>                  <\/div>                <\/div>              <\/a>            <\/div>            <div class=\"bwg-extended-item1\">                              <a class=\"bwg-album bwg_album_0\"                   href='\/web\/index.php?rest_route=%2Fwp%2Fv2%2Fpages%2F2&#038;type_0=gallery&#038;album_gallery_id_0=139'                   data-bwg=\"0\"                   data-container_id=\"bwg_album_extended_0\"                   data-alb_gal_id=\"139\"                   data-def_type=\"gallery\"                   data-title=\"Iveco Stralis\">                  <span class=\"bwg_title_spun_0\">Iveco Stralis<\/span>                <\/a>                                  <span class=\"bwg_description_spun1_0\">                <span class=\"bwg_description_short_0\">                  <p>Das erste Modell der Spedition TRANSMAR. Mittlerweile w\u00fcrde ich vieles ganz anders bauen. -<br \/>Mein Modellbaufreund Helmut Koppenh\u00f6fer hatte mich inspiriert, doch auch eine eigene Spedition zu gr\u00fcnden und Michael Scheel von mo87 half mir beim Entwurf der Decals. Diese stellt mir seither Carsten Glaubitz von DecalPrint her.<br \/>Bei der Farbauswahl habe ich sehr sehr lange \u00fcberlegt und experimentiert - da ich keine Airbrush habe, fiel letztlich die Wahl auf das Tamiya candy lime green TS52 in Verbindung mit mica silver TS76. Diese Farben decken hervorragend und man mu\u00df nicht grundieren. Im Laufe der Zeit kamen dann einige weitere Farben dazu , alles Tamiya Sprayfarben der TS Reihe.  -  Den richtigen Lkw-Modellbau betreibe ich erst seit 2006, vorher habe ich nur Modelle gesammelt.<\/p>                <\/span>              <\/span>                              <\/div>          <\/div>                <\/div>          <input type=\"hidden\" id=\"bwg_album_breadcrumb_0\" name=\"bwg_album_breadcrumb_0\" value='[{&quot;id&quot;:&quot;1&quot;,&quot;page&quot;:1}]' \/>              <\/div>        <\/form>        <style>          #bwg_container1_0 #bwg_container2_0 #spider_popup_overlay_0 {          background-color: #000000;          opacity: 0.70;          }          <\/style>        <div id=\"bwg_spider_popup_loading_0\" class=\"bwg_spider_popup_loading\"><\/div>        <div id=\"spider_popup_overlay_0\" class=\"spider_popup_overlay\" onclick=\"spider_destroypopup(1000)\"><\/div>        <input type=\"hidden\" id=\"bwg_random_seed_0\" value=\"1217072001\">                <\/div>    <\/div>    <script>      if (document.readyState === 'complete') {        if( typeof bwg_main_ready == 'function' ) {          if ( jQuery(\"#bwg_container1_0\").height() ) {            bwg_main_ready(jQuery(\"#bwg_container1_0\"));          }        }      } else {        document.addEventListener('DOMContentLoaded', function() {          if( typeof bwg_main_ready == 'function' ) {            if ( jQuery(\"#bwg_container1_0\").height() ) {             bwg_main_ready(jQuery(\"#bwg_container1_0\"));            }          }        });      }    <\/script>    \n","protected":false},"excerpt":{"rendered":"","protected":false},"author":1,"featured_media":0,"parent":0,"menu_order":0,"comment_status":"closed","ping_status":"open","template":"","meta":[],"_links":{"self":[{"href":"http:\/\/www.transmar-logistik.de\/web\/index.php?rest_route=\/wp\/v2\/pages\/2"}],"collection":[{"href":"http:\/\/www.transmar-logistik.de\/web\/index.php?rest_route=\/wp\/v2\/pages"}],"about":[{"href":"http:\/\/www.transmar-logistik.de\/web\/index.php?rest_route=\/wp\/v2\/types\/page"}],"author":[{"embeddable":true,"href":"http:\/\/www.transmar-logistik.de\/web\/index.php?rest_route=\/wp\/v2\/users\/1"}],"replies":[{"embeddable":true,"href":"http:\/\/www.transmar-logistik.de\/web\/index.php?rest_route=%2Fwp%2Fv2%2Fcomments&post=2"}],"version-history":[{"count":30,"href":"http:\/\/www.transmar-logistik.de\/web\/index.php?rest_route=\/wp\/v2\/pages\/2\/revisions"}],"predecessor-version":[{"id":709,"href":"http:\/\/www.transmar-logistik.de\/web\/index.php?rest_route=\/wp\/v2\/pages\/2\/revisions\/709"}],"wp:attachment":[{"href":"http:\/\/www.transmar-logistik.de\/web\/index.php?rest_route=%2Fwp%2Fv2%2Fmedia&parent=2"}],"curies":[{"name":"wp","href":"https:\/\/api.w.org\/{rel}","templated":true}]}}